{"id":133,"date":"2020-03-02T21:01:22","date_gmt":"2020-03-02T19:01:22","guid":{"rendered":"http:\/\/www2.matikaiset.fi\/wordpress\/?page_id=133"},"modified":"2026-04-19T15:24:07","modified_gmt":"2026-04-19T12:24:07","slug":"ajankohtaista","status":"publish","type":"page","link":"https:\/\/www.matikaiset.fi\/matikaiset\/?page_id=133","title":{"rendered":"Ajankohtaista"},"content":{"rendered":"\n<p>Kes\u00e4ll\u00e4 2027 viet\u00e4mme 20 vuotta meit\u00e4 yhteen koonneen sukuseuramme merkkivuotta. Kymmenes sukutapaaminen on Varsinais-Suomessa, siell\u00e4 miss\u00e4 oli ensimm\u00e4inen Naantalin sukukokouksemmekin vuonna 2008. Tarkempi tieto paikasta varmistuu kev\u00e4\u00e4ll\u00e4.<\/p>\n\n\n\n<p><\/p>\n\n\n\n<p><strong>Tervehdys parahimmat sukulaiset!<\/strong>&nbsp;<\/p>\n\n\n\n<p>Vietimme mukavaa sukukokousta viime viikonloppuna&nbsp;25-27.7.&nbsp;\u201dpes\u00e4paikassamme\u201d&nbsp;Uukuniemell\u00e4.<\/p>\n\n\n\n<p>Olemme saaneet vierailla yhdess\u00e4 Uukuniemell\u00e4 jo kolmannen kerran.&nbsp;Pitopaikka&nbsp;aiemmista tapaamisistamme oli muuttunut. Nyt kokoonnuimme Kummun entisess\u00e4 koulussa, jota kutsutaan nykyisin Kummunkorkea Kouluksi. Tila oli mukava. Kokoontumistilana oli kaksi yhdistetty\u00e4 luokkaa ja mahduimme sinne hyvin.&nbsp;Meit\u00e4 oli paikan p\u00e4\u00e4ll\u00e4 kuutisenkymment\u00e4. Suurin osa perjantaista sunnuntaihin. Osa piipahti paikalla p\u00e4iv\u00e4k\u00e4vij\u00f6in\u00e4.&nbsp;<\/p>\n\n\n\n<p>Perjantaina pidimme virallisen sukukokouksen. Hallituksen j\u00e4seni\u00e4 muuttui kaksi. Sukuseuramme hallitukseen valittiin uusina Sanna-Maria Nurmi ja varaj\u00e4seneksi Pertti Nurmi. Uudeksi puheenjohtajaksi valittiin Matti Matikainen. Mirja Vesalainen jatkaa taloudenhoitajana ja varapuheenjohtajana. Sihteerin\u00e4 jatkaa Sirpa Linna.&nbsp;Anneli ja Raija, suurkiitos panoksestanne sukuseuramme eteen. Anneli valittiin kunniapuheenjohtajaksi ja \u201dvanhemmaksi neuvonantajaksi\u201d ja Raija on luvannut jatkaa upeiden leikekirjojen kokoamista.&nbsp;Anneli l\u00e4hetti meille videotervehdyksens\u00e4 ja vastaavasti kokousv\u00e4ki l\u00e4hetti h\u00e4nelle videoidun kiitosviestin.&nbsp;KIITOS!&nbsp;&nbsp;<\/p>\n\n\n\n<p>Lauantaina vietimme messua Uukuniemen kirkossa kirkkoherra Raija Henttosen johdolla. Laskimme seppeleet niin lotille kuin sotaveteraaneille. Valokuvauksen j\u00e4lkeen siirryimme viereiseen Pit\u00e4j\u00e4tupaan kuuntelemaan&nbsp;Uukuniemi-seuran&nbsp;varapuheenjohtajan Jouni Suppolan&nbsp;ja sihteerin Riitta Katkon esitelmi\u00e4 Uukuniemen historiasta, nykyp\u00e4iv\u00e4st\u00e4 ja tulevaisuudesta. Osa meist\u00e4 vieraili my\u00f6s \u201dtervehtim\u00e4ss\u00e4\u201d menneit\u00e4 sukupolvia hautausmaalla.&nbsp;<\/p>\n\n\n\n<figure class=\"wp-block-image size-large is-resized\"><img loading=\"lazy\" decoding=\"async\" width=\"1024\" height=\"768\" src=\"https:\/\/www.matikaiset.fi\/matikaiset\/wp-content\/uploads\/2025\/08\/20250726_154334-1024x768.jpg\" alt=\"\" class=\"wp-image-1077\" style=\"width:322px;height:auto\" srcset=\"https:\/\/www.matikaiset.fi\/matikaiset\/wp-content\/uploads\/2025\/08\/20250726_154334-1024x768.jpg 1024w, https:\/\/www.matikaiset.fi\/matikaiset\/wp-content\/uploads\/2025\/08\/20250726_154334-300x225.jpg 300w, https:\/\/www.matikaiset.fi\/matikaiset\/wp-content\/uploads\/2025\/08\/20250726_154334-768x576.jpg 768w, https:\/\/www.matikaiset.fi\/matikaiset\/wp-content\/uploads\/2025\/08\/20250726_154334-100x75.jpg 100w, https:\/\/www.matikaiset.fi\/matikaiset\/wp-content\/uploads\/2025\/08\/20250726_154334-1536x1152.jpg 1536w, https:\/\/www.matikaiset.fi\/matikaiset\/wp-content\/uploads\/2025\/08\/20250726_154334-2048x1536.jpg 2048w\" sizes=\"auto, (max-width: 1024px) 100vw, 1024px\" \/><\/figure>\n\n\n\n<p>Uukuniemi-seuran vpj. Jouni Suppola kertoo nyky-Uukuniemest\u00e4 ja tulevaisuudesta<\/p>\n\n\n\n<p>Illalla meill\u00e4 oli mahtavat arpajaiset. Palkintoja oli runsaanlaisesti. Lis\u00e4ksi myimme 8 linnulle pes\u00e4paikkoja huutokaupalla. Niist\u00e4 kiitos Ahdille ja supliikkimies Mikolle hauskasta huutokaupan vet\u00e4misest\u00e4. Samalla Mikko tyhjensi herkulliset kalas\u00e4ilykkeetkin kotiin viet\u00e4viksi. Katselimme my\u00f6s kuvia&nbsp;ensimm\u00e4isest\u00e4&nbsp;tapaamisestamme Naantaliin ja Uukuniemelle. N\u00e4ytti sille, ett\u00e4 osa meist\u00e4 oli hieman muuttunut niist\u00e4 ajoista ja osa poistunut joukostamme.&nbsp;Lauantai-illan perinteiset savumuikut tarjosi Terho. Ne oli valmistanut Terhon kaverina Mikko. Kiitos heillekin!&nbsp;Sunnuntaina teimme retken suvun aikaisemmille asunnoille. Jokainen ajeli niihin omin kyydein. Kierros oli nostalginen.<\/p>\n\n\n\n<p>Ruokailusta kerrotaan viel\u00e4, ett\u00e4 s\u00f6imme aamupalat Pit\u00e4j\u00e4kahvila Evakkotaipaleessa. Muusta ruokailusta huolehti El\u00e4m\u00e4npolku\/Pirjo Koffert. Ruokaa oli riitt\u00e4v\u00e4sti ja se oli todella maittavaa. L\u00e4mp\u00f6\u00e4 oli riitt\u00e4v\u00e4sti. Lauantaina sis\u00e4tiloissa oli + 31,2&nbsp;&nbsp;<img loading=\"lazy\" decoding=\"async\" width=\"33\" height=\"33\" src=\"blob:https:\/\/www.matikaiset.fi\/b99cbd5c-8f98-4e0f-8dcc-fd04fb270417\" alt=\"\ud83d\ude0a\"><\/p>\n\n\n\n<p><strong>Matti<\/strong>&nbsp;<\/p>\n\n\n\n<p><\/p>\n\n\n\n<p><\/p>\n\n\n\n<p><strong>Tervetuloa Uukuniemelle kes\u00e4ll\u00e4 25.7.-27.7.2025 !<\/strong><\/p>\n\n\n\n<p>Sukukokoukset ovat koonneet meid\u00e4t 9 kertaa koolle; Lounais-Suomeen, Savoon, Pohjanmaalle ja nyt on toiveissa p\u00e4\u00e4st\u00e4 jo 3. kerran sukumme syntysijoille Uukuniemelle.<\/p>\n\n\n\n<figure class=\"wp-block-image size-full is-resized\"><img loading=\"lazy\" decoding=\"async\" width=\"359\" height=\"479\" src=\"https:\/\/www.matikaiset.fi\/matikaiset\/wp-content\/uploads\/2024\/05\/image.png\" alt=\"\" class=\"wp-image-878\" style=\"width:300px;height:auto\" srcset=\"https:\/\/www.matikaiset.fi\/matikaiset\/wp-content\/uploads\/2024\/05\/image.png 359w, https:\/\/www.matikaiset.fi\/matikaiset\/wp-content\/uploads\/2024\/05\/image-225x300.png 225w\" sizes=\"auto, (max-width: 359px) 100vw, 359px\" \/><\/figure>\n\n\n\n<p>                 <em>Ilta Pyh\u00e4j\u00e4rvell\u00e4<\/em><\/p>\n\n\n\n<p>Ohjelmana on perinteinen kiertoajelu omilla autoilla suvun asuinpaikoille, jumalanpalvelus Uukuniemen kirkossa ja seppeleen lasku sankarivainajien ja lottien muistomerkille. <\/p>\n\n\n\n<figure class=\"wp-block-image size-full is-resized\"><img loading=\"lazy\" decoding=\"async\" width=\"1024\" height=\"768\" src=\"https:\/\/www.matikaiset.fi\/matikaiset\/wp-content\/uploads\/2025\/04\/image-4.png\" alt=\"\" class=\"wp-image-1007\" style=\"width:307px;height:auto\" srcset=\"https:\/\/www.matikaiset.fi\/matikaiset\/wp-content\/uploads\/2025\/04\/image-4.png 1024w, https:\/\/www.matikaiset.fi\/matikaiset\/wp-content\/uploads\/2025\/04\/image-4-300x225.png 300w, https:\/\/www.matikaiset.fi\/matikaiset\/wp-content\/uploads\/2025\/04\/image-4-768x576.png 768w\" sizes=\"auto, (max-width: 1024px) 100vw, 1024px\" \/><\/figure>\n\n\n\n<p>Kirkon viereisess\u00e4 Pit\u00e4j\u00e4ntuvassa  Uukuniemi-seuran vpj. Jouni Suppola ja sihteeri Riitta Katko kertovat nyky-Uukuniemest\u00e4. K\u00e4ymme Paakasalmen hautausmaalla. Iltaisin on seurustelua ja iltapalaa; hyv\u00e4n\u00e4 lis\u00e4n\u00e4 Terhon savustetut muikut sek\u00e4 arpajaiset.<\/p>\n\n\n\n<figure class=\"wp-block-image size-full is-resized\"><img loading=\"lazy\" decoding=\"async\" width=\"427\" height=\"316\" src=\"https:\/\/www.matikaiset.fi\/matikaiset\/wp-content\/uploads\/2025\/04\/image-2.png\" alt=\"\" class=\"wp-image-941\" style=\"width:305px;height:auto\" srcset=\"https:\/\/www.matikaiset.fi\/matikaiset\/wp-content\/uploads\/2025\/04\/image-2.png 427w, https:\/\/www.matikaiset.fi\/matikaiset\/wp-content\/uploads\/2025\/04\/image-2-300x222.png 300w\" sizes=\"auto, (max-width: 427px) 100vw, 427px\" \/><\/figure>\n\n\n\n<p>Sukukokouspaikkamme on <strong>Kummunkorkea Koulu<\/strong>, Koulutie 19, 59710 Parikkala.&nbsp; Entisess\u00e4 Kummun alakoulussa kaksi luokkahuonetta on yhdistetty yhdeksi juhlatilaksi, mink\u00e4 lis\u00e4ksi siell\u00e4 on toimiva keitti\u00f6. Viihtyis\u00e4 paikka!<\/p>\n\n\n\n<figure class=\"wp-block-image size-full\"><img loading=\"lazy\" decoding=\"async\" width=\"302\" height=\"226\" src=\"https:\/\/www.matikaiset.fi\/matikaiset\/wp-content\/uploads\/2025\/04\/image-1.png\" alt=\"\" class=\"wp-image-937\" srcset=\"https:\/\/www.matikaiset.fi\/matikaiset\/wp-content\/uploads\/2025\/04\/image-1.png 302w, https:\/\/www.matikaiset.fi\/matikaiset\/wp-content\/uploads\/2025\/04\/image-1-300x225.png 300w\" sizes=\"auto, (max-width: 302px) 100vw, 302px\" \/><\/figure>\n\n\n\n<p>Majoitukseksi Mirja Vesalainen on varannut meille seuraavat paikat, joten <strong>soita<\/strong> h\u00e4nelle puh. 0400 372079 <strong>Hostel Niukkala<\/strong>, Niukkalantie 1460 (16 hengelle) ja vieress\u00e4 olevat <strong>rivitalohuoneistot<\/strong> 3 kpl (10 hengelle)<\/p>\n\n\n\n<p><strong><em>Voit varata my\u00f6s n\u00e4ist\u00e4 itse majoituksen:<\/em><\/strong>                                                                                                 <strong>Uukuniemen lomakeskus<\/strong>, Uukuniementie 1197, 59730 Uukuniemi, puh. 040 1705115. <a href=\"mailto:uukuniemenlomakeskus@gmail.com\">uukuniemenlomakeskus@gmail.com<\/a> Aittala 30 e\/hl\u00f6\/vrk, v\u00e4litalo 5 henk. 80 e\/hl\u00f6\/vrk ja m\u00f6kit 40 e\/hl\u00f6\/vrk tai 200 e\/viikko. Matkailuvaunu 15e\/vrk.                                                                                  <strong>Papinniemi Camping<\/strong>, Papinniementie 178, 59730 Uukuniemi, puh. 040 7369852 (ei ehk\u00e4 en\u00e4\u00e4 tilaa, voi toki kysell\u00e4)<\/p>\n\n\n\n<p>Pitopalvelu hoitaa ruokailumme Kummunkorkea Koululla. Aamiaiset nautitaan Hostellin vieress\u00e4 sijaitsevassa kahvila <strong>Evakkotaipaleessa<\/strong>. My\u00f6s osaosallistuminen onnistuu. <em>Lapset:<\/em> alle 4 vuotta ilmaiseksi ja 4-10 vuotiaat puoleen hintaan. <strong>Ilmoita<\/strong> osallistumisestasi ruokailuun (my\u00f6s dieetit) Mirja Vesalaiselle puh. 0400 372079. <strong>Ruokailu 3 pv 105 e <\/strong>maksetaan seuran tilille FI60 5319 8320 0219 40. <strong>Huomio!<\/strong> <strong>Lis\u00e4\u00e4<\/strong> <strong>viitenumero<\/strong> <strong>1151.<\/strong><\/p>\n\n\n\n<p>Uukuniemen Matikaiset -sukuseura ry:n j\u00e4senmaksutili on FI60 5319 8320 0219 40 ja viitenumero 1151 (lis\u00e4\u00e4 tarvittaessa BIC OKOYFIHH). J\u00e4senmaksu on 20 e, j\u00e4senmaksun maksamalla saat <em>j\u00e4senetuja sukukokouskuluissa <\/em>ja Matikaissanomat-sukulehden.<\/p>\n\n\n\n<p>O H J E L M A<\/p>\n\n\n\n<p><strong>pe 25.7.<\/strong><\/p>\n\n\n\n<ul class=\"wp-block-list\">\n<li>alk. klo 12&nbsp;tervetulokahvit + suolainen pala<\/li>\n<\/ul>\n\n\n\n<ul class=\"wp-block-list\">\n<li>klo 17 p\u00e4iv\u00e4llinen<\/li>\n<\/ul>\n\n\n\n<ul class=\"wp-block-list\">\n<li>klo 19&nbsp;varsinainen sukukokous<\/li>\n<\/ul>\n\n\n\n<ul class=\"wp-block-list\">\n<li>klo 20.30 iltapala ja yhteist\u00e4 ohjelmaa<\/li>\n<\/ul>\n\n\n\n<p><strong>la 26.7.<\/strong><\/p>\n\n\n\n<ul class=\"wp-block-list\">\n<li>klo 8.00&nbsp;aamupala (Evakkotaival)&nbsp;&nbsp;&nbsp;&nbsp;&nbsp;&nbsp;&nbsp;&nbsp;&nbsp;&nbsp;&nbsp;&nbsp;<\/li>\n<\/ul>\n\n\n\n<ul class=\"wp-block-list\">\n<li>klo 10&nbsp;yhteist\u00e4 ohjelmaa korkeakoulussa<\/li>\n<\/ul>\n\n\n\n<ul class=\"wp-block-list\">\n<li>klo 12&nbsp;lounas<\/li>\n<\/ul>\n\n\n\n<ul class=\"wp-block-list\">\n<li>klo 14 -14.45 messu Uukuniemen kirkossa<\/li>\n<\/ul>\n\n\n\n<p>-seppeleenlasku veteraanien ja lottien muistomerkeille<\/p>\n\n\n\n<p>-ryhm\u00e4kuva kirkon portailla&nbsp;&nbsp;&nbsp;&nbsp;&nbsp;&nbsp;&nbsp;<\/p>\n\n\n\n<p>-Uukuniemi-seminaari kirkon vieress\u00e4 olevalla Uukuniemen Pit\u00e4j\u00e4ntuvalla. Puhujina Uukuniemi-seuran vpj. Jouni Suppola ja sihteeri&nbsp;Riitta Katko<\/p>\n\n\n\n<ul class=\"wp-block-list\">\n<li>Kahvit<\/li>\n<\/ul>\n\n\n\n<ul class=\"wp-block-list\">\n<li>klo 18&nbsp;p\u00e4iv\u00e4llinen&nbsp;&nbsp;&nbsp;&nbsp;&nbsp;<\/li>\n<\/ul>\n\n\n\n<ul class=\"wp-block-list\">\n<li>kevyt iltapala muikkuineen, arpajaiset ja yhteist\u00e4 ohjelmaa<\/li>\n<\/ul>\n\n\n\n<p><strong>su 27.7<\/strong>  &nbsp; <\/p>\n\n\n\n<ul class=\"wp-block-list\">\n<li>klo 8.00&nbsp;aamupala (Evakkotaival)<\/li>\n<\/ul>\n\n\n\n<ul class=\"wp-block-list\">\n<li>Retki omilla autoilla suvun vanhoille asuinpaikoille<\/li>\n<\/ul>\n\n\n\n<ul class=\"wp-block-list\">\n<li>klo 12.30&nbsp;juhlalounas (karjalainen pitop\u00f6yt\u00e4) korkeakoululla<\/li>\n<\/ul>\n\n\n\n<p>&nbsp;&nbsp;&nbsp;&nbsp;&nbsp;&nbsp;&nbsp;&nbsp;&nbsp;&nbsp;&nbsp;<strong><em>&nbsp;&nbsp;&nbsp;&nbsp;&nbsp;&nbsp;&nbsp;HYV\u00c4\u00c4 KOTIMATKAA !<\/em><\/strong><\/p>\n\n\n\n<ul class=\"wp-block-list\">\n<li>Uuden hallituksen j\u00e4rjest\u00e4ytymiskokous<\/li>\n<\/ul>\n\n\n\n<p>*Muistathan tuoda arpoja! Saadaan taas j\u00e4nnitt\u00e4v\u00e4t arpajaiset.   <\/p>\n\n\n\n<p>*Seppo R\u00e4is\u00e4l\u00e4lt\u00e4 on tilattu myyt\u00e4v\u00e4ksi kalas\u00e4ilykkeit\u00e4.&nbsp;&nbsp;&nbsp;&nbsp;&nbsp;&nbsp;&nbsp;&nbsp;&nbsp;&nbsp;&nbsp;&nbsp;&nbsp;&nbsp;&nbsp;&nbsp;&nbsp;&nbsp;&nbsp;<\/p>\n\n\n\n<p>Ota yhteytt\u00e4:&nbsp;<em>Vpj. Mirja Vesalainen,&nbsp;<\/em>GSM 0400 372079, email:&nbsp;<a href=\"mailto:mirja.dosentti@gmail.com\" target=\"_blank\" rel=\"noreferrer noopener\">mirja.dosentti@gmail.com<\/a>&nbsp;<\/p>\n\n\n\n<p>Terveisin Sirpa Linna, sihteeri<\/p>\n\n\n\n<p><\/p>\n\n\n\n<figure class=\"wp-block-image size-large is-resized\"><img loading=\"lazy\" decoding=\"async\" width=\"1024\" height=\"718\" src=\"https:\/\/www.matikaiset.fi\/matikaiset\/wp-content\/uploads\/2025\/01\/20250105_1509362-1-1024x718.jpg\" alt=\"\" class=\"wp-image-920\" style=\"width:420px;height:auto\" srcset=\"https:\/\/www.matikaiset.fi\/matikaiset\/wp-content\/uploads\/2025\/01\/20250105_1509362-1-1024x718.jpg 1024w, https:\/\/www.matikaiset.fi\/matikaiset\/wp-content\/uploads\/2025\/01\/20250105_1509362-1-300x210.jpg 300w, https:\/\/www.matikaiset.fi\/matikaiset\/wp-content\/uploads\/2025\/01\/20250105_1509362-1-768x539.jpg 768w, https:\/\/www.matikaiset.fi\/matikaiset\/wp-content\/uploads\/2025\/01\/20250105_1509362-1-1536x1077.jpg 1536w, https:\/\/www.matikaiset.fi\/matikaiset\/wp-content\/uploads\/2025\/01\/20250105_1509362-1-2048x1436.jpg 2048w\" sizes=\"auto, (max-width: 1024px) 100vw, 1024px\" \/><\/figure>\n\n\n\n<p><strong>MATIKAISSANOMAT NRO 13.<\/strong>&nbsp;Matti Matikaisen toimittamassa lehdess\u00e4 on suvun uusimmat kuulumiset ja juttuja suvun j\u00e4senist\u00e4:&nbsp; <strong>* P\u00e4\u00e4toimittajan palsta *&nbsp;Puheenjohtajan porinat&nbsp;*&nbsp;Taloudenhoitajan turinat&nbsp;* Seuran tuotteita&nbsp;* Maanviljelij\u00e4st\u00e4 maailmanmatkaajaksi * Uukuniemen kirkko ennen ja nyt * Joutsenlampi ennen ja nyt&nbsp;* Suvussa tapahtui * Kapusta * Hallitus Pirkolla * Harrastuksena maalaus * Tietoa ja uutisia Uukuniemelt\u00e4 *  T\u00e4yskymppej\u00e4 ja puolikkaita *&nbsp;Syntt\u00e4risankareita ja muita Kuvatervehdyksi\u00e4&nbsp;* Sukutapaaminen 2025 Uukuniemell\u00e4. <\/strong> Lehti l\u00e4hetet\u00e4\u00e4n j\u00e4senetuna vuoden 2024 j\u00e4senmaksun maksaneille.<\/p>\n\n\n\n<p><strong><em>Tilaa:<\/em><\/strong>&nbsp;MATIKAISSANOMAT itsellesi tai sukulaisillesi. Maksa lehti 9 e sukuseuran tilille FI 6053 1983 2002 1940 ja viitenumero 1151. Laita mukaan my\u00f6s maksaja ja lehden saaja. Tilaukset: sihteeri Sirpa Linna, puh: 040 720 7818, e-mail sirpa.linna@gmail.com<\/p>\n\n\n\n<p><em>*<strong>Matti Matikainen<\/strong>&nbsp;Matikaissanomien toimituksesta toivoo, ett\u00e4 l\u00e4het\u00e4tte h\u00e4nelle&nbsp;kuvia ja juttuja sek\u00e4 ilmoituksia merkkip\u00e4iv\u00e4st\u00e4 tai&nbsp;kuva+merkkip\u00e4iv\u00e4ilmoitus&nbsp;<strong>Matikaissanomien<\/strong>&nbsp;toimitukseen:&nbsp;Matti Matikainen&nbsp;os. Liinakonkatu 23, 53500 Lappeenranta,&nbsp;GSM 040 7231551, e-mail: mattimatikainen@hotmail.com<\/em><\/p>\n\n\n\n<p><em>*<strong>Raija Paavola<\/strong>, sukuseuran&nbsp;<strong>leikekirjan&nbsp;<\/strong>pit\u00e4j\u00e4 toivoo teilt\u00e4 merkkip\u00e4iv\u00e4kuvia, sukukokouskuvia ja lehtijuttuja suvusta (mieluusti s\u00e4hk\u00f6isesti), e-mail:&nbsp;<a href=\"mailto:raija.paavola@hotmail.com\" target=\"_blank\" rel=\"noreferrer noopener\">raija.paavola@hotmail.com<\/a>.&nbsp;Kiitos!<\/em><\/p>\n\n\n\n<p><em>*<strong>Pirkko Matikainen<\/strong>, sukututkijamme, toivoo teid\u00e4n laittavan h\u00e4nelle sukukirjan <strong>p\u00e4ivityksi\u00e4<\/strong>; syntym\u00e4t, ripillep\u00e4\u00e4syt, valmistuneet, avioituneet ja edesmenneet. Email: matikainen.pirkko@gmail.com<\/em><\/p>\n\n\n\n<p>Uukuniemen Matikaisilla, P\u00f6ll\u00e4sill\u00e4, Ahokkailla ja Uimosilla on Mirja Vesalaisen yll\u00e4pit\u00e4m\u00e4 suljettu&nbsp;<em><strong>facebook-ryhm\u00e4<\/strong>&nbsp;<\/em><a href=\"https:\/\/www.facebook.com\/#\/groups\/200624579999707\/\">https:\/\/www.facebook.com\/#\/groups\/200624579999707\/<\/a>.<\/p>\n\n\n\n<p>Matikaisten sukuseurasta l\u00f6ytyy juttuja my\u00f6s sivuilla&nbsp;<a href=\"http:\/\/www.uukuniemi.info\/\">www.uukuniemi.info<\/a>. Klikkaa ensin&nbsp;<a href=\"http:\/\/www.uukuniemi.info\/\">www.uukuniemi.info<\/a>&nbsp;-sivulta ylh\u00e4\u00e4lt\u00e4 otsikko<em>&nbsp;<strong>&#8221;Artikkelit&#8221;<\/strong><\/em>, jonka j\u00e4lkeen valitse aukeavan sivun reunassa olevasta&nbsp;<em><strong>&#8221;Arkistot&#8221;<\/strong><\/em>-ruudusta artikkelin julkaisuajankohta: 1. Uukuniemen Matikaiset -sukuseuran tapaaminen kes\u00e4ll\u00e4 Uukuniemell\u00e4, 15.2.2010. 2. Uukuniemen Matikaiset juurillaan, 29.8.2010. 3. Uukuniemen Matikaiset -kirja julkaistu, 18.12. 2012.                                                                         <a href=\"http:\/\/www.kuule.srk.fi\">www.kuule.srk.fi<\/a> osoitteesta on mahdollisuus kuunnella (14 pv ilmaiseksi) <strong><em>Liisa Leinosen <\/em>kirja <\/strong><a href=\"http:\/\/www.\"><strong>www.\u201dett\u00e4\u00e4lle<\/strong><\/a><strong> omasta koista\u201d.fi <\/strong>&#8211; ja <strong><em>Pauli Matikaisen<\/em> kirjoja<\/strong><em>.<\/em>&nbsp;&nbsp;&nbsp;&nbsp;&nbsp;&nbsp;&nbsp;&nbsp;&nbsp;&nbsp;&nbsp;&nbsp;&nbsp;&nbsp;&nbsp;&nbsp;&nbsp;&nbsp;&nbsp;&nbsp;&nbsp;&nbsp;&nbsp;&nbsp;&nbsp;&nbsp;&nbsp;&nbsp;&nbsp;&nbsp;&nbsp;&nbsp;&nbsp;&nbsp;&nbsp;&nbsp;&nbsp;&nbsp;&nbsp;&nbsp;&nbsp;&nbsp;&nbsp;&nbsp;&nbsp;&nbsp;&nbsp;&nbsp;&nbsp;&nbsp;&nbsp;&nbsp;&nbsp;&nbsp;&nbsp;&nbsp;&nbsp;&nbsp;&nbsp;&nbsp;&nbsp;&nbsp;&nbsp;&nbsp;&nbsp;&nbsp;&nbsp;&nbsp;&nbsp;&nbsp;&nbsp;&nbsp;&nbsp;&nbsp;&nbsp;&nbsp;&nbsp;&nbsp;&nbsp;&nbsp;&nbsp;&nbsp;&nbsp;&nbsp;&nbsp;&nbsp;&nbsp;&nbsp;&nbsp;&nbsp;&nbsp;&nbsp;&nbsp;&nbsp;&nbsp;&nbsp;&nbsp;&nbsp;&nbsp;&nbsp;&nbsp;&nbsp;&nbsp;&nbsp;&nbsp;&nbsp;<\/p>\n\n\n\n<p><\/p>\n\n\n\n<p><strong>SUKULOGOTUOTTEET<\/strong><\/p>\n\n\n\n<p><strong>Tervetuloa kaupoille<\/strong>. <em>Tilaa postitse l\u00e4hetett\u00e4vin\u00e4 tai tee tilaukset Mirjalle ja saat ne Uukuniemen sukukokouksessa<\/em> 2025<\/p>\n\n\n\n<figure class=\"wp-block-image size-full is-resized\"><img loading=\"lazy\" decoding=\"async\" width=\"642\" height=\"768\" src=\"https:\/\/www.matikaiset.fi\/matikaiset\/wp-content\/uploads\/2023\/05\/R-Varjoon-Suojaan-3.jpg\" alt=\"\" class=\"wp-image-675\" style=\"width:368px;height:440px\" srcset=\"https:\/\/www.matikaiset.fi\/matikaiset\/wp-content\/uploads\/2023\/05\/R-Varjoon-Suojaan-3.jpg 642w, https:\/\/www.matikaiset.fi\/matikaiset\/wp-content\/uploads\/2023\/05\/R-Varjoon-Suojaan-3-251x300.jpg 251w\" sizes=\"auto, (max-width: 642px) 100vw, 642px\" \/><\/figure>\n\n\n\n<figure class=\"wp-block-image size-full is-resized\"><img loading=\"lazy\" decoding=\"async\" width=\"768\" height=\"1024\" src=\"https:\/\/www.matikaiset.fi\/matikaiset\/wp-content\/uploads\/2023\/06\/image.png\" alt=\"\" class=\"wp-image-709\" style=\"width:160px;height:214px\" srcset=\"https:\/\/www.matikaiset.fi\/matikaiset\/wp-content\/uploads\/2023\/06\/image.png 768w, https:\/\/www.matikaiset.fi\/matikaiset\/wp-content\/uploads\/2023\/06\/image-225x300.png 225w\" sizes=\"auto, (max-width: 768px) 100vw, 768px\" \/><\/figure>\n\n\n\n<p><strong><em>Sukuseuran sateenvarjo<\/em><\/strong> ei hukkaannu huomaamatta! Kokoontaitettavassa sateenvarjossa ja sen suojuksessa on sukutunnuslogo. V\u00e4rein\u00e4 ovat taivaansininen, hinta 13 e ja musta, hinta 15 e. Tee tilaus Mirja Vesalaiselle,&nbsp;puh. 0400 372 079, e-mail: <a href=\"mailto:mirja.dosentti@gmail.\">mirja.dosentti@gmail.<\/a><a href=\"mailto:mirja.dosentti@gmail.com\" target=\"_blank\" rel=\"noreferrer noopener\">com<\/a>&nbsp;<\/p>\n\n\n\n<figure class=\"wp-block-image size-full\"><img loading=\"lazy\" decoding=\"async\" width=\"363\" height=\"307\" src=\"https:\/\/www.matikaiset.fi\/matikaiset\/wp-content\/uploads\/2023\/04\/image.png\" alt=\"\" class=\"wp-image-639\" srcset=\"https:\/\/www.matikaiset.fi\/matikaiset\/wp-content\/uploads\/2023\/04\/image.png 363w, https:\/\/www.matikaiset.fi\/matikaiset\/wp-content\/uploads\/2023\/04\/image-300x254.png 300w\" sizes=\"auto, (max-width: 363px) 100vw, 363px\" \/><\/figure>\n\n\n\n<p><strong>S<em>ukuseuran<\/em><\/strong><em>&nbsp;<strong>muki<\/strong><\/em>. Konepesun kest\u00e4v\u00e4ss\u00e4 valkoisessa keraamisessa mukissa on Uukuniemen kartta ja sukutunnus. Mukin hinta on 12 e&nbsp;(<em>+<\/em> postituskulut). Tee mukitilaukset Mirja Vesalaiselle,&nbsp;puh. 0400 372 079, e-mail:&nbsp;<a href=\"mailto:mirja.dosentti@gmail.com\" target=\"_blank\" rel=\"noreferrer noopener\">mirja.dosentti@gmail.com<\/a>.&nbsp;&nbsp;<\/p>\n\n\n\n<figure class=\"wp-block-image size-full\"><img loading=\"lazy\" decoding=\"async\" width=\"199\" height=\"170\" src=\"https:\/\/www.matikaiset.fi\/matikaiset\/wp-content\/uploads\/2023\/04\/image-1.png\" alt=\"\" class=\"wp-image-641\"\/><\/figure>\n\n\n\n<p>Sukuseuran <strong><em>V-kaula-aukkoisessa<\/em><\/strong><em> paidassa<\/em> ovat v\u00e4rein\u00e4 valkoinen, musta, vaalean harmaa, vaalean punainen, vaalea pinkki, fuksianpunainen, syv\u00e4n sininen, lila ja vihre\u00e4 (perusmalli ja naisten malli). T-paidassa on tyylik\u00e4s&nbsp;sukutunnuspainatus&nbsp; Hinta 10 e-15 e riippuen paidasta + postituskulut.&nbsp;&nbsp; &nbsp;<\/p>\n\n\n\n<figure class=\"wp-block-image size-full\"><img loading=\"lazy\" decoding=\"async\" width=\"70\" height=\"74\" src=\"https:\/\/www.matikaiset.fi\/matikaiset\/wp-content\/uploads\/2023\/04\/image-3.png\" alt=\"\" class=\"wp-image-643\"\/><\/figure>\n\n\n\n<p><em>Valkoista<\/em>&nbsp;tai&nbsp;<em>mustaa<\/em>&nbsp;sukuseuran&nbsp;<strong><em>O-kaula-aukkoista<\/em><\/strong><em>&nbsp;<strong>T-paitaa<\/strong>&nbsp;<\/em>on lyhyt- tai pitk\u00e4hihaisena, malli on reilunkokoinen. Kysy my\u00f6s muita v\u00e4rej\u00e4.&nbsp;<em>Aikuisten<\/em>&nbsp;koot ovat S, M, L, XL-XXXXXL.&nbsp;<em>Lasten<\/em>&nbsp;paidat alkavat 90 cm koosta eteenp\u00e4in.&nbsp;<em>Lyhythihainen<\/em>&nbsp;T-paita maksaa 15 e,&nbsp;<em>pitk\u00e4hihaisena<\/em>&nbsp;17,50 e. Ilmoita tilaamiesi T-paitojen v\u00e4ri ja koko Mirja Vesalaiselle.&nbsp;                                                                                                               Mirjalta&nbsp;voit tilata my\u00f6s mustan yhdenkoon&nbsp;<strong><em>sukutunnuslippiksen<\/em>&nbsp;<\/strong>hintaan 15 e. Mirja Vesalainen, puh. 0400 372 079, e-mail:&nbsp;<a href=\"mailto:mirja.dosentti@gmail.com\" target=\"_blank\" rel=\"noreferrer noopener\">mirja.dosentti@gmail.com<\/a>&nbsp;&nbsp;<\/p>\n\n\n\n<figure class=\"wp-block-image size-full\"><img loading=\"lazy\" decoding=\"async\" width=\"165\" height=\"232\" src=\"https:\/\/www.matikaiset.fi\/matikaiset\/wp-content\/uploads\/2023\/04\/image-7.png\" alt=\"\" class=\"wp-image-647\"\/><\/figure>\n\n\n\n<figure class=\"wp-block-image size-full is-resized\"><img loading=\"lazy\" decoding=\"async\" width=\"235\" height=\"164\" src=\"https:\/\/www.matikaiset.fi\/matikaiset\/wp-content\/uploads\/2023\/04\/image-8.png\" alt=\"\" class=\"wp-image-648\" style=\"width:242px;height:auto\"\/><\/figure>\n\n\n\n<figure class=\"wp-block-image size-full is-resized\"><img loading=\"lazy\" decoding=\"async\" width=\"37\" height=\"37\" src=\"https:\/\/www.matikaiset.fi\/matikaiset\/wp-content\/uploads\/2023\/04\/image-10.png\" alt=\"\" class=\"wp-image-650\" style=\"width:40px;height:40px\"\/><\/figure>\n\n\n\n<p><strong><em>Leikattava sukulogotarra-arkki<\/em><\/strong> on kangaspintaista valokuvapaperia. Laita sukuseuran tunnus&nbsp;korttiin, kirjeeseen&nbsp;tai puhelimen kuoreen, kangaspintaan ym. Nelj\u00e4&nbsp;kokoa: <strong><em>Pieni logo<\/em><\/strong><em>: 80 logon A4 kokoarkki<\/em>&nbsp;6 e, <em>40 logon puoliarkki<\/em>&nbsp;3 e, <em>20 logon \u00bc osa-arkki<\/em>&nbsp;1,50 e ja <strong><em>40 ison logon A4 kokoarkki 5 e<\/em><\/strong> (+ postituskulut).&nbsp;Tilaa arkkeja Mirja Vesalaiselta,&nbsp;puh. 0400 372 079, e-mail:&nbsp;<a href=\"mailto:mirja.dosentti@gmail.com\" target=\"_blank\" rel=\"noreferrer noopener\">mirja.dosentti@gmail.com<\/a><\/p>\n\n\n\n<figure class=\"wp-block-image size-full\"><img loading=\"lazy\" decoding=\"async\" width=\"99\" height=\"133\" src=\"https:\/\/www.matikaiset.fi\/matikaiset\/wp-content\/uploads\/2023\/04\/image-5.png\" alt=\"\" class=\"wp-image-645\"\/><\/figure>\n\n\n\n<p><strong><em>Suvun<\/em><\/strong><em>&nbsp;<strong>standaari<\/strong><\/em>&nbsp;syntym\u00e4- ym. merkkip\u00e4iv\u00e4lahjaksi (50 e + postikulut). Tee tilaus Matti Matikaiselle, e-mail: <a href=\"mailto:mattimatikainen@hotmail.com\" target=\"_blank\" rel=\"noreferrer noopener\">mattimatikainen@hotmail.com<\/a> Matilta saa tilata my\u00f6s sukuseuran omia&nbsp;<strong><em>postikortteja<\/em><\/strong>&nbsp;1 e\/kpl.&nbsp;<\/p>\n\n\n\n<figure class=\"wp-block-image size-full\"><img loading=\"lazy\" decoding=\"async\" width=\"90\" height=\"97\" src=\"https:\/\/www.matikaiset.fi\/matikaiset\/wp-content\/uploads\/2023\/04\/image-6.png\" alt=\"\" class=\"wp-image-646\"\/><\/figure>\n\n\n\n<p><strong><em>Uukuniemen Matikaiset -sukukirjassa<\/em><\/strong>&nbsp;on suvun ja Uukuniemen historiaa ja tarinoita. Tilaa valmistujais- tai syntym\u00e4p\u00e4iv\u00e4lahjaksi Pirkko Matikaiselta, e-mail:&nbsp;<a href=\"mailto:matikainen.pirkko@gmail.com\" target=\"_blank\" rel=\"noreferrer noopener\">matikainen.pirkko@gmail.com<\/a>, puh. 0400 774&nbsp;103&nbsp;(vain viestej\u00e4 huonon kuulon takia). Kirja on 720-sivuinen, runsas kuvitus. Hinta 70 e.<\/p>\n\n\n\n<p><\/p>\n\n\n\n<p><em><strong>Reisj\u00e4rven sukukokous 11.\u201313.8.2023<\/strong><\/em><\/p>\n\n\n\n<figure class=\"wp-block-image size-large is-resized\"><img loading=\"lazy\" decoding=\"async\" width=\"1024\" height=\"491\" src=\"https:\/\/www.matikaiset.fi\/matikaiset\/wp-content\/uploads\/2023\/08\/20230811_150734-1024x491.jpg\" alt=\"\" class=\"wp-image-740\" style=\"width:392px;height:188px\" srcset=\"https:\/\/www.matikaiset.fi\/matikaiset\/wp-content\/uploads\/2023\/08\/20230811_150734-1024x491.jpg 1024w, https:\/\/www.matikaiset.fi\/matikaiset\/wp-content\/uploads\/2023\/08\/20230811_150734-300x144.jpg 300w, https:\/\/www.matikaiset.fi\/matikaiset\/wp-content\/uploads\/2023\/08\/20230811_150734-768x368.jpg 768w, https:\/\/www.matikaiset.fi\/matikaiset\/wp-content\/uploads\/2023\/08\/20230811_150734-1536x737.jpg 1536w, https:\/\/www.matikaiset.fi\/matikaiset\/wp-content\/uploads\/2023\/08\/20230811_150734-2048x982.jpg 2048w\" sizes=\"auto, (max-width: 1024px) 100vw, 1024px\" \/><\/figure>\n\n\n\n<p>Sukuseuramme kokoontui Reisj\u00e4rven kristillisell\u00e4 kansanopistolla kolmen aurinkoisen kes\u00e4p\u00e4iv\u00e4n ajan liki nelj\u00e4nkymmenen osallistujan kesken. <\/p>\n\n\n\n<p>Seuraava 9. sukutapaaminen ja varsinainen sukukokous p\u00e4\u00e4tettiin j\u00e4rjest\u00e4\u00e4 25.7-27.7.2025 suvun syntysijoilla Uukuniemell\u00e4. J\u00e4senmaksu 20 e pysyy ennallaan. J\u00e4senmaksulla pyrit\u00e4\u00e4n tukemaan erityisesti lapsien ja nuorten sukukokoukseen osallistumista. Hallituksen j\u00e4seniksi valittiin edelleen Anneli Minks, Mirja Vesalainen, Matti Matikainen ja Sinikka Kuivalainen. Uudeksi j\u00e4seneksi valittiin Arja J\u00e4\u00e4skel\u00e4inen. Varaj\u00e4seniksi valittiin Anneli Valkeap\u00e4\u00e4 ja uutena varaj\u00e4senen\u00e4 Raija Paavola. <\/p>\n\n\n\n<p>T. Sirpa Linna, sihteeri<\/p>\n\n\n\n<p><\/p>\n\n\n\n<p><em><strong>Reisj\u00e4rven sukukokous 11.\u201313.8.2023<\/strong><\/em><\/p>\n\n\n\n<figure class=\"wp-block-image size-full is-resized\"><img decoding=\"async\" src=\"https:\/\/www.matikaiset.fi\/matikaiset\/wp-content\/uploads\/2023\/04\/image-13.png\" alt=\"\" class=\"wp-image-661\" style=\"width:32px;height:41px\"\/><\/figure>\n\n\n\n<p>Sukuseuramme 8. sukukokous pidet\u00e4\u00e4n tulevana kes\u00e4n\u00e4 <strong>Reisj\u00e4rven kristillisell\u00e4 kansanopistolla 11.\u201313.8.2023.<\/strong> Kokoontumisemme hoidetaan ns. lyhyt-kurssina. Majoituksemme on opiskelija-asuntoloissa (karavaanareille on my\u00f6s asialliset tilat), ruokailu seisovasta p\u00f6yd\u00e4st\u00e4 ja hinta on meille todella edullinen.<strong> <\/strong>Opisto tarjoaa toimintaa kaikenik\u00e4isille mm. frisbeegolfrata.<\/p>\n\n\n\n<p><em>Ilmoittaudu jo nyt netiss\u00e4 \u00a8Uukuniemen Matikaisten sukukurssille\u00a8<\/em>.                                                           Reisj\u00e4rven kristillinen opisto, <a href=\"https:\/\/lyhytkurssille.fi\">https:\/\/lyhytkurssille.fi<\/a> <strong>11.-13.8.2023 Uukuniemen Matikaisten sukuseura ry.:n kurssi<\/strong>. Anna s\u00e4hk\u00f6postiosoitteesi ja toimi ohjeiden mukaisesti. L\u00f6yd\u00e4t sielt\u00e4 kaikki tarvittavat tiedot. Ja erityisesti Matti Matikaiselta voit tarvittaessa kysy\u00e4 lis\u00e4\u00e4 (puh. 040 7231551).                                                                                                                                     \/Jos ilmoittaudut sukutapaamiseen puhelimitse, puhelinnumero on : 040 714 9120<\/p>\n\n\n\n<ul class=\"wp-block-list\">\n<li><em>Perushinta<\/em> (pe-su, sis. ruokailut) 79,00\u20ac\/hl\u00f6, puoliso 79,00\u20ac, lapsi\/nuori 4-17v 45,00\u20ac. <em>Perhehinta<\/em> &#8211; samaan talouteen kuuluvat 299,00\u20ac (eli 2 aikuista ja 3 lasta\/nuorta. Jos lapsia enemm\u00e4n, loput samaan hintaan). Alle 4v\/ kuuluu perhehintaan 0,00 \u20ac. Ota mukaasi lakanat, pyyhkeet yms.<\/li>\n\n\n\n<li>Jos tulet ns. <em>p\u00e4iv\u00e4k\u00e4vij\u00e4n\u00e4,<\/em> eli et majoitu opiston tiloihin, ilmoittaudu kuitenkin normaalisti. Merkitse kuitenkin lis\u00e4tietoihin, milloin olet vierailijana. Hinta m\u00e4\u00e4r\u00e4ytyy sitten ruokailujen ja muiden palveluiden mukaan. Opisto toivoo kuitenkin, ett\u00e4 p\u00e4\u00e4s\u00e4\u00e4nt\u00f6isesti tulisit kokopaketilla mukaan!<\/li>\n\n\n\n<li>Jos haluat majoittua <em>asuntoautossa tai -vaunussa<\/em>, niille on varattu oma caravan-alueensa s\u00e4hk\u00f6ineen, suihkutiloineen yms. Hinta on sama, majoittaudut sitten huoneissa tai caravan-alueella.<\/li>\n<\/ul>\n\n\n\n<p>Lis\u00e4\u00e4 tietoa opistosta l\u00f6ytyy Reisj\u00e4rven kristillisen opiston www-sivustolta: <a href=\"http:\/\/rkropisto.fi\" target=\"_blank\" rel=\"noreferrer noopener\">http:\/\/rkropisto.fi<\/a>                            Osoite: R\u00e4is\u00e4l\u00e4nm\u00e4entie 381 A, 85940 R\u00e4is\u00e4l\u00e4nm\u00e4ki<\/p>\n\n\n\n<figure class=\"wp-block-image size-full is-resized\"><img loading=\"lazy\" decoding=\"async\" width=\"378\" height=\"252\" src=\"https:\/\/www.matikaiset.fi\/matikaiset\/wp-content\/uploads\/2023\/04\/image-14.png\" alt=\"\" class=\"wp-image-662\" style=\"width:281px;height:187px\" srcset=\"https:\/\/www.matikaiset.fi\/matikaiset\/wp-content\/uploads\/2023\/04\/image-14.png 378w, https:\/\/www.matikaiset.fi\/matikaiset\/wp-content\/uploads\/2023\/04\/image-14-300x200.png 300w\" sizes=\"auto, (max-width: 378px) 100vw, 378px\" \/><\/figure>\n\n\n\n<p><em>Kalajoen retkemme maisemia<\/em><\/p>\n\n\n\n<p><em>Pj. Anneli Minks kertoi ohjelmastamme j\u00e4senkirjeess\u00e4\u00e4n nro 1\/2023<\/em> <em>seuraava<\/em>sti: Opistolle voi alkaa tulla klo 12 j\u00e4lkeen. Seuralle on varattu tila ennen majoittumista, tiedustele infosta. Meille on tarjolla on kahvit ja pient\u00e4 purtavaa. <\/p>\n\n\n\n<p><strong>Perjantai 11.8.<\/strong><\/p>\n\n\n\n<p>17.30 ruokailu ja majoittuminen&nbsp;<\/p>\n\n\n\n<p>18.30 kurssin aloitus, talon esittely ja ohjeita (Hannu Inkeroinen), alkuhartaus<\/p>\n\n\n\n<p>19.15 s\u00e4\u00e4nt\u00f6m\u00e4\u00e4r\u00e4inen sukukokous<\/p>\n\n\n\n<p>21.00 iltapala<\/p>\n\n\n\n<p>21.30 saunamahdollisuus<\/p>\n\n\n\n<p>&nbsp;&nbsp;&nbsp;&nbsp;&nbsp;&nbsp;&nbsp;&nbsp;&nbsp;&nbsp; yhteist\u00e4 ajanviettoa, dioja aiemmista sukukokouksista, lauantain retken esittely\u00e4<\/p>\n\n\n\n<p>24.00 hiljaisuus<\/p>\n\n\n\n<p><strong>Lauantai 12.8.<\/strong><\/p>\n\n\n\n<p>7.45&nbsp;&nbsp; aamupala<\/p>\n\n\n\n<p>8.40&nbsp;&nbsp; aamuhartaus<\/p>\n\n\n\n<p>9.00&nbsp;&nbsp; bussiretki Sievi-Kalajoki-Alavieska-Ylivieska-Nivala-Reisj\u00e4rvi (lounas sovitussa paikassa sek\u00e4 kahvi)<\/p>\n\n\n\n<p>17.30 paluu opistolle ja p\u00e4iv\u00e4llinen<\/p>\n\n\n\n<p>18.00 Rakas sukuseuramme; videolta Youtubesta \u201dUukuniemen rajantakaiset kyl\u00e4t\u201d; kes\u00e4seuraradiosta&nbsp;&nbsp;&nbsp;&nbsp; ohjelma Hilda Ahokkaasta<\/p>\n\n\n\n<p>20.30 iltahartaus<\/p>\n\n\n\n<p>20.45 iltapala, arpajaiset, myynniss\u00e4 sukuseuran tuotteita, saunamahdollisuus<\/p>\n\n\n\n<p>24.00 hiljaisuus<\/p>\n\n\n\n<p><strong>Sunnuntai 13.8.<\/strong><\/p>\n\n\n\n<p>8.00 aamupala<\/p>\n\n\n\n<p>8.30 sukujuhla<\/p>\n\n\n\n<p>&nbsp;&nbsp;&nbsp;&nbsp;&nbsp;&nbsp; Juhlapuhe (Anneli Minks)<\/p>\n\n\n\n<p>&nbsp;&nbsp;&nbsp;&nbsp;&nbsp;&nbsp; R\u00e4is\u00e4l\u00e4n sukuhaara esittelee Liisa Leinosen teoksen \u201dEtt\u00e4\u00e4lle omasta koista\u201d, Hilda \u201dHilti\u201d Ahokkaan os. Matikaisen taival Uukuniemelt\u00e4 Reisj\u00e4rvelle<\/p>\n\n\n\n<p>&nbsp;&nbsp;&nbsp;&nbsp;&nbsp;&nbsp; Mahdollisesti sinun ohjelmaasi<\/p>\n\n\n\n<p>&nbsp;&nbsp;&nbsp;&nbsp;&nbsp;&nbsp; Karjalaisten laulu<\/p>\n\n\n\n<p>11.00 lounas<\/p>\n\n\n\n<p>12.00 kurssin p\u00e4\u00e4t\u00f6s, sanajumalanpalvelus<\/p>\n\n\n\n<p>13.15 turvallista kotimatkaa ja n\u00e4kemisiin Uukuniemell\u00e4 2025!<\/p>\n\n\n\n<p>(kuten ennenkin osallistuminen eri tapahtumiin on vapaaehtoista)<\/p>\n\n\n\n<p><strong><em>Tervetuloa koko suvun v\u00e4ell\u00e4!<\/em><\/strong><\/p>\n\n\n\n<p>t. Sirpa Linna, sihteeri<\/p>\n\n\n\n<p><\/p>\n\n\n\n<p><\/p>\n\n\n\n<p><strong>UUKUNIEMEN MATIKAISET UUKUNIEMI-SEURAN 70-VUOTISJUHLASSA<\/strong><\/p>\n\n\n\n<p><strong>Pj. Anneli Minks esitti Uukuniemen Matikaisten suvun tervehdyksen ja luovutti Pirkko Matikaisen kirjoittaman &#8221;Uukuniemen Matikaiset&#8221; -sukukirjan 70-vuotiaalle Uukuniemi-seuralle sunnuntaina p\u00e4\u00e4juhlassa 3.7.2022, puheelle oli varattu aikaa 5 min. Uukuniemen Matikaiset -sukuseura ry liittyi Uukuniemi-seuran ainaisj\u00e4seneksi.<\/strong><\/p>\n\n\n\n<p><strong>Hyv\u00e4t naiset ja herrat, hyv\u00e4t uukuniemel\u00e4iset! Minulla on ilo ja kunnia onnitella 70-vuotiasta Uukuniemi-seuraa Uukuniemen Matikaiset-sukuseura ry:n puolesta.<\/strong><\/p>\n\n\n\n<p><strong>Olen Anneli Minks, os. Ahokas, Matikaisia is\u00e4ni \u00e4idin puolelta. Olen toiminut seuran puheenjohtajana seuran alusta alkaen, eli t\u00e4n\u00e4 vuonna seuran perustamisesta tulee 15 vuotta.<\/strong><\/p>\n\n\n\n<p><strong>Emerita Pirkko Matikaiselta tuli kutsu saapua 15.9.2007 Helsinkiin Karjala-talolle sukuseuran perustamistilaisuuteen. K\u00e4vi ilmi, ett\u00e4 Pirkko Matikainen oli vuosia ja vuosia ker\u00e4nnyt tietoja suvustamme, mik\u00e4 oli vaatinut lukemattomia matkoja ja puhelinsoittoja eri puolille maata. T\u00e4n\u00e4 p\u00e4iv\u00e4n\u00e4 kaikki olisi huomattavasti helpompaa.&nbsp; Seuran perustamisesta l\u00e4htien olemme kokoontuneet s\u00e4\u00e4nn\u00f6llisesti joka toinen vuosi useimmiten Uukuniemell\u00e4, mutta my\u00f6s Varsinais-Suomessa ja Keski-Suomessa. Ensi kes\u00e4n\u00e4 vuorossa olisi Reisj\u00e4rvi.<\/strong><\/p>\n\n\n\n<p><strong>Tutkimuksissaan Pirkko Matikainen oli p\u00e4\u00e4ssyt aina 1600-luvulle ja l\u00f6yt\u00e4nyt v. 1666 syntyneen sukumme kanta\u00e4idin Marian ja h\u00e4nen poikansa, tilallisen Matti Matikaisen, joiden kotipaikka oli Uukuniemen Niukkala. Niukkalan tienoilla on sukumme uskollisesti asunut. Toimeentulo on hankittu maatalouden<\/strong> <strong>turvin, kalastamalla ja mets\u00e4nantimia hy\u00f6dynt\u00e4m\u00e4ll\u00e4.&nbsp; Mutta my\u00f6s itsellisi\u00e4 k\u00e4sity\u00f6l\u00e4isi\u00e4, seppi\u00e4, kirvesmiehi\u00e4, puuseppi\u00e4, suutareita ja r\u00e4\u00e4t\u00e4leit\u00e4 on ollut paljon, mik\u00e4 on ollut leimaa antavaa suvullemme.<\/strong><\/p>\n\n\n\n<p><strong>On k\u00e4yty kiertokoulu, kansakoulu ja perheiden kasvaessa on ollut l\u00e4hdett\u00e4v\u00e4 muualle Suomeen opintielle ja toimeentuloa hankkimaan.&nbsp; T\u00e4ll\u00e4 hetkell\u00e4 ammatteja on laidasta laitaan, on mm. yritt\u00e4ji\u00e4, hoitoalan edustajia, opettajia varhaiskasvatuksesta yliopiston opettajiin, sosiaalialan ja rakennusalan edustajia, virastojen ty\u00f6ntekij\u00f6it\u00e4, toimittajia ja kirjailijoitakin l\u00f6ytyy.<\/strong><\/p>\n\n\n\n<p><strong>Ei olla tyydytty vain Suomen kamaraan, vaan on muutettu Pohjoismaihin, Ven\u00e4j\u00e4lle ja Pohjois-Amerikkaan. Avioliiton my\u00f6t\u00e4 kuvaan on tullut ainakin Keski-Eurooppa, V\u00e4li-Amerikka, Etel\u00e4-Amerikka, Australia ja Afrikka.<\/strong><\/p>\n\n\n\n<p><strong>Kaiken kaikkiaan sukumme edustaja ovat ty\u00f6t\u00e4 pelk\u00e4\u00e4m\u00e4tt\u00f6mi\u00e4, yrittelij\u00e4it\u00e4 ja ennakkoluulottomia.<\/strong><\/p>\n\n\n\n<p><strong>Lopuksi tulen p\u00e4\u00e4asiaan, mink\u00e4 vuoksi olen t\u00e4\u00e4ll\u00e4: Vuonna 2012 tuli emerita Pirkko Matikaiselta j\u00e4lleen kutsu saapua -Karjalatalolle, t\u00e4ll\u00e4 kertaa Uukuniemen Matikaiset -sukukirjan julkistamistilaisuuteen. T\u00e4m\u00e4n teoksen sukuseuramme haluaa nyt onnittelujen kera luovuttaa Uukuniemi-seuralle. Teoksessa on my\u00f6s asiantunteva, laaja kattaus Uukuniemen ja Suomen historiaan.<\/strong><\/p>\n\n\n\n<p><\/p>\n\n\n\n<p><\/p>\n\n\n\n<p id=\"terveisia-kustavin-lomavalkaman-sukutapaamisesta\"><em>Terveisi\u00e4 Kustavin Lomavalkaman sukutapaamisesta!<\/em><\/p>\n\n\n\n<p>Sukuseuramme jo 7. sukutapaamisessa meit\u00e4 oli koolla nelisenkymment\u00e4 osallistujaa nauttimassa saaristomaisemista, meri-ilmasta ja maukkaista saaristolaisruuista.&nbsp;&nbsp;<\/p>\n\n\n\n<p>Varsinaisessa sukukokouksessa perjantai-illalla hallituksen j\u00e4seniksi valittiin edelleen Anneli Minks, Mirja Vesalainen, Matti Matikainen ja Meri Rautio. Yrj\u00f6 Kuivalainen pyysi eroa hallituksesta ja h\u00e4nen tilalleen valittiin Sinikka Kuivalainen. Varaj\u00e4seniksi valittiin edelleen Aarne Matikainen ja Anneli Valkeap\u00e4\u00e4. Sihteerin\u00e4 jatkaa Sirpa Linna. Toiminnantarkastajiksi vuodelle 2021 valittiin Juhani Lomu ja vuodelle 2022 Veijo Tomminen.&nbsp;<\/p>\n\n\n\n<p>Kes\u00e4terveisin sihteeri Sirpa Linna<\/p>\n\n\n\n<p><\/p>\n\n\n\n<p>PARAHIN&nbsp;UUKUNIEMEN&nbsp;MATIKAINEN&nbsp;<\/p>\n\n\n\n<p>Olet varmaan jo malttamattomana odottanut, milloin kutsu sukutapaamiseen Kustavin Lomavalkamaan 23.-25.7.21 tulee. T\u00e4ss\u00e4 se tulee ja voin ilokseni kertoa, ett\u00e4 kaikki on jo valmiina.<\/p>\n\n\n\n<p>Sinun t\u00e4ytyy vain varata majoitus ja ruokailut Mirja Vesalaiselta puh. 040&nbsp; 0372079 tai&nbsp;<a href=\"mailto:mirja.dosentti@gmail.com\" target=\"_blank\" rel=\"noreferrer noopener\">mirja.dosentti@gmail.com<\/a><\/p>\n\n\n\n<p>Ohjelma on seuraavanlainen:<\/p>\n\n\n\n<p>Perjantai 23.7. klo 12-&nbsp;  -majoittuminen ja tulokahvit<\/p>\n\n\n\n<p>&nbsp;&nbsp;&nbsp;&nbsp;&nbsp;&nbsp;&nbsp;&nbsp;&nbsp;&nbsp;&nbsp;&nbsp;&nbsp;&nbsp;&nbsp;&nbsp;&nbsp;&nbsp;&nbsp;&nbsp;&nbsp;&nbsp;&nbsp;&nbsp;&nbsp;&nbsp;&nbsp;&nbsp;&nbsp;&nbsp;&nbsp;&nbsp;&nbsp;&nbsp;&nbsp;&nbsp;&nbsp; &#8211; ruokailu<\/p>\n\n\n\n<p>&nbsp;&nbsp;&nbsp;&nbsp;&nbsp;&nbsp;&nbsp;&nbsp;&nbsp;&nbsp;&nbsp;&nbsp;&nbsp; &nbsp;&nbsp;&nbsp;&nbsp;&nbsp;&nbsp;&nbsp;&nbsp;&nbsp;&nbsp;&nbsp;&nbsp;&nbsp;&nbsp;&nbsp;&nbsp;&nbsp;&nbsp;&nbsp;&nbsp;&nbsp;&nbsp;&nbsp;&nbsp;&#8211; s\u00e4\u00e4nt\u00f6m\u00e4\u00e4r\u00e4inen virallinen sukukokous, kokouskutsu ja esityslista ohessa<\/p>\n\n\n\n<p>&nbsp;&nbsp;&nbsp;&nbsp;&nbsp;&nbsp;&nbsp;&nbsp;&nbsp;&nbsp;&nbsp;&nbsp;&nbsp;&nbsp;&nbsp;&nbsp;&nbsp;&nbsp;&nbsp;&nbsp;&nbsp;&nbsp;&nbsp;&nbsp;&nbsp;&nbsp;&nbsp;&nbsp;&nbsp;&nbsp;&nbsp;&nbsp;&nbsp;&nbsp;&nbsp;&nbsp;   (Muistathan, ett\u00e4 mik\u00e4li haluat, ett\u00e4 kokouksessa otetaan esille sinun<\/p>\n\n\n\n<p>&nbsp;&nbsp;&nbsp;&nbsp;&nbsp;&nbsp;&nbsp;&nbsp;&nbsp;&nbsp;&nbsp;&nbsp;&nbsp;&nbsp;&nbsp;&nbsp;&nbsp;&nbsp;&nbsp;&nbsp;&nbsp;&nbsp;&nbsp;&nbsp;&nbsp;&nbsp;&nbsp;&nbsp;&nbsp;&nbsp;&nbsp;&nbsp;&nbsp;&nbsp;&nbsp;&nbsp; &nbsp; ehdotuksesi, sinun t\u00e4ytyy l\u00e4hett\u00e4\u00e4 se etuk\u00e4teen minulle s-postiini<\/p>\n\n\n\n<p>&nbsp;&nbsp;&nbsp;&nbsp;&nbsp;&nbsp;&nbsp;&nbsp;&nbsp;&nbsp;&nbsp;&nbsp;&nbsp;&nbsp;&nbsp;&nbsp;&nbsp;&nbsp;&nbsp;&nbsp;&nbsp;&nbsp;&nbsp;&nbsp;&nbsp;&nbsp;&nbsp;&nbsp;&nbsp;&nbsp;&nbsp;&nbsp;&nbsp;&nbsp;&nbsp;&nbsp;&nbsp;&nbsp; <a href=\"mailto:viskaali318@gmail.com\" target=\"_blank\" rel=\"noreferrer noopener\">viskaali318@gmail.com<\/a>&nbsp;tai kirjeitse os. Viskaalinkatu 3 as.18, 21200<\/p>\n\n\n\n<p>&nbsp;&nbsp;&nbsp;&nbsp;&nbsp;&nbsp;&nbsp;&nbsp;&nbsp;&nbsp;&nbsp;&nbsp;&nbsp;&nbsp;&nbsp;&nbsp;&nbsp;&nbsp;&nbsp;&nbsp;&nbsp;&nbsp;&nbsp;&nbsp;&nbsp;&nbsp;&nbsp;&nbsp;&nbsp;&nbsp;&nbsp;&nbsp;&nbsp;&nbsp;&nbsp;&nbsp; &nbsp; Raisio (Anneli Minks)<\/p>\n\n\n\n<p>&nbsp;&nbsp;&nbsp;&nbsp;&nbsp;&nbsp;&nbsp;&nbsp;&nbsp;&nbsp;&nbsp;&nbsp;&nbsp;&nbsp;&nbsp;&nbsp;&nbsp;&nbsp;&nbsp;&nbsp;&nbsp;&nbsp;&nbsp;&nbsp;&nbsp;&nbsp;&nbsp;&nbsp;&nbsp;&nbsp;&nbsp;&nbsp;&nbsp;&nbsp;&nbsp;&nbsp;&nbsp; &#8211; yhteist\u00e4 illanviettoa ja iltapala<\/p>\n\n\n\n<p>Lauantai 24.7.&nbsp;&nbsp;&nbsp;&nbsp;&nbsp;&nbsp;&nbsp;&nbsp;&nbsp;&nbsp;&nbsp;&nbsp;&nbsp;  &#8211; aamiainen<\/p>\n\n\n\n<p>&nbsp;&nbsp;&nbsp;&nbsp;&nbsp;&nbsp;&nbsp;&nbsp;&nbsp;&nbsp;&nbsp;&nbsp;&nbsp;&nbsp;&nbsp;&nbsp;&nbsp;&nbsp;&nbsp;&nbsp;&nbsp;&nbsp;&nbsp;&nbsp;&nbsp;&nbsp;&nbsp;&nbsp;&nbsp;&nbsp;&nbsp;&nbsp;&nbsp;&nbsp;&nbsp;&nbsp;&nbsp; &#8211; ruokailu<\/p>\n\n\n\n<p>&nbsp;&nbsp;&nbsp;&nbsp;&nbsp;&nbsp;&nbsp;&nbsp;&nbsp;&nbsp;&nbsp;&nbsp;&nbsp;&nbsp;&nbsp;&nbsp;&nbsp;&nbsp;&nbsp;&nbsp;&nbsp;&nbsp;&nbsp;&nbsp;&nbsp;&nbsp;&nbsp;&nbsp;&nbsp;&nbsp;&nbsp;&nbsp;&nbsp;&nbsp;&nbsp;&nbsp;&nbsp; &#8211; retki Askaisten Louhisaareen, marsalkka Mannerheimin<\/p>\n\n\n\n<p>&nbsp;&nbsp;&nbsp;&nbsp;&nbsp;&nbsp;&nbsp;&nbsp;&nbsp;&nbsp;&nbsp;&nbsp;&nbsp;&nbsp;&nbsp;&nbsp;&nbsp;&nbsp;&nbsp;&nbsp;&nbsp;&nbsp;&nbsp;&nbsp;&nbsp;&nbsp;&nbsp;&nbsp;&nbsp;&nbsp;&nbsp;&nbsp;&nbsp;&nbsp;&nbsp;&nbsp;&nbsp;&nbsp;&nbsp; syntym\u00e4kotiin (toteutuu n\u00e4ill\u00e4 n\u00e4kymin)<\/p>\n\n\n\n<p>&nbsp;&nbsp;&nbsp;&nbsp;&nbsp;&nbsp;&nbsp;&nbsp;&nbsp;&nbsp;&nbsp;&nbsp;&nbsp;&nbsp;&nbsp;&nbsp;&nbsp;&nbsp;&nbsp;&nbsp;&nbsp;&nbsp;&nbsp;&nbsp;&nbsp;&nbsp;&nbsp;&nbsp;&nbsp;&nbsp;&nbsp;&nbsp;&nbsp;&nbsp;&nbsp;&nbsp;&nbsp; &#8211; ruokailu&nbsp;&nbsp;&nbsp;&nbsp;&nbsp;&nbsp;&nbsp;&nbsp;&nbsp;&nbsp;&nbsp;&nbsp;&nbsp;&nbsp;&nbsp;&nbsp;&nbsp;&nbsp;&nbsp;&nbsp;&nbsp;&nbsp;&nbsp;&nbsp;&nbsp;&nbsp;&nbsp;&nbsp;&nbsp;&nbsp;&nbsp;&nbsp;&nbsp;&nbsp;&nbsp;&nbsp;&nbsp;&nbsp;&nbsp;&nbsp;&nbsp;&nbsp;&nbsp;&nbsp;&nbsp;&nbsp;&nbsp;&nbsp;&nbsp;&nbsp;&nbsp;&nbsp;&nbsp;&nbsp;&nbsp;&nbsp;<\/p>\n\n\n\n<p>&nbsp; &nbsp; &nbsp; &nbsp; &nbsp; &nbsp; &nbsp; &nbsp; &nbsp; &nbsp; &nbsp; &nbsp; &nbsp; &nbsp; &nbsp; &nbsp;&nbsp;&nbsp;&nbsp;&nbsp;&nbsp;&nbsp;&nbsp;&#8211; yhteist\u00e4 illanviettoa, arpajaiset ja iltapala&nbsp;<\/p>\n\n\n\n<p>Sunnuntai 25.7.&nbsp;&nbsp;&nbsp;&nbsp;&nbsp;&nbsp;&nbsp;&nbsp;&nbsp;&nbsp;&nbsp;&nbsp; &#8211; aamiainen<\/p>\n\n\n\n<p>&nbsp;&nbsp;&nbsp;&nbsp;&nbsp;&nbsp;&nbsp;&nbsp;&nbsp;&nbsp;&nbsp;&nbsp;&nbsp;&nbsp;&nbsp;&nbsp;&nbsp;&nbsp;&nbsp;&nbsp;&nbsp;&nbsp;&nbsp;&nbsp;&nbsp;&nbsp;&nbsp;&nbsp;&nbsp;&nbsp;&nbsp;&nbsp;&nbsp;&nbsp;&nbsp;&nbsp;&nbsp; &#8211; yhteinen hetki yhdess\u00e4<\/p>\n\n\n\n<p>&nbsp;&nbsp;&nbsp;&nbsp;&nbsp;&nbsp;&nbsp;&nbsp;&nbsp;&nbsp;&nbsp;&nbsp;&nbsp;&nbsp;&nbsp;&nbsp;&nbsp;&nbsp;&nbsp;&nbsp;&nbsp;&nbsp;&nbsp;&nbsp;&nbsp;&nbsp;&nbsp;&nbsp;&nbsp;&nbsp;&nbsp;&nbsp;&nbsp;&nbsp;&nbsp;&nbsp;&nbsp; &#8211; juhlalounas<\/p>\n\n\n\n<p>&nbsp;&nbsp;&nbsp;&nbsp;&nbsp;&nbsp;&nbsp;&nbsp;&nbsp;&nbsp;&nbsp;&nbsp;&nbsp;&nbsp;&nbsp;&nbsp;&nbsp;&nbsp;&nbsp;&nbsp;&nbsp;&nbsp;&nbsp;&nbsp;&nbsp;&nbsp;&nbsp;&nbsp;&nbsp;&nbsp;&nbsp;&nbsp;&nbsp;&nbsp;&nbsp;&nbsp;&nbsp; HYV\u00c4\u00c4 KOTIMATKAA!<\/p>\n\n\n\n<p>&nbsp;Viel\u00e4 lopuksi:&nbsp;&nbsp;&nbsp;&nbsp;&nbsp;&nbsp;&nbsp;&nbsp;&nbsp;&nbsp;&nbsp;&nbsp;&nbsp;&nbsp; Tuothan taas arpajaisvoittoja.<\/p>\n\n\n\n<p>&nbsp;&nbsp;&nbsp;&nbsp;&nbsp;&nbsp;&nbsp;&nbsp;&nbsp;&nbsp;&nbsp;&nbsp;&nbsp;&nbsp;&nbsp;&nbsp;&nbsp;&nbsp;&nbsp;&nbsp;&nbsp;&nbsp;&nbsp;&nbsp;&nbsp;&nbsp;&nbsp;&nbsp;&nbsp;&nbsp;&nbsp;&nbsp;&nbsp;&nbsp;&nbsp;&nbsp; Olemme hankkineet sukumukeja, joita voit tilata Mirjalta.<\/p>\n\n\n\n<p>&nbsp;&nbsp;&nbsp;&nbsp;&nbsp; &nbsp;&nbsp;&nbsp;&nbsp;&nbsp;&nbsp;&nbsp;&nbsp;&nbsp;&nbsp;&nbsp;&nbsp;&nbsp;&nbsp;&nbsp;&nbsp;&nbsp;&nbsp;&nbsp;&nbsp;&nbsp;&nbsp;&nbsp;&nbsp;&nbsp;&nbsp;&nbsp;&nbsp;&nbsp;&nbsp;&nbsp;Mirja tuo mukit Kustaviin, joten tilaus on sitova. Kysy lis\u00e4\u00e4 Mirjalta.<\/p>\n\n\n\n<p>&nbsp;&nbsp;&nbsp;&nbsp;&nbsp;&nbsp;&nbsp;&nbsp;&nbsp;&nbsp;&nbsp;&nbsp;&nbsp;&nbsp;&nbsp;&nbsp;&nbsp;&nbsp;&nbsp;&nbsp;&nbsp;&nbsp;&nbsp;&nbsp;&nbsp;&nbsp;&nbsp;&nbsp;&nbsp;&nbsp;&nbsp;&nbsp;&nbsp;&nbsp;&nbsp;&nbsp; Laitathan Raija Paavolalle leikekirjaan kuvia ylioppilaista, ammattiin<\/p>\n\n\n\n<p>&nbsp;&nbsp;&nbsp;&nbsp;&nbsp;&nbsp;&nbsp;&nbsp;&nbsp;&nbsp;&nbsp;&nbsp;&nbsp;&nbsp;&nbsp;&nbsp;&nbsp;&nbsp;&nbsp;&nbsp;&nbsp;&nbsp;&nbsp;&nbsp;&nbsp;&nbsp;&nbsp;&nbsp;&nbsp;&nbsp;&nbsp;&nbsp;&nbsp;&nbsp;&nbsp;&nbsp; valmistuneista, syntym\u00e4p\u00e4iv\u00e4sankareista ym.&nbsp;+ mukaan lyhyt teksti<\/p>\n\n\n\n<p>&nbsp;&nbsp;&nbsp;&nbsp;&nbsp;&nbsp;&nbsp;&nbsp;&nbsp;&nbsp;&nbsp;&nbsp;&nbsp;&nbsp;&nbsp;&nbsp;&nbsp;&nbsp;&nbsp;&nbsp;&nbsp;&nbsp;&nbsp;&nbsp;&nbsp;&nbsp;&nbsp;&nbsp;&nbsp;&nbsp;&nbsp;&nbsp;&nbsp;&nbsp;&nbsp;&nbsp; osoitteeseen <a href=\"mailto:raija.paavola@hotmail.com\">raija.paavola@hotmail.com<\/a><\/p>\n\n\n\n<p>&nbsp;&nbsp;&nbsp;&nbsp;&nbsp;&nbsp;&nbsp;&nbsp;&nbsp;&nbsp;&nbsp;&nbsp;&nbsp;&nbsp;&nbsp;&nbsp;&nbsp;&nbsp;&nbsp;&nbsp;&nbsp;&nbsp;&nbsp;&nbsp;&nbsp;&nbsp;&nbsp;&nbsp;&nbsp;&nbsp;&nbsp;&nbsp;&nbsp;&nbsp;&nbsp;&nbsp; Kaikenlainen ohjelma olisi ilo.<\/p>\n\n\n\n<p>Iloisiin tapaamisiin&nbsp;<\/p>\n\n\n\n<p>Anneli pj.<\/p>\n\n\n\n<p><\/p>\n\n\n\n<p><\/p>\n\n\n\n<p><strong>      TERVEHDYS SUKUSEURALTA    Marraskuu 2020<\/strong><\/p>\n\n\n\n<p><strong>Hallitus piti s\u00e4hk\u00f6isen kokouksen lokakuussa ja yksimielinen p\u00e4\u00e4t\u00f6s<br>oli, ett\u00e4 vuoden 2021 sukutapaaminen, mik\u00e4li se meist\u00e4 riippuu,<br>j\u00e4rjestet\u00e4\u00e4n ensi kes\u00e4n\u00e4 Kustavin Lomavalkamassa 23.7 &#8211; 25.7.<\/strong><\/p>\n\n\n\n<p><strong>Oulainenhan oli ehdolla vuoden 2020 sukutapaamispaikaksi, mutta<br>kokous piti perua ensin pandemian takia, mink\u00e4 j\u00e4lkeen hallituksen<br>tietoon tuli, ett\u00e4 Matikaisten Paratiisi on lopettanut toimintansa.<br>Aloimme harkita Uukunieme\u00e4, jolloin k\u00e4vi ilmi, ett\u00e4 Virkistyskeskus<br>on siirtynyt uudelle omistajalle ja on ensi kes\u00e4n\u00e4 remontissa.<\/strong><\/p>\n\n\n\n<p><strong>Kustavin Lomavalkama ottaa meid\u00e4t avosylin vastaan; olimme<br>kuulemma niin mukava porukka. Nyt olisi tarkoitus tehd\u00e4 retki<br>Turkuun\/Turun seudulle. Tuomiokirkko, Vanha Suurtori, josta<br>kohta julistetaan joulurauha (tosin vaarana on ett\u00e4 ilman yleis\u00f6\u00e4),<br>Aurajoen rannat, K\u00e4sity\u00f6l\u00e4ismuseo, Funikulaari Kakolan rinteess\u00e4<br>(tosin hieman surullisen kuuluisa) ja Turun linna ovat kaikki<br>n\u00e4kemisen arvoisia, ellei niit\u00e4 viel\u00e4 ole n\u00e4hnyt. Hallitus ottaa<br>muitakin ehdotuksia vastaan. Ensi kev\u00e4\u00e4n\u00e4 sitten pohdimme<\/strong><br><strong>ohjelmaa tarkemmin.<\/strong><\/p>\n\n\n\n<p><strong>Loppuvuodesta j\u00e4senet saavat Matin toimittaman vuoden 2021<br>sein\u00e4kalenterin, jossa joka kuukausi saamme ihailla j\u00e4senten<br>k\u00e4sity\u00f6- ym. taitoja. My\u00f6s Matikaissanomat on tulossa.<br>Muistakaahan l\u00e4hett\u00e4\u00e4 Matille tietoja suvun kuulumisista,<br>muistelmia ja muita juttuja.<\/strong><\/p>\n\n\n\n<p><strong>Oikein hyv\u00e4\u00e4 loppuvuotta kaikille toivottaa Anneli pj.<br>(j\u00e4senmaksutili FI60 5319 8320 0219 40 20e)<\/strong><\/p>\n\n\n\n<p><\/p>\n\n\n\n<p><\/p>\n\n\n\n<p>TERVEHDYS&nbsp;&nbsp; SUKUSEURALTASI&nbsp;&nbsp;&nbsp;&nbsp;&nbsp;&nbsp;&nbsp;&nbsp;&nbsp;&nbsp;&nbsp;&nbsp;&nbsp;&nbsp;&nbsp;&nbsp;&nbsp;&nbsp;&nbsp;&nbsp;&nbsp;&nbsp;&nbsp;&nbsp;&nbsp;&nbsp;&nbsp;&nbsp;&nbsp; j\u00e4senkirje 1\/20<\/p>\n\n\n\n<p>Kev\u00e4t tulee kohisten t\u00e4nne Raision keskustaankin. Sinivuokot ja valkovuokot alkavat pilkist\u00e4\u00e4 maasta. Lehtipuissa ja pensaissa on pienet vihre\u00e4t silmut. Linnut laulavat ja kutsuvat kumppaniaan, pes\u00e4nrakennus on menossa.&nbsp;<\/p>\n\n\n\n<p><strong>&nbsp;&nbsp;&nbsp;&nbsp;&nbsp;&nbsp;&nbsp;&nbsp;&nbsp;&nbsp;&nbsp;&nbsp;&nbsp;&nbsp;&nbsp;&nbsp;&nbsp;&nbsp; &nbsp;&nbsp;&nbsp;&nbsp;&nbsp;&nbsp;&nbsp;&nbsp;&nbsp;&nbsp;&nbsp;<\/strong>&nbsp;&#8211; t\u00e4m\u00e4 kaikesta huolimatta &#8211;<\/p>\n\n\n\n<p>Mutta kyll\u00e4 mekin selvi\u00e4mme. Ensi kes\u00e4ksi suunnitellun sukujuhlan Oulaisissa joudumme tosin perumaan. Ker\u00e4t\u00e4\u00e4n voimia vuoden 2021 sukujuhlaan. Mietit\u00e4\u00e4n yhteisvoimin paikkakuntaa, jossa tapaamme.&nbsp; Olisiko se Uukuniemi, Lappeenranta, Naantali, Merimasku,<\/p>\n\n\n\n<p>Oulainen? Laitapa hallitukselle viesti\u00e4.<\/p>\n\n\n\n<p>Hallitus on pit\u00e4nyt s\u00e4hk\u00f6postikokouksen. Tilinp\u00e4\u00e4t\u00f6s- ja muut asiat ovat kunnossa. Esittelemme ne tarkemmin seuraavassa sukukokouksessa. Jos haluat, voin laittaa tilinp\u00e4\u00e4t\u00f6ksen sinulle s\u00e4hk\u00f6postissa. Ellei kell\u00e4\u00e4n ole mit\u00e4\u00e4n sit\u00e4 vastaan, nykyinen hallitus jatkaa, kunnes saadaan valituksi uusi hallitus. Hallitus toivoo voivansa kokoontua seuraavan kerran syksyll\u00e4.<\/p>\n\n\n\n<p>Matikaissanomat ilmestyy t\u00e4n\u00e4 vuonna kerran ja loppuvuodesta tulee sukukalenteri. Kaikki j\u00e4senmaksunsa maksaneet saavat tietysti ne molemmat. Matti odottaa juttuja, kuulumisia, reseptej\u00e4 ja paljon valokuvia. (<a href=\"mailto:matti.matikainen@hotmail.com\">mattimatikainen@hotmail.com<\/a> puh. 040-7231551)<\/p>\n\n\n\n<p>Seuralla on myyt\u00e4v\u00e4n\u00e4 sukuseuran paitoja, lippiksi\u00e4, viirej\u00e4 ja tarroja. Ainakin mustia paitoja hankimme lis\u00e4\u00e4, mutta suunnitteilla on my\u00f6s vaaleanpunaisten ja liilan v\u00e4risten v-aukollisten paitojen hankkiminen.&nbsp; Hankimme mahdollisesti my\u00f6s sukumukeja sukujuhlissa myyt\u00e4viksi.<\/p>\n\n\n\n<p>Seuralla on omat kotisivut ja fb-ryhm\u00e4. Suosittelen my\u00f6s Uukuniemi-uukuniemel\u00e4iset suvut fb-ryhm\u00e4\u00e4.&nbsp;&nbsp;<\/p>\n\n\n\n<p>J\u00e4senmaksuja on tullut mukavasti, mutta ellet ole viel\u00e4 maksanut, niin maksapa 20 euroa tilille FI60 5319 8320 0219 40.<\/p>\n\n\n\n<p>Ollaan yhteyksiss\u00e4.<\/p>\n\n\n\n<p>L\u00e4mpimin terveisin<\/p>\n\n\n\n<p>Anneli puh. 050-572 2584<\/p>\n\n\n\n<p><a href=\"mailto:viskaali318@gmail.com\">viskaali318@gmail.com<\/a>, Viskaalinkatu 3 as. 18, 21200 Raisio<\/p>\n\n\n\n<p>Mirja puh. 0400-372079&nbsp; mirja.dosentti@gmail.com<\/p>\n\n\n\n<p>Sirpa puh. 040-7207818&nbsp; <a href=\"mailto:sirpa.linna@gmail.com\">sirpa.linna@gmail.com<\/a><\/p>\n\n\n\n<p><\/p>\n\n\n\n<p><\/p>\n\n\n\n<p><strong>TERVEHDYS SUKUSEURALTA&nbsp;&nbsp;&nbsp;&nbsp;&nbsp;&nbsp; &nbsp; &nbsp; &nbsp; &nbsp; &nbsp; &nbsp; &nbsp; &nbsp; &nbsp; &nbsp; &nbsp; &nbsp; &nbsp; &nbsp; &nbsp; J\u00e4senkirje 18.11.2018<\/strong><\/p>\n\n\n\n<p><strong>Niin uskomatonta kuin se onkin, vuosi 2018 alkaa l\u00e4hesty\u00e4 loppuaan. Vuoden huippukohta oli tietenkin sukujuhlamme aurinkoiselle Uukuniemell\u00e4, joskin siell\u00e4 v\u00e4lill\u00e4 ukkonenkin jyr\u00e4hteli ja salamat leimahtelivat. Mutta hyvin me siit\u00e4kin selvisimme. Uukuniemen Lomakeskus tarjosi taas viihtyis\u00e4n kokoontumispaikan.<\/strong><\/p>\n\n\n\n<p><strong>Uukuniemi-sightseeingill\u00e4 k\u00e4vimme kalasatamassa, mist\u00e4 n\u00e4imme Ven\u00e4j\u00e4nkin rannat, pys\u00e4hdyimme My\u00f6t\u00e4vaarassa, k\u00e4vimme Kummun tsasounassa ja joimme kahvit Biisoniareenalla, mutta ennen kaikkea saimme ihailla Uukuniemen vehre\u00e4\u00e4 luontoa.<\/strong><\/p>\n\n\n\n<p><strong>Osanottajia oli puolisen sataa eli l\u00e4hes puolet j\u00e4senist\u00e4mme. J\u00e4senm\u00e4\u00e4r\u00e4mme kasvaa tasaiseen tahtiin, mutta viel\u00e4 on tilaa kaikille sukuhaaroille. Uudet j\u00e4senet niin nuoret kuin vanhemmatkin ovat tervetulleita. Varsinainen sukukokous sujui perinteisesti. Hallituksessa jatkavat Anneli Minks (pj), Mirja Vesalainen (vpj., tal.hoit.) ja Matti Matikainen (vars. j\u00e4sen). Hallituksesta poisj\u00e4\u00e4neiden Terho Matikaisen ja Raija Paavolan tilalle valittiin Yrj\u00f6 Kuivalainen ja Meri Rautio. Varaj\u00e4senin\u00e4 jatkavat Aarne Matikainen ja Anneli Valkeap\u00e4\u00e4. Sihteerin\u00e4 jatkaa Sirpa Linna. Seura kiitt\u00e4\u00e4 poisj\u00e4\u00e4neit\u00e4 arvokkaasta ty\u00f6st\u00e4 seuran hyv\u00e4ksi ja toivottaa uudet tervetulleeksi.<\/strong><\/p>\n\n\n\n<p><strong>J\u00e4senmaksu p\u00e4\u00e4tettiin korottaa 20 euroon. J\u00e4senmaksu maksetaan 31.3. seuran tilille (FI60 5319 8320 0219 40) J\u00e4senmaksun maksaneet saavat j\u00e4senlehden, joka ensi vuodesta l\u00e4htien ilmestyy kerran vuodessa. Lis\u00e4ksi seura sponsoroi j\u00e4seni\u00e4 sukutapaamisissa mahdollisuuksien mukaan.<\/strong><\/p>\n\n\n\n<p><strong>Matti Matikainen toimii edelleen Matikaissanomien toimittajana, mutta muistetaan l\u00e4hett\u00e4\u00e4 h\u00e4nelle lehteen juttuja\/uutisia\/kuvia\/reseptej\u00e4. Olen l\u00e4hett\u00e4nyt talonpoikaispikkuleip\u00e4reseptin. Pikkuleiv\u00e4t saavuttivat suuren suosion er\u00e4\u00e4ss\u00e4 tupaillassa.<\/strong><\/p>\n\n\n\n<p><strong>Ensi vuonna emme j\u00e4rjest\u00e4 v\u00e4livuositapaamisia, mutta j\u00e4rjest\u00e4mme valokuvauskilpailun. L\u00e4het\u00e4 siis Matille (<a href=\"mailto:matti.matikainen@hotmail.com\">matti.matikainen@hotmail.com<\/a>) valokuvia Uukuniemest\u00e4, sukutaapaamisista ja yleens\u00e4 suvusta. Raati valitsee parhaiksi katsomansa kuvat sukumukiin sek\u00e4 vuoden 2020 sein\u00e4kalenteriin.<\/strong><\/p>\n\n\n\n<p><strong>Vuonna 2020 kokoonnutaan Pohjois-Pohjanmaalle Oulaisiin Matikaisten Lomaparatiisiin, jossa on tiedossa mm. autourheilua, savusauna, Terhon savumuikut ja paljon muuta mukavaa.<\/strong><\/p>\n\n\n\n<p><strong>Oikein mukavaa loppuvuotta ja rauhallista joulua kaikille! Toivottaa Anneli pj.<\/strong><\/p>\n\n\n\n<p><\/p>\n\n\n\n<p><\/p>\n\n\n\n<p><em>TERVEISI\u00c4 UUKUNIEMEN MATIKAISTEN SUKUKOKOUKSESTA 3.-5.8.2018<\/em><\/p>\n\n\n\n<p>Sukumme kokoontui sukutapaamiseen&nbsp;<strong>Uukuniemen Lomakeskuksessa&nbsp;<\/strong>Pyh\u00e4j\u00e4rven rannalla jo toisen kerran. Meit\u00e4 oli kaikkiaan 51 osallistujaa, osa ehk\u00e4 ensimm\u00e4isell\u00e4 Uukuniemen vierailullaan sukumme syntysijoilla.<\/p>\n\n\n\n<p>Lauantaina k\u00e4vimme retkibussilla seudun asiantuntijat&nbsp;<em>Martti<\/em>&nbsp;ja&nbsp;<em>Kari<\/em>&nbsp;oppainamme Uukuniemen kalasatamassa ja My\u00f6t\u00e4vaarassa. Alen m\u00f6kilt\u00e4 jatkoimme Kummun tsasounaan, miss\u00e4&nbsp;<em>Salme Candolin<\/em>&nbsp;oli oppaana. Retken p\u00e4\u00e4tteeksi nautimme munkkikahvit Biisonareenalla.<\/p>\n\n\n\n<p>Lauantai-illalla laskimme seppeleen sankarihautausmaan muistomerkille Uukuniemen kirkolla, jonka j\u00e4lkeen oli iltakirkko, pappina oli rovasti&nbsp;<em>Erkki Lemetyinen<\/em>&nbsp;ja pj.&nbsp;<em>Anneli Minks<\/em>&nbsp;luki Raamatuntekstin. Kirkolta jatkoimme matkaa Paakasalmen hautausmaalle suvun haudoille.&nbsp;<\/p>\n\n\n\n<p>Sunnuntaina V\u00e4entuvassa<em>&nbsp;pj. Anneli Minks<\/em>&nbsp;piti tervetuliaspuheen.&nbsp;<em>Uukuniemi-seuran vpj. Jouni Suppola<\/em>&nbsp;kertoi innostavasti nykyp\u00e4iv\u00e4n Uukuniemest\u00e4 ja Uukuniemi-seurasta. Vietimme sukujuhlaa laulun ja muisteloiden merkeiss\u00e4 suvun vanhojen k\u00e4sit\u00f6iden \u00e4\u00e4rell\u00e4 (uusia k\u00e4sit\u00f6it\u00e4 oli tarjolla arpajaisissa).&nbsp;<\/p>\n\n\n\n<p><em>Uukuniemen Lomakeskuksen is\u00e4nt\u00e4 Erkki Etel\u00e4niemi<\/em>&nbsp;ja keitti\u00f6n talkoov\u00e4ki huolehtivat hyvinvoinnistamme karjalaisella vieraanvaraisuudella.&nbsp;<em>Terho<\/em>n&nbsp;muikut maistuivat taaskin meille.<\/p>\n\n\n\n<p>Kes\u00e4isin terveisin Sirpa Linna, sihteeri<br>&nbsp;<br>&nbsp;<br><strong>Uukuniemen Matikaiset -sukuseura ry<\/strong><br><strong>J\u00e4senkirje 2\/2016<\/strong><br>&nbsp;<br><strong>Hyv\u00e4 sukuseuran j\u00e4sen!<\/strong><br>&nbsp;<br>Seuran hallitus kokoontui j\u00e4lleen lokakuussa Pirkko Matikaisen viihtyis\u00e4ss\u00e4 kodissa katse kohdistetuna tulevaan.<br>&nbsp;<br>Aivan ensimm\u00e4iseksi minulla on ilo kertoa, ett\u00e4 ensi kes\u00e4n\u00e4 suuntaamme Lahteen, Lappeenrannan ja Joensuun j\u00e4lkeen ehk\u00e4 Suomen karjalaisimpaan kaupunkiin. Em\u00e4nn\u00e4ksi on lupautunut Raija Paavola, joka on ollut jo yhteydess\u00e4 Lahden Seutu &#8211; Lahti Region oy:hyn ja sopinut ohjelmasta.<br>&nbsp;<br>Milt\u00e4 seuraavanlainen ohjelma kuulostaa?<br>&nbsp;<br>P\u00e4iv\u00e4m\u00e4\u00e4r\u00e4: 5.8.2017<br>&nbsp;<br>Retkiohjelma:<br>9.30&nbsp;&nbsp;&nbsp;&nbsp;&nbsp; Tervetuloa Lahteen<br>&nbsp;&nbsp;&nbsp;&nbsp;&nbsp;&nbsp;&nbsp;&nbsp;&nbsp;&nbsp;&nbsp;&nbsp;&nbsp; Kokoontuminen aamukahveineen Harjulan setlementin tiloissa.&nbsp;<br>&nbsp;&nbsp;&nbsp;&nbsp;&nbsp;&nbsp;&nbsp;&nbsp;&nbsp;&nbsp;&nbsp;&nbsp;&nbsp; Harjulankatu 7, 15150 Lahti<br>11.30&nbsp;&nbsp;&nbsp; Retkelle l\u00e4ht\u00f6 bussin ja oppaan kera<br>11.45&nbsp;&nbsp;&nbsp; Lounas Ravintola Voitossa Urheilukeskuksessa (noutop\u00f6yt\u00e4)<br>13.00&nbsp;&nbsp;&nbsp; Vesiurut Pikku-Vesij\u00e4rven rannalla<br>13.40&nbsp;&nbsp;&nbsp; Suurm\u00e4en huippu + hiihtomuseo<br>&nbsp;&nbsp;&nbsp;&nbsp;&nbsp;&nbsp;&nbsp;&nbsp;&nbsp;&nbsp;&nbsp;&nbsp;&nbsp; Suurm\u00e4en huipulla sijaitsevalta n\u00e4k\u00f6alatasanteelta n\u00e4kym\u00e4t yli<br>&nbsp;&nbsp;&nbsp;&nbsp;&nbsp;&nbsp;&nbsp;&nbsp;&nbsp;&nbsp;&nbsp;&nbsp;&nbsp; Lahden ymp\u00e4rist\u00f6kuntiin asti<br>14.15&nbsp;&nbsp;&nbsp; Hiihtomuseo<br>&nbsp;&nbsp;&nbsp;&nbsp;&nbsp;&nbsp;&nbsp;&nbsp;&nbsp;&nbsp;&nbsp;&nbsp;&nbsp; Museossa n\u00e4yttely &#8221;Sel\u00e4n henke\u00e4 ja hohtavia hankia&#8221; + muuta<br>&nbsp;&nbsp;&nbsp;&nbsp;&nbsp;&nbsp;&nbsp;&nbsp;&nbsp;&nbsp;&nbsp;&nbsp;&nbsp; kiinnostavaa<br>15.15&nbsp;&nbsp;&nbsp; Sibeliustalo<br>&nbsp;&nbsp;&nbsp;&nbsp;&nbsp;&nbsp;&nbsp;&nbsp;&nbsp;&nbsp;&nbsp;&nbsp;&nbsp; Akustiikaltaan loistavassa konserttitalossa kajautetaan yhdess\u00e4<br>&nbsp;&nbsp;&nbsp;&nbsp;&nbsp;&nbsp;&nbsp;&nbsp;&nbsp;&nbsp;&nbsp;&nbsp;&nbsp; ainakin Karjalaisten laulu sek\u00e4 tutustutaan muutenkin taloon<br>16.00&nbsp;&nbsp;&nbsp; Iltap\u00e4iv\u00e4kahvit Ravintola Lastussa Sibeliustalossa<br>&nbsp;<br>Mahdollisille y\u00f6pyjille suositellaan Grand-hotellia.<br>&nbsp;<br>&nbsp;<br>Kerron kokoontumisen yhteydess\u00e4 tarkemmin siit\u00e4, miten karjalaisuus Lahdessa n\u00e4kyy. Hinta p\u00e4iv\u00e4lt\u00e4 on halvimmillaan 62 euroa, mik\u00e4li ryhm\u00e4n koko on 41 henkil\u00f6\u00e4 ja v\u00e4h\u00e4n enemm\u00e4n, jos ryhm\u00e4 on pienempi. Seura maksaa bussin. &#8211; Tarkemmat tiedot Matikaissanomissa.<br>&nbsp;<br>&nbsp;<br>Vuoden 2018 sukujuhla ja s\u00e4\u00e4nt\u00f6m\u00e4\u00e4r\u00e4inen sukukous onkin sitten taas Uukuniemell\u00e4 monen toivomuksesta. Hallituksen uusi varaj\u00e4sen Anneli Valkeap\u00e4\u00e4 on luvannut jatkaa siit\u00e4, mihin Uukuniemen historiaa k\u00e4sittelev\u00e4ss\u00e4 esitelm\u00e4ss\u00e4ni Kustavin sukukokouksessa 2016 j\u00e4in, eli h\u00e4n kertoo nyky-Uukuniemen palveluista ja muutenkin el\u00e4m\u00e4st\u00e4 siell\u00e4. Anneli on niit\u00e4 harvoja seuramme aktiivij\u00e4seni\u00e4mme, jotka tiet\u00e4v\u00e4t enemm\u00e4n Uukuniemen tilanteesta. &#8211; Olisikohan meill\u00e4 seurana velvollisuus tehd\u00e4 k\u00e4yt\u00e4nn\u00f6ss\u00e4 jotakin Uukuniemen hyv\u00e4ksi &#8211; ainakin liitty\u00e4 j\u00e4seneksi Uukuniemi-seuraan?<br>&nbsp;<br>Olen my\u00f6s miettinyt sit\u00e4, miss\u00e4 m\u00e4\u00e4rin seuramme mielt\u00e4\u00e4 itsens\u00e4 karjalaiseksi. Karjalaisten laulu ja Karjalan kunnailta ovat kyll\u00e4 kiinte\u00e4 osa sukutapaamistemme ohjelmaa. Mutta olisiko meill\u00e4 seurana kiinnostusta liitty\u00e4 Karjalan Liittoon, joka vaalii karjalaista kulttuuria? Minulle on kerrottu, ett\u00e4 jos seuran j\u00e4senist\u00e4 v\u00e4hint\u00e4\u00e4n viisi on j\u00e4senen\u00e4 Karjalan Liitossa, sukuseura voi maksutta liitty\u00e4 siihen. Ehk\u00e4 seuramme saisi sit\u00e4 kautta enemm\u00e4n n\u00e4kyvyytt\u00e4, samoin kuin entinen ja nykyinen Uukuniemi. Elik\u00e4 laita minulle viesti\u00e4, jos kuulut Karjalan Liittoon. itse toimin my\u00f6s Raision Karjalaseura ry:n puheenjohtajana. (Tietoni: Anneli Minks, Viskaalinkatu 3 as. 18, 21200 Raisio, s\u00e4hk\u00f6posti&nbsp;<a href=\"mailto:viskaali318@gmail.com\">viskaali318@gmail.com<\/a>, puh. 050-5722584).<br>&nbsp;<br>&nbsp;<br>Palaan viel\u00e4 kirjeen alkuun eli merkitsep\u00e4 ensi vuoden kalenteriin 5.8. kohdalle &#8221;sukuseuran tapaaminen Lahdessa&#8221;. Ja muistathan, ett\u00e4 seura sponsoroi j\u00e4senmaksunsa maksaneita retken kustannuksissa mahdollisuuksiensa mukaan. J\u00e4seni\u00e4 on t\u00e4ll\u00e4 hetkell\u00e4 117. Oikein mukavasti on j\u00e4senmaksuja maksettu, mutta joltakulta on saattanut unohtua.<br>&nbsp;<br>Ja viel\u00e4 kauniiksi lopuksi: Matti Matikainen puurtaa jo Matikaissanomien parissa, mutta viel\u00e4 ehdit l\u00e4hett\u00e4\u00e4 h\u00e4nelle materiaalia (<a href=\"mailto:mattimatikainen@hotmail.com\">mattimatikainen@hotmail.com<\/a>)<br>&nbsp;<br>Oikein mukavaa joulun odotusta!<br>t. Anneli pj.<br>&nbsp;<br>&nbsp;<br>&nbsp;<br><em><strong>Terveisi\u00e4 sukuseuran Kustavin Lomavalkaman sukukokouksesta 2016!<\/strong><\/em><br>&nbsp;<br>Olipa mukavaa taas n\u00e4hd\u00e4 sukua. Majoituspaikka oli mit\u00e4 hauskin, saaristolaisruoka maistui ja meri-ilma suorastaan helli meit\u00e4. Sukutapaamiseen kokoontui alun nelj\u00e4tt\u00e4kymment\u00e4 meit\u00e4 Uukuniemen Matikaisia.<br>&nbsp;<br>Tutustuimme Kustaviin aamuisella kiertoajelulla. Saaristokierroksen Br\u00e4nd\u00f6n saaristoon Ahvenanmaalle teimme bussilla oppaan kertoessa meille n\u00e4ht\u00e4vyyksist\u00e4. Kuulimme my\u00f6s monen monta paikallista tarinaa.&nbsp;<br>&nbsp;<br>Ja miss\u00e4 on Uukuniemen Matikaisia, siell\u00e4 my\u00f6s lauletaan. Saimme kuulla uuden<em>&nbsp;&#8221;Uukuniemen laulun&#8221;<\/em>&nbsp;Taivassalon Sanna-kanttorin esitt\u00e4m\u00e4n\u00e4. N\u00e4imme Anneli Minksin ohjaaman n\u00e4ytelm\u00e4n<em>&nbsp;&#8221;Hyv\u00e4 em\u00e4nd\u00e4ine&#8221;<\/em>, joka oli kirjoitettu livvinkarjalan kielell\u00e4. Pirkko Matikainen lausui suvun vaiheista kertovan oman runon<em>&nbsp;&#8221;Matikaisten sukukokous. Testamenttini&#8221;.<\/em><br>&nbsp;<br>Hallitus valittiin seuravaksi 2-vuotiskaudeksi, osa toimijoista vaihtui. Suunnittelimme seuraavaa kaksivuotiskautta ja seuraavia sukutapaamisia. Kiitos kaikille osallistuneille.<br>&nbsp;<br>L\u00e4mpim\u00e4t elokuun terveiset teille kaikille!<br>Sihteeri Sirpa Linna<br>&nbsp;<br>&nbsp;<br><strong>Tervetuloa sukutapaamiseen &nbsp;29. \u2013 31.7.2016!<\/strong><br>&nbsp;<br><strong>Suku on p\u00e4\u00e4ttym\u00e4t\u00f6n seikkailu.&nbsp; Jatkamme v. 2007 aloittamaamme seikkailua tulevana kes\u00e4n\u00e4 Lounais-Suomen saaristossa sijaitsevassa Kustavissa, joka itse\u00e4\u00e4n my\u00f6s saariston kuningaskunnaksi tituleeraa.<\/strong><br><strong>Ilmoittaudu mahdollisimman pian ja ainakin 8.7. menness\u00e4 Mirja Vesalaiselle puh. 0400372079 tai&nbsp;<\/strong><a href=\"mailto:mirja.dosentti@gmail.com\"><strong>mirja.dosentti@gmail.com<\/strong><\/a><strong>.&nbsp; Muista kertoa my\u00f6s ruokavaliotoiveesi Mirjalle. Ohjelma on perinteinen: varsinainen sukukokous, sukujuhla, seurustelua, saunomista, arpajaiset. Otathan mukaan my\u00f6s arpajaisvoittoja ja sukukirjan (Pirkko antaa sukujuhlassa vinkkej\u00e4 sen lukemiseen) sek\u00e4 sukuun liittyvi\u00e4 valokuvia.&nbsp; Mutta mik\u00e4 t\u00e4rkeint\u00e4: jos sinulla on ideoita, toiveita, omaa ohjelmaa tms., ilmoitathan siit\u00e4 minulle (puh. 050-5722584) tai&nbsp;<a href=\"mailto:viskaali318@gmail.com\">viskaali318@gmail.com<\/a>.<\/strong><br><strong>Valtaosa majoitustiloista on 4 hengen huoneita. Sovi Mirjan kanssa huonej\u00e4rjestelyist\u00e4. &nbsp;Hinta on 142 euroa\/hl\u00f6 ( + 8 euroa, ellet ota omia liinavaatteita mukaan).&nbsp; My\u00f6s asuntovaunuilla ja \u2013autoilla tulevien pit\u00e4\u00e4 ilmoittaa tulostaan Mirjalle.<\/strong><br>Osoite:&nbsp; Valkamantie 81, 23360 Kustavi<br>Ajo-ohjeet:<br><strong>Turun suunnasta:<\/strong>&nbsp;Aja Pori-Rauma (vt8)-tiet\u00e4 hieman Raision ohi ja k\u00e4\u00e4nny oikealle Kustavin suuntaan (mt192). Saavuttuasi Kustaviin k\u00e4\u00e4nny oikealle Pleikil\u00e4ntielle (mt1924). Aja Pleikil\u00e4ntiet\u00e4&nbsp; 7 km ja k\u00e4\u00e4nny oikealle Valkamantielle. Matkaa Turusta on n. 75 km.<br><strong>Porin suunnasta:&nbsp;<\/strong>Aja Pori-Rauma-Turku (vt8) tiet\u00e4 ja k\u00e4\u00e4nny Laitilasta (kt43) kohti Uuttakaupunkia. Jatka Ukista (mt196) kohti Taivassaloa, josta p\u00e4\u00e4set k\u00e4\u00e4ntym\u00e4\u00e4n Kustavin suuntaan (mt192). Saavuttuasi Kustaviin k\u00e4\u00e4nny oikealle Pleikil\u00e4ntielle (mt1924). Aja Pleikkil\u00e4ntiet\u00e4 7 km ja k\u00e4\u00e4nny oikealle Valkamantielle.<br>&nbsp;<br><strong>OHJELMA:<\/strong><br><strong>Perjantai 29.7.<\/strong><br><strong>klo 12&nbsp;&nbsp;&nbsp;&nbsp;&nbsp;&nbsp;&nbsp;&nbsp; Saapuminen ja majoittuminen<\/strong><br><strong>&nbsp;&nbsp;&nbsp;&nbsp;&nbsp;&nbsp;&nbsp;&nbsp;&nbsp;&nbsp;&nbsp;&nbsp;&nbsp;&nbsp;&nbsp;&nbsp;&nbsp;&nbsp;&nbsp; Tulokahvi<\/strong><br><strong>klo 16&nbsp;&nbsp;&nbsp;&nbsp;&nbsp;&nbsp;&nbsp;&nbsp; P\u00e4iv\u00e4llinen<\/strong><br><strong>klo 18&nbsp;&nbsp;&nbsp;&nbsp;&nbsp;&nbsp;&nbsp; Varsinainen sukukokous<\/strong><br><strong>&nbsp;&nbsp;&nbsp;&nbsp;&nbsp;&nbsp;&nbsp;&nbsp;&nbsp;&nbsp;&nbsp;&nbsp;&nbsp;&nbsp;&nbsp;&nbsp;&nbsp;&nbsp; Arpajaislippujen myynti alkaa<\/strong><br><strong>klo 20&nbsp;&nbsp;&nbsp;&nbsp;&nbsp;&nbsp;&nbsp; Sauna<\/strong><br><strong>&nbsp;&nbsp;&nbsp;&nbsp;&nbsp;&nbsp;&nbsp;&nbsp;&nbsp;&nbsp;&nbsp;&nbsp;&nbsp;&nbsp;&nbsp;&nbsp;&nbsp;&nbsp; Uintia, seurustelua, iltapala (savumuikut, salaatti, leip\u00e4\u00e4, keitetyt perunat, ruokajuomat)<\/strong><br><strong>&nbsp;&nbsp;&nbsp;&nbsp;&nbsp;&nbsp;&nbsp;&nbsp;&nbsp;&nbsp;&nbsp;&nbsp;&nbsp;&nbsp;&nbsp;&nbsp;&nbsp;&nbsp; Esittely<\/strong><br>&nbsp;<br><strong>Lauantai 30.7.<\/strong><br><strong>klo 8-9&nbsp;&nbsp;&nbsp;&nbsp;&nbsp;&nbsp;&nbsp;&nbsp;&nbsp; Kevyt aamupala (kahvi ja s\u00e4mpyl\u00e4)<\/strong><br><strong>klo 9-11&nbsp;&nbsp;&nbsp;&nbsp;&nbsp;&nbsp;&nbsp; Kiertoajelu Kustavissa (Kustavin Savipaja, Peterzens ym.)<\/strong><br><strong>klo 11&nbsp;&nbsp;&nbsp;&nbsp;&nbsp;&nbsp;&nbsp;&nbsp;&nbsp;&nbsp;&nbsp; Saaristolaisp\u00f6yt\u00e4 Lomavalkamassa<\/strong><br><strong>klo 12.30&nbsp;&nbsp;&nbsp;&nbsp;&nbsp; L\u00e4ht\u00f6 Br\u00e4nd\u00f6-retkelle bussilla (k\u00e4yd\u00e4\u00e4n 25 eri saarella, n\u00e4hd\u00e4\u00e4n paitsi upeaa merimaisemaa&nbsp;<\/strong><br><strong>&nbsp;&nbsp;&nbsp;&nbsp;&nbsp;&nbsp;&nbsp;&nbsp;&nbsp;&nbsp;&nbsp;&nbsp;&nbsp;&nbsp;&nbsp;&nbsp;&nbsp;&nbsp;&nbsp;&nbsp;&nbsp; &nbsp;pieni\u00e4 kyli\u00e4 kallioiden kupeissa ja saaristolaisel\u00e4m\u00e4\u00e4)<\/strong><br><strong>&nbsp;&nbsp;&nbsp;&nbsp;&nbsp;&nbsp;&nbsp;&nbsp;&nbsp;&nbsp;&nbsp;&nbsp;&nbsp;&nbsp;&nbsp;&nbsp;&nbsp;&nbsp;&nbsp;&nbsp;&nbsp;&nbsp; retkikahvit + valokuvaus, k\u00e4ynti perinteisess\u00e4 kyl\u00e4kaupassa ja Br\u00e4nd\u00f6n kirkossa<\/strong><br><strong>&nbsp;&nbsp;&nbsp;&nbsp;&nbsp;&nbsp;&nbsp;&nbsp;&nbsp;&nbsp;&nbsp;&nbsp;&nbsp;&nbsp;&nbsp;&nbsp;&nbsp;&nbsp;&nbsp;&nbsp;&nbsp;&nbsp; Mukana opas<\/strong><br><strong>klo 19.30&nbsp;&nbsp;&nbsp;&nbsp;&nbsp; Paluu Lomavalkamaan<\/strong><br><strong>&nbsp;&nbsp;&nbsp;&nbsp;&nbsp;&nbsp;&nbsp;&nbsp;&nbsp;&nbsp;&nbsp;&nbsp;&nbsp;&nbsp;&nbsp;&nbsp;&nbsp;&nbsp;&nbsp;&nbsp;&nbsp; Iltapala (kiusaukset ja salaatit, makkaraa voi ostaa grillattavaksi)<\/strong><br><strong>klo 21&nbsp;&nbsp;&nbsp;&nbsp;&nbsp;&nbsp;&nbsp;&nbsp;&nbsp;&nbsp; Sauna<\/strong><br><strong>&nbsp;&nbsp;&nbsp;&nbsp;&nbsp;&nbsp;&nbsp;&nbsp;&nbsp;&nbsp;&nbsp;&nbsp;&nbsp;&nbsp;&nbsp;&nbsp;&nbsp;&nbsp;&nbsp;&nbsp;&nbsp; Arpajaiset ja yhteist\u00e4 illanviettoa<\/strong><br>&nbsp;<br><strong>Sunnuntai&nbsp; 31.7.<\/strong><br><strong>klo 8-9&nbsp;&nbsp;&nbsp;&nbsp;&nbsp;&nbsp;&nbsp;&nbsp; Aamiaisp\u00f6yt\u00e4<\/strong><br><strong>klo 10 &#8211;&nbsp;&nbsp;&nbsp;&nbsp;&nbsp;&nbsp;&nbsp; Sukujuhla<\/strong><br><strong>klo 13&nbsp;&nbsp;&nbsp;&nbsp; &nbsp;&nbsp;&nbsp;&nbsp;&nbsp;Juhlalounas (mukailtu varsinaissuomalainen&nbsp; pitop\u00f6yt\u00e4 t\u00e4ytekakkuineen<\/strong><br><strong>klo 14.30&nbsp;&nbsp;&nbsp;&nbsp; Hyv\u00e4\u00e4 kotimatkaa! Tavataan vuonna 2017 tai viimeist\u00e4\u00e4n 2018!<\/strong><br>&nbsp;<br><strong>Muistathan maksaa j\u00e4senmaksun 15 euroa\/hl\u00f6.&nbsp; Sukuseura sponsoroi mahdollisimman paljon sukujuhlasta koituvia kuluja ja hankkii suvun suunnittelemia tuotteita.<\/strong><br><strong>Matin mainiot Matikaissanomat ilmestyy taas kev\u00e4\u00e4ll\u00e4. L\u00e4het\u00e4 Matille artikkeleita, tietoja merkkip\u00e4ivist\u00e4, syntyneist\u00e4, kuolleista, valmistuneista jne., Lehteen voit l\u00e4hett\u00e4\u00e4 my\u00f6s mainoksia. &nbsp;<a href=\"mailto:mattimatikainen@hotmail.com\">mattimatikainen@hotmail.com<\/a><\/strong><br><strong>&#8212;&#8212;&#8212;&#8212;&#8211;<\/strong><br>Kustavi on saanut nimens\u00e4 kuningas Kustaa III:sta, joka v. 1783 antoi entiselle Kivimaalle luvan perustaa sinne kirkon. Kustavi on nyky\u00e4\u00e4n tunnettu my\u00f6s Volter Kilpi &#8211; kirjallisuusviikosta hein\u00e4kuussa.<br>&nbsp;Lomavalkama puolestaan on Varsinais-Suomen raittiusv\u00e4en perustama lomakeskus, joka on toiminut keskeytyksett\u00e4 vuodesta 1967 asti. Sit\u00e4 ennen se oli vanha kalastajatila.<br>&nbsp;<br><strong>L\u00e4mpim\u00e4sti tervetuloa!<\/strong><br><strong>t. Anneli pj.<\/strong><br>&nbsp;&nbsp;&nbsp;&nbsp;<br>&nbsp;<br>&nbsp;<br>Uukuniemen Matikaiset &nbsp;sukuseura ry.&nbsp;&nbsp;&nbsp;&nbsp;&nbsp;<br>&nbsp;&nbsp;&nbsp;&nbsp;&nbsp;&nbsp;&nbsp;&nbsp;&nbsp;&nbsp;&nbsp;&nbsp;&nbsp;&nbsp;&nbsp;&nbsp;&nbsp;&nbsp;&nbsp;&nbsp;&nbsp;&nbsp;&nbsp;&nbsp;&nbsp;&nbsp;&nbsp;&nbsp;&nbsp;&nbsp;&nbsp;&nbsp;&nbsp;&nbsp;&nbsp;&nbsp;&nbsp;&nbsp;&nbsp;&nbsp;&nbsp;&nbsp;&nbsp;&nbsp;&nbsp;&nbsp;&nbsp;&nbsp;&nbsp;&nbsp;&nbsp;&nbsp;&nbsp;&nbsp;&nbsp;&nbsp; &nbsp;&nbsp;&nbsp;&nbsp;&nbsp;&nbsp;&nbsp;&nbsp;&nbsp;&nbsp;&nbsp;&nbsp;&nbsp;&nbsp;&nbsp;&nbsp;&nbsp;&nbsp;&nbsp;&nbsp;&nbsp;&nbsp;&nbsp;&nbsp;&nbsp;&nbsp;&nbsp;&nbsp;&nbsp;J\u00e4senkirje 2\/2015<br>&nbsp;<br>Hyv\u00e4 sukuseuran j\u00e4sen!<\/p>\n\n\n\n<p>Kokoonnuimme taas hallituksen voimin Pirkon luokse Helsinkiin pohtimaan sukuseuran asioita. Hienoisen pettynein\u00e4 totesimme, ett\u00e4 Viipurin risteily oli peruttava, koska l\u00e4htij\u00f6it\u00e4 oli liian v\u00e4h\u00e4n (4). Mutta sit\u00e4kin suuremmalla innolla l\u00e4hdimme suunnittelemaan ensi kes\u00e4n sukujuhlaa. Niinp\u00e4 hallitus ylpe\u00e4n\u00e4 ilmoittaa, ett\u00e4 sukukokous j\u00e4rjestet\u00e4\u00e4n ensi kes\u00e4n\u00e4 Turun upeassa saaristossa Kustavin Loma-Valkamassa &nbsp;29.-31.7.&nbsp; Tiedossa on mit\u00e4 ihanimpia maisemia, meren tuoksua, maukasta ruokaa ja mik\u00e4 t\u00e4rkeint\u00e4, iloista j\u00e4lleenn\u00e4kemist\u00e4 mukavien sukulaisten kanssa.<br>L\u00e4het\u00e4mme tarkemman ohjelman ensi vuoden puolella.&nbsp; Mutta kaiva jo nyt esiin ensi vuoden kalenterisi ja merkitse vuoden 2016 ykk\u00f6stapahtumaksi sukuseuran tapaaminen, jota mik\u00e4\u00e4n ei ohita!<br>Kustannuksetkaan eiv\u00e4t tule esteeksi, koska hallitus pyrkii sponsoroimaan tapaamista niin paljon kuin mahdollista, kunhan muistat maksaa j\u00e4senmaksusi \u00e1 15 euroa.<br>Matti Matikaisen toimittamana saamme taas upean lehden, mutta Matti kaipaa siihen juttuja, tarinoita, runoja, valokuvia, tietoja suvun tapahtumista tai mihin nyt luovuutesi ylt\u00e4\u00e4k\u00e4\u00e4n.<br>&nbsp;<br>L\u00e4mpimin terveisin<br>&nbsp;&nbsp;&nbsp;&nbsp;&nbsp;&nbsp;&nbsp;&nbsp;&nbsp;&nbsp;&nbsp;&nbsp;&nbsp;&nbsp;&nbsp;&nbsp;&nbsp;&nbsp; Anneli pj.<br>&nbsp;<\/p>\n\n\n\n<p>&nbsp;<br>Hyv\u00e4 Uukuniemen Matikainen!&nbsp;&nbsp;&nbsp;&nbsp;&nbsp;&nbsp;&nbsp;&nbsp;&nbsp;&nbsp;&nbsp;&nbsp;&nbsp;&nbsp;&nbsp;&nbsp;&nbsp;&nbsp;&nbsp;&nbsp;&nbsp;&nbsp;&nbsp;&nbsp;&nbsp;&nbsp;&nbsp;&nbsp;&nbsp;&nbsp;&nbsp;&nbsp;&nbsp;&nbsp;&nbsp;&nbsp;&nbsp;&nbsp;&nbsp;&nbsp;&nbsp;&nbsp;&nbsp;&nbsp;&nbsp;&nbsp;&nbsp;&nbsp;&nbsp;&nbsp;&nbsp;&nbsp;&nbsp;&nbsp;&nbsp;&nbsp;&nbsp;&nbsp;&nbsp;&nbsp;&nbsp;&nbsp;&nbsp;&nbsp;&nbsp;&nbsp;&nbsp;&nbsp;&nbsp;&nbsp;&nbsp;&nbsp;&nbsp;&nbsp;&nbsp;&nbsp;&nbsp;&nbsp;&nbsp;&nbsp;&nbsp;&nbsp;&nbsp;&nbsp; J\u00e4senkirje 2\/2014<\/p>\n\n\n\n<p>Vuosi l\u00e4henee taas loppuaan. Ainainen ihmetyksen aihe on, miten nopeasti aika kuluukaan!<\/p>\n\n\n\n<p>Kokoonnuimme kuluneena vuotena hallituksen kokouksiin j\u00e4lleen Helsinkiin Pirkon luokse, kuten aina ennenkin,&nbsp; hallituksen j\u00e4senet kun asuvat varsin hajallaan \u2013 Mirja Liedossa, Terho Savonlinnassa, Matti Lappeenrannassa, sihteeri Sirpa Turussa ja min\u00e4 Raisiossa, varaj\u00e4sen Raija Porvoossa ja\/tai Lahdessa ja toinen varaj\u00e4sen Eira Jyv\u00e4skyl\u00e4ss\u00e4.&nbsp; T\u00e4m\u00e4 tiet\u00e4\u00e4 tietenkin matkakuluja seuralle, joskin me Mirjan ja Sirpan kanssa olemme Onnibussin ansiosta p\u00e4\u00e4sseet viime aikoina halvemmalla.<\/p>\n\n\n\n<p>Edellisest\u00e4 tuli mieleeni, pit\u00e4isik\u00f6h\u00e4n seuraava hallitus valita kokonaan vaikka Helsingin tai Lappeenrannan&nbsp; seuduilta tai jostain muualta. N\u00e4in saataisiin my\u00f6s enemm\u00e4n paikallista v\u00e4ri\u00e4 ja uusia ideoitakin seuramme toimintaan.<\/p>\n\n\n\n<p>Viimekes\u00e4isest\u00e4 tapaamisestamme ainakin minulle j\u00e4i hyvin l\u00e4mmin muisto, johon on mukava palata&nbsp; t\u00e4llaisena harmaana ja sateisena p\u00e4iv\u00e4n\u00e4, jollaista&nbsp; s\u00e4\u00e4 t\u00e4\u00e4ll\u00e4 Raisiossa on. Samanlainen oli s\u00e4\u00e4 kyll\u00e4kin my\u00f6s Turussa, josta juuri palasin kotiin.&nbsp; Eilen maa oli yll\u00e4tt\u00e4en v\u00e4h\u00e4n aikaa valkoinen, mutta t\u00e4n\u00e4\u00e4n lumesta ei ole j\u00e4lke\u00e4k\u00e4\u00e4n.<\/p>\n\n\n\n<p>Meit\u00e4 oli Savonlinnassa taas iloinen ja runsas joukko Uukuniemen Matikaisia. Kuten sihteeri Sirpa kertoi, aurinko paistoi t\u00e4ydelt\u00e4 ter\u00e4lt\u00e4\u00e4n ja Savonlinna oli kuvankaunis, kuten ennenkin. Mannila, jossa majoituimme, oli l\u00e4mminhenkinen ja mukava perheyritys, majoitus viihtyis\u00e4\u00e4 ja ruoka maittavaa, mutta ei kuitenkaan vet\u00e4nyt vertoja Terhon muikuille. Terholle viel\u00e4 kerran kiitos j\u00e4rjestelyist\u00e4! Joulupukki varmaan muistaa Terhoa aivan erityisesti.<\/p>\n\n\n\n<p>K\u00e4vimme paluumatkalla veljieni kanssa my\u00f6s Uukuniemell\u00e4. K\u00e4vimme kirkolla ja hautausmaalla, miss\u00e4 kaikki oli kunnossa. Harmi vaan, ett\u00e4 Uukuniemi ei en\u00e4\u00e4 ole itsen\u00e4inen kunta. \u2013 Muuten, olettehan panneet merkille jokakes\u00e4iset Uukuniemi-juhlat! Ehk\u00e4 joku teist\u00e4 k\u00e4ykin siell\u00e4, joten laittakaapa viesti\u00e4. Meill\u00e4 t\u00e4\u00e4ll\u00e4 Raisiossa asuu my\u00f6s Uukuniemi-faneja \u2013 Pauli Pitk\u00e4nen ja Teuvo P\u00f6ll\u00e4nen, jotka molemmat ovat ahkeria Uukuniemi-juhlien k\u00e4vij\u00f6it\u00e4. Paulin kanssa pid\u00e4mme Raision Karjalaseurassa Uukuniemen lippua korkealla, min\u00e4 puheenjohtajana ja Pauli varapuheenjohtajana.<\/p>\n\n\n\n<p>Mit\u00e4 vuoden 2015 kes\u00e4n ohjelmaan tulee, Matti sai ja otti teht\u00e4v\u00e4kseen organisoida matkan Saimaan kanavan kautta Viipuriin. J\u00e4\u00e4mme j\u00e4nnityksell\u00e4 odottamaan, mit\u00e4 tuleman pit\u00e4\u00e4. Muuten \u2013 olin itse viime toukokuussa Viipurissa ja totesin sen nykyisell\u00e4\u00e4n varsin vieh\u00e4tt\u00e4v\u00e4ksi kaupungiksi.<\/p>\n\n\n\n<p>Moni on varmaan jo tilannutkin esim. joululahjaksi Mirjalta sukuseuramme tuotteita, mutta palautan viel\u00e4 mieliin, mit\u00e4 meill\u00e4 on:<\/p>\n\n\n\n<p>T-paita (musta ja valkoinen), lippis molemmissa sukuseuran logo \u00e1 12 euroa, pitk\u00e4hihainen T-paita&nbsp; \u00e1 17,50<\/p>\n\n\n\n<p>(tilaus Mirjalta&nbsp;<a href=\"mailto:mirja.dosentti@gmail.com\">mirja.dosentti@gmail.com<\/a>&nbsp;tai puh. 0400 372 079)<\/p>\n\n\n\n<p>Sukuseuran standaari \u00e1 50 euroa (tilaus Terholta&nbsp;<a href=\"mailto:terppo.olavi@gmail.com\">terppo.olavi@gmail.com<\/a>&nbsp;tai puh.050 495 7345)&nbsp;&nbsp;&nbsp;&nbsp; &nbsp;<\/p>\n\n\n\n<p>Uukuniemen Matikaiset- sukukirjan, jolle muut sukukirjat eiv\u00e4t ved\u00e4 vertoja, voit tilata Pirkolta, puh. 0400 774 103. Tilaa ennen kuin Pirkon varasto tyhjenee, uutta painosta tuskin tulee.<\/p>\n\n\n\n<p>Viel\u00e4 lopuksi: Matti kaipaa juttuja, valokuvia ja ilmoituksia perhetapahtumista Matikaissanomiin (<a href=\"mailto:mattimatikainen@hotmail.com\">mattimatikainen@hotmail.com<\/a>).<\/p>\n\n\n\n<p>Vihoviimeiseksi viel\u00e4 Uukuniemen Matikaisten sukuseura ry.:n j\u00e4senmaksutilin numero FI60 5319 8320 0219 40 \u00e1 15 euroa.<\/p>\n\n\n\n<p>Oikein&nbsp; l\u00e4mmint\u00e4&nbsp; ja&nbsp;&nbsp; levollista&nbsp; joulua&nbsp; kaikille!<\/p>\n\n\n\n<p>t. Anneli pj.<\/p>\n\n\n\n<p>puh. 050 5722584&nbsp; (<a href=\"mailto:viskaali318@gmail.com\">viskaali318@gmail.com<\/a>)<br>&nbsp;<br>&nbsp;<\/p>\n\n\n\n<p>&nbsp;<br>Terveisi\u00e4 Punkaharjulta ja Savonlinnasta! &nbsp;<\/p>\n\n\n\n<p>Taas oli oikein mukavaa n\u00e4hd\u00e4 sukua. Paikka oli upea, palvelu pelasi ja s\u00e4\u00e4 helli meit\u00e4. Sukutapaamiseen Maatilamatkailu Mannilaan kokoontui alun nelj\u00e4tt\u00e4kymment\u00e4 Uukuniemen Matikaista. Tutustuimme Savonlinnan kaupunkiin ja ymp\u00e4rist\u00f6\u00f6n kiertoajelulla ja vesibussiristeilyll\u00e4. Vierailimme my\u00f6s Olavinlinnassa.<br>Entinen hallitus valittiin seuraavaksi 2-vuotiskaudeksi. Suunnittelimme seuraavia sukutapaamisia. Kiitos kaikille osallistuneille!<\/p>\n\n\n\n<p>Sirpa Linna, sihteeri<\/p>\n\n\n\n<p><br>&nbsp;<\/p>\n\n\n\n<p>Uukuniemen Matikaiset-sukuseura ry.&nbsp;&nbsp;&nbsp;&nbsp;&nbsp;&nbsp;&nbsp;&nbsp;&nbsp;&nbsp;&nbsp;&nbsp;&nbsp;&nbsp;&nbsp;&nbsp;&nbsp;&nbsp;&nbsp;&nbsp;&nbsp;&nbsp;&nbsp;&nbsp;&nbsp;&nbsp;&nbsp;&nbsp;&nbsp;&nbsp;&nbsp;&nbsp;&nbsp;&nbsp;&nbsp;&nbsp;&nbsp;&nbsp;&nbsp;&nbsp;&nbsp;&nbsp;&nbsp;&nbsp;&nbsp;&nbsp;&nbsp;&nbsp;&nbsp;&nbsp;&nbsp;&nbsp;&nbsp;&nbsp;&nbsp;&nbsp;&nbsp;&nbsp;&nbsp;&nbsp;&nbsp;&nbsp;&nbsp;&nbsp;&nbsp;&nbsp;&nbsp;&nbsp;&nbsp;&nbsp;&nbsp;&nbsp;&nbsp;&nbsp;&nbsp;&nbsp; J\u00e4senkirje 1\/2014<\/p>\n\n\n\n<p>Savonlinna ja Punkaharju kutsuvat 1.-3.8.!<\/p>\n\n\n\n<p>Nyt hallitus on hionut sukutapaamisemme yksityiskohdat kuntoon, joten pid\u00e4p\u00e4 kiirett\u00e4 ja varaa itsellesi majoitus Maatilamatkailu Mannilasta, Koskelonniementie 127, 58450 Punkaharju. L\u00e4hemm\u00e4t&nbsp; tiedot Mannilasta l\u00f6ytyv\u00e4t netist\u00e4, jos sinulla sellainen on k\u00e4yt\u00f6ss\u00e4si&nbsp;<a href=\"http:\/\/www.maatilamatkailumannila.com\/\">www.maatilamatkailumannila.com<\/a>&nbsp;. Yrityksen kotisivulla&nbsp; on \u201dyhteydenottolomake\u201d, jota napsauttamalla voit ilmoittautua s\u00e4hk\u00f6postitse. Ellei t\u00e4m\u00e4 onnistu, niin soita puh. 015 644 400. Terho Matikainen on varannut meille max. 80 majoituspaikkaa. My\u00f6s asuntovaunu- ja telttapaikkoja l\u00f6ytyy. Ilmoittaudu 25.7. menness\u00e4 Mannilaan ja samalla my\u00f6s Terholle. Terho on luvannut&nbsp; vastata kaikkiin kysymyksiin (GSM 050-4957345, s\u00e4hk\u00f6posti&nbsp;<a href=\"mailto:terppo.olavi@gmail.com\">terppo.olavi@gmail.com<\/a>). Toki voit k\u00e4\u00e4nty\u00e4&nbsp; my\u00f6s hallituksen puoleen (yhteystiedot kirjeen lopussa). Ts. jokainen hoitaa nyt majoittumiseen ja ruokailuun liittyv\u00e4t asiat liittyv\u00e4t asiat suoraan Mannilan kanssa. &nbsp;<\/p>\n\n\n\n<p>Ja viel\u00e4 huom.! nyt kannattaa tsekata, ett\u00e4 j\u00e4senmaksu on varmasti maksettu, sill\u00e4 seura pyrkii mahdollisuuksiensa mukaan sponsoroimaan j\u00e4seni\u00e4 (seuran tili on FI60 5319 8320 0219 40). Seura maksaa esim. lauantain bussimatkan Savonlinnaan, iltapalat ym.<\/p>\n\n\n\n<p>Majoituspaikkamme on siis Maatilamatkailu Mannilassa, mutta kokoukset ja ruokailu iltapalaa lukuun ottamatta ovat ravintola Rantakatissa, jonne on k\u00e4velt\u00e4v\u00e4 noin 800 m.<\/p>\n\n\n\n<p>Ohjelmamme on seuraavanlainen:<\/p>\n\n\n\n<p>Perjantai 1.8. klo 12.00&nbsp;&nbsp;&nbsp;&nbsp;&nbsp;&nbsp;&nbsp;&nbsp;&nbsp;&nbsp;&nbsp;&nbsp;&nbsp;&nbsp;&nbsp;&nbsp;&nbsp;&nbsp;&nbsp;&nbsp;&nbsp;&nbsp;&nbsp;&nbsp;&nbsp;&nbsp;&nbsp; ilmoittautuminen ja tulokahvit (ravintola Rantakatti)&nbsp;&nbsp;&nbsp;<br>&nbsp;&nbsp;&nbsp;&nbsp;&nbsp;&nbsp;&nbsp;&nbsp;&nbsp;&nbsp;&nbsp;&nbsp;&nbsp;&nbsp;&nbsp;&nbsp;&nbsp;&nbsp;&nbsp;&nbsp;&nbsp;&nbsp;&nbsp;&nbsp;&nbsp;&nbsp;&nbsp;&nbsp;&nbsp;&nbsp;&nbsp;&nbsp;&nbsp;&nbsp;&nbsp;&nbsp;&nbsp;&nbsp;&nbsp;&nbsp;&nbsp;&nbsp;&nbsp;&nbsp;&nbsp;&nbsp;&nbsp;&nbsp;&nbsp;&nbsp;&nbsp;&nbsp;&nbsp;&nbsp;&nbsp;&nbsp;&nbsp;&nbsp;&nbsp;&nbsp;&nbsp;&nbsp;&nbsp;&nbsp;&nbsp;&nbsp;&nbsp;&nbsp;&nbsp; majoittuminen Maatilamatkailu Mannilaan<br>&nbsp;&nbsp;&nbsp;&nbsp;&nbsp;&nbsp;&nbsp;&nbsp;&nbsp;&nbsp;&nbsp;&nbsp;&nbsp;&nbsp;&nbsp;&nbsp;&nbsp;&nbsp;&nbsp;&nbsp;&nbsp;&nbsp;&nbsp;&nbsp;&nbsp;&nbsp;&nbsp;&nbsp;&nbsp;&nbsp;&nbsp; 16.00&nbsp;&nbsp;&nbsp;&nbsp;&nbsp;&nbsp;&nbsp;&nbsp;&nbsp;&nbsp;&nbsp;&nbsp;&nbsp;&nbsp;&nbsp;&nbsp;&nbsp;&nbsp;&nbsp;&nbsp;&nbsp;&nbsp;&nbsp;&nbsp;&nbsp;&nbsp;&nbsp; ruokailu (oman valinnan mukaan) ravintola Rantakatti<br>&nbsp;&nbsp;&nbsp;&nbsp;&nbsp;&nbsp;&nbsp;&nbsp;&nbsp;&nbsp;&nbsp;&nbsp;&nbsp;&nbsp;&nbsp;&nbsp;&nbsp;&nbsp;&nbsp;&nbsp;&nbsp;&nbsp;&nbsp;&nbsp;&nbsp;&nbsp;&nbsp;&nbsp;&nbsp;&nbsp;&nbsp; 18.00 &#8211;&nbsp; 19.00&nbsp;&nbsp;&nbsp;&nbsp;&nbsp;&nbsp;&nbsp;&nbsp;&nbsp;&nbsp;&nbsp;&nbsp; varsinainen sukukokous, esill\u00e4 s\u00e4\u00e4nt\u00f6m\u00e4\u00e4r\u00e4iset asiat<br>&nbsp;&nbsp;&nbsp;&nbsp;&nbsp;&nbsp;&nbsp;&nbsp;&nbsp;&nbsp;&nbsp;&nbsp;&nbsp;&nbsp;&nbsp;&nbsp;&nbsp;&nbsp;&nbsp;&nbsp;&nbsp;&nbsp;&nbsp;&nbsp;&nbsp;&nbsp;&nbsp;&nbsp;&nbsp;&nbsp;&nbsp;&nbsp;&nbsp;&nbsp;&nbsp;&nbsp;&nbsp;&nbsp;&nbsp;&nbsp;&nbsp;&nbsp;&nbsp;&nbsp;&nbsp;&nbsp;&nbsp;&nbsp;&nbsp;&nbsp;&nbsp;&nbsp;&nbsp;&nbsp;&nbsp;&nbsp;&nbsp;&nbsp;&nbsp;&nbsp;&nbsp;&nbsp;&nbsp;&nbsp;&nbsp;&nbsp;&nbsp;&nbsp;&nbsp; Rantakatin kokoustilat&nbsp;&nbsp;&nbsp;&nbsp;&nbsp;&nbsp;&nbsp;&nbsp;&nbsp;&nbsp;&nbsp;&nbsp;&nbsp;&nbsp;&nbsp;&nbsp;&nbsp;&nbsp;&nbsp;&nbsp;&nbsp;&nbsp;&nbsp;&nbsp;&nbsp;&nbsp;&nbsp;&nbsp;&nbsp;&nbsp;&nbsp;&nbsp;&nbsp;&nbsp;&nbsp;&nbsp;&nbsp;&nbsp;&nbsp;<br>&nbsp;&nbsp;&nbsp;&nbsp;&nbsp;&nbsp;&nbsp;&nbsp;&nbsp;&nbsp;&nbsp;&nbsp;&nbsp;&nbsp;&nbsp;&nbsp;&nbsp;&nbsp;&nbsp;&nbsp;&nbsp;&nbsp;&nbsp;&nbsp;&nbsp;&nbsp;&nbsp;&nbsp;&nbsp;&nbsp;&nbsp; 19.00 \u2013 20.00&nbsp;&nbsp;&nbsp;&nbsp;&nbsp;&nbsp;&nbsp;&nbsp;&nbsp;&nbsp;&nbsp;&nbsp; tervetuloa! Rantakatin kokoustila<br>&nbsp;&nbsp;&nbsp;&nbsp;&nbsp;&nbsp;&nbsp;&nbsp;&nbsp;&nbsp;&nbsp;&nbsp;&nbsp;&nbsp;&nbsp;&nbsp;&nbsp;&nbsp;&nbsp;&nbsp;&nbsp;&nbsp;&nbsp;&nbsp;&nbsp;&nbsp;&nbsp;&nbsp;&nbsp;&nbsp;&nbsp;&nbsp;&nbsp;&nbsp;&nbsp;&nbsp;&nbsp;&nbsp;&nbsp;&nbsp;&nbsp;&nbsp;&nbsp;&nbsp;&nbsp;&nbsp;&nbsp;&nbsp;&nbsp;&nbsp;&nbsp;&nbsp;&nbsp;&nbsp;&nbsp;&nbsp;&nbsp;&nbsp;&nbsp;&nbsp;&nbsp;&nbsp;&nbsp;&nbsp;&nbsp;&nbsp;&nbsp;&nbsp; yhteist\u00e4 seurustelua<br>&nbsp;&nbsp;&nbsp;&nbsp;&nbsp;&nbsp;&nbsp;&nbsp;&nbsp;&nbsp;&nbsp;&nbsp;&nbsp;&nbsp;&nbsp;&nbsp;&nbsp;&nbsp;&nbsp;&nbsp;&nbsp;&nbsp;&nbsp;&nbsp;&nbsp;&nbsp;&nbsp;&nbsp;&nbsp;&nbsp;&nbsp;&nbsp;&nbsp;&nbsp;&nbsp;&nbsp;&nbsp;&nbsp;&nbsp;&nbsp;&nbsp;&nbsp;&nbsp;&nbsp;&nbsp;&nbsp;&nbsp;&nbsp;&nbsp;&nbsp;&nbsp;&nbsp;&nbsp;&nbsp;&nbsp;&nbsp;&nbsp;&nbsp;&nbsp;&nbsp;&nbsp;&nbsp;&nbsp;&nbsp;&nbsp;&nbsp;&nbsp;&nbsp; grillausta<\/p>\n\n\n\n<p>Lauantai 2.8.klo&nbsp;&nbsp; 8.00&nbsp;&nbsp;&nbsp;&nbsp;&nbsp;&nbsp;&nbsp;&nbsp;&nbsp;&nbsp;&nbsp;&nbsp;&nbsp;&nbsp;&nbsp;&nbsp;&nbsp;&nbsp;&nbsp;&nbsp;&nbsp;&nbsp;&nbsp;&nbsp;&nbsp;&nbsp;&nbsp;&nbsp; aamupala Ravintola Rantakatti<br>&nbsp;&nbsp;&nbsp;&nbsp;&nbsp;&nbsp;&nbsp;&nbsp;&nbsp;&nbsp;&nbsp;&nbsp;&nbsp;&nbsp;&nbsp;&nbsp;&nbsp;&nbsp;&nbsp;&nbsp;&nbsp;&nbsp;&nbsp;&nbsp;&nbsp;&nbsp;&nbsp;&nbsp;&nbsp;&nbsp;&nbsp; 9.00&nbsp;&nbsp;&nbsp;&nbsp;&nbsp;&nbsp;&nbsp;&nbsp;&nbsp;&nbsp;&nbsp;&nbsp;&nbsp;&nbsp;&nbsp;&nbsp;&nbsp;&nbsp;&nbsp;&nbsp;&nbsp;&nbsp;&nbsp;&nbsp;&nbsp;&nbsp;&nbsp;&nbsp; l\u00e4ht\u00f6 Savonlinnaan bussilla<br>&nbsp;&nbsp;&nbsp;&nbsp;&nbsp;&nbsp;&nbsp;&nbsp;&nbsp;&nbsp;&nbsp;&nbsp;&nbsp;&nbsp;&nbsp;&nbsp;&nbsp;&nbsp;&nbsp;&nbsp;&nbsp;&nbsp;&nbsp;&nbsp;&nbsp;&nbsp;&nbsp;&nbsp;&nbsp;&nbsp;&nbsp; 10.00 \u2013 11.00&nbsp;&nbsp;&nbsp;&nbsp;&nbsp;&nbsp;&nbsp;&nbsp;&nbsp;&nbsp;&nbsp; risteily Ievalla&nbsp; (\u00e1 7 e)<br>&nbsp;&nbsp;&nbsp;&nbsp;&nbsp;&nbsp;&nbsp;&nbsp;&nbsp;&nbsp;&nbsp;&nbsp;&nbsp;&nbsp;&nbsp;&nbsp;&nbsp;&nbsp;&nbsp;&nbsp;&nbsp;&nbsp;&nbsp;&nbsp;&nbsp;&nbsp;&nbsp;&nbsp;&nbsp;&nbsp;&nbsp; 11.15 &#8211;&nbsp;&nbsp;&nbsp;&nbsp;&nbsp;&nbsp;&nbsp;&nbsp;&nbsp;&nbsp;&nbsp;&nbsp;&nbsp;&nbsp;&nbsp;&nbsp;&nbsp;&nbsp;&nbsp;&nbsp;&nbsp;&nbsp;&nbsp; ruokailu Savonlinnan ABC:ss\u00e4 ( \u00e1 n. 10 e, bussikuljetus, ilmoita<br>&nbsp;&nbsp;&nbsp;&nbsp;&nbsp;&nbsp;&nbsp;&nbsp;&nbsp;&nbsp;&nbsp;&nbsp;&nbsp;&nbsp;&nbsp;&nbsp;&nbsp;&nbsp;&nbsp;&nbsp;&nbsp;&nbsp;&nbsp;&nbsp;&nbsp;&nbsp;&nbsp;&nbsp;&nbsp;&nbsp;&nbsp;&nbsp;&nbsp;&nbsp;&nbsp;&nbsp;&nbsp;&nbsp;&nbsp;&nbsp;&nbsp;&nbsp;&nbsp;&nbsp;&nbsp;&nbsp;&nbsp;&nbsp;&nbsp;&nbsp;&nbsp;&nbsp;&nbsp;&nbsp;&nbsp;&nbsp;&nbsp;&nbsp;&nbsp;&nbsp;&nbsp;&nbsp;&nbsp;&nbsp;&nbsp;&nbsp;&nbsp; Terolle ilmoittautumisen yhteydess\u00e4, osallistutko ruokailuun)<br>&nbsp;&nbsp;&nbsp;&nbsp;&nbsp;&nbsp;&nbsp;&nbsp;&nbsp;&nbsp;&nbsp;&nbsp;&nbsp;&nbsp;&nbsp;&nbsp;&nbsp;&nbsp;&nbsp;&nbsp;&nbsp;&nbsp;&nbsp;&nbsp;&nbsp;&nbsp;&nbsp;&nbsp;&nbsp;&nbsp;&nbsp; 13.30 \u2013 14.30&nbsp;&nbsp;&nbsp;&nbsp;&nbsp;&nbsp;&nbsp;&nbsp;&nbsp;&nbsp;&nbsp; opastettu kierros Olavinlinnassa (ryhm\u00e4lt\u00e4 70 e)<br>&nbsp;&nbsp;&nbsp;&nbsp;&nbsp;&nbsp;&nbsp;&nbsp;&nbsp;&nbsp;&nbsp;&nbsp;&nbsp;&nbsp;&nbsp;&nbsp;&nbsp;&nbsp;&nbsp;&nbsp;&nbsp;&nbsp;&nbsp;&nbsp;&nbsp;&nbsp;&nbsp;&nbsp;&nbsp;&nbsp;&nbsp; 14.30 &#8211;&nbsp;&nbsp;&nbsp;&nbsp;&nbsp;&nbsp;&nbsp;&nbsp;&nbsp;&nbsp;&nbsp;&nbsp;&nbsp;&nbsp;&nbsp;&nbsp;&nbsp;&nbsp;&nbsp;&nbsp;&nbsp;&nbsp;&nbsp; vapaata tutustumista Savonlinnaan&nbsp;&nbsp;&nbsp;&nbsp;&nbsp;&nbsp;&nbsp;&nbsp;&nbsp;&nbsp;&nbsp;&nbsp;&nbsp;&nbsp;&nbsp;&nbsp;&nbsp;&nbsp;&nbsp;&nbsp;&nbsp;&nbsp;&nbsp;&nbsp;<br>&nbsp;&nbsp;&nbsp;&nbsp;&nbsp;&nbsp;&nbsp;&nbsp;&nbsp;&nbsp;&nbsp;&nbsp;&nbsp;&nbsp;&nbsp;&nbsp;&nbsp;&nbsp;&nbsp;&nbsp;&nbsp;&nbsp;&nbsp;&nbsp;&nbsp;&nbsp;&nbsp;&nbsp;&nbsp;&nbsp;&nbsp; 16.00&nbsp;&nbsp;&nbsp;&nbsp;&nbsp;&nbsp;&nbsp;&nbsp;&nbsp;&nbsp;&nbsp;&nbsp;&nbsp;&nbsp;&nbsp;&nbsp;&nbsp;&nbsp;&nbsp;&nbsp;&nbsp;&nbsp;&nbsp;&nbsp;&nbsp; paluu Mannilaan Punkaharjun kautta<br>&nbsp;&nbsp;&nbsp;&nbsp;&nbsp;&nbsp;&nbsp;&nbsp;&nbsp;&nbsp;&nbsp;&nbsp;&nbsp;&nbsp;&nbsp;&nbsp;&nbsp;&nbsp;&nbsp;&nbsp;&nbsp;&nbsp;&nbsp;&nbsp;&nbsp;&nbsp;&nbsp;&nbsp;&nbsp;&nbsp; 18.00 &#8211;&nbsp;&nbsp;&nbsp;&nbsp;&nbsp;&nbsp;&nbsp;&nbsp;&nbsp;&nbsp;&nbsp;&nbsp;&nbsp;&nbsp;&nbsp;&nbsp;&nbsp;&nbsp;&nbsp;&nbsp;&nbsp;&nbsp;&nbsp;&nbsp; yhteist\u00e4 seurustelua<br>&nbsp;&nbsp;&nbsp;&nbsp;&nbsp;&nbsp;&nbsp;&nbsp;&nbsp;&nbsp;&nbsp;&nbsp;&nbsp;&nbsp;&nbsp;&nbsp;&nbsp;&nbsp;&nbsp;&nbsp;&nbsp;&nbsp;&nbsp;&nbsp;&nbsp;&nbsp;&nbsp;&nbsp;&nbsp;&nbsp;&nbsp;&nbsp;&nbsp;&nbsp;&nbsp;&nbsp;&nbsp;&nbsp;&nbsp;&nbsp;&nbsp;&nbsp;&nbsp;&nbsp;&nbsp;&nbsp;&nbsp;&nbsp;&nbsp;&nbsp;&nbsp;&nbsp;&nbsp;&nbsp;&nbsp;&nbsp;&nbsp;&nbsp;&nbsp;&nbsp;&nbsp;&nbsp;&nbsp;&nbsp;&nbsp;&nbsp;&nbsp; sauna<br>&nbsp;&nbsp;&nbsp;&nbsp;&nbsp;&nbsp;&nbsp;&nbsp;&nbsp;&nbsp;&nbsp;&nbsp;&nbsp;&nbsp;&nbsp;&nbsp;&nbsp;&nbsp;&nbsp;&nbsp;&nbsp;&nbsp;&nbsp;&nbsp;&nbsp;&nbsp;&nbsp;&nbsp;&nbsp;&nbsp;&nbsp;&nbsp;&nbsp;&nbsp;&nbsp;&nbsp;&nbsp;&nbsp;&nbsp;&nbsp;&nbsp;&nbsp;&nbsp;&nbsp;&nbsp;&nbsp;&nbsp;&nbsp;&nbsp;&nbsp;&nbsp;&nbsp;&nbsp;&nbsp;&nbsp;&nbsp;&nbsp;&nbsp;&nbsp;&nbsp;&nbsp;&nbsp;&nbsp;&nbsp;&nbsp;&nbsp;&nbsp; Terhon muikkuja + omia ev\u00e4it\u00e4<\/p>\n\n\n\n<p>Sunnuntai 3.8. klo 8.00&nbsp;&nbsp;&nbsp;&nbsp;&nbsp;&nbsp;&nbsp;&nbsp;&nbsp;&nbsp;&nbsp;&nbsp;&nbsp;&nbsp;&nbsp;&nbsp;&nbsp;&nbsp;&nbsp;&nbsp;&nbsp;&nbsp;&nbsp;&nbsp; aamupala Ravintola Rantakatti + yhteinen valokuva<br>&nbsp;&nbsp;&nbsp;&nbsp;&nbsp;&nbsp;&nbsp;&nbsp;&nbsp;&nbsp;&nbsp;&nbsp;&nbsp;&nbsp;&nbsp;&nbsp;&nbsp;&nbsp;&nbsp;&nbsp;&nbsp;&nbsp;&nbsp;&nbsp;&nbsp;&nbsp;&nbsp;&nbsp;&nbsp;&nbsp;&nbsp;&nbsp;&nbsp; 10.00 &#8211;&nbsp;&nbsp;&nbsp;&nbsp;&nbsp;&nbsp;&nbsp;&nbsp;&nbsp;&nbsp;&nbsp;&nbsp;&nbsp;&nbsp;&nbsp;&nbsp;&nbsp;&nbsp;&nbsp;&nbsp; leikkimielist\u00e4 yhdess\u00e4oloa&nbsp; Ravintola Rantakatin kokoustilat,<br>&nbsp;&nbsp;&nbsp;&nbsp;&nbsp;&nbsp;&nbsp;&nbsp;&nbsp;&nbsp;&nbsp;&nbsp;&nbsp;&nbsp;&nbsp;&nbsp;&nbsp;&nbsp;&nbsp;&nbsp;&nbsp;&nbsp;&nbsp;&nbsp;&nbsp;&nbsp;&nbsp;&nbsp;&nbsp;&nbsp;&nbsp;&nbsp;&nbsp;&nbsp;&nbsp;&nbsp;&nbsp;&nbsp;&nbsp;&nbsp;&nbsp;&nbsp;&nbsp;&nbsp;&nbsp;&nbsp;&nbsp;&nbsp;&nbsp;&nbsp;&nbsp;&nbsp;&nbsp;&nbsp;&nbsp;&nbsp;&nbsp;&nbsp;&nbsp;&nbsp;&nbsp;&nbsp; &nbsp; &nbsp; arpajaiset<br>&nbsp;&nbsp;&nbsp;&nbsp;&nbsp;&nbsp;&nbsp;&nbsp;&nbsp;&nbsp;&nbsp;&nbsp;&nbsp;&nbsp;&nbsp;&nbsp;&nbsp;&nbsp;&nbsp;&nbsp;&nbsp;&nbsp;&nbsp;&nbsp;&nbsp;&nbsp;&nbsp;&nbsp;&nbsp;&nbsp;&nbsp;&nbsp;&nbsp; 12.00 \u2013 13.00&nbsp;&nbsp;&nbsp;&nbsp;&nbsp;&nbsp;&nbsp; juhlalounas (\u00e1 25 e), johon sis\u00e4ltyy:<br>&nbsp;&nbsp;&nbsp;&nbsp;&nbsp;&nbsp;&nbsp;&nbsp;&nbsp;&nbsp;&nbsp;&nbsp;&nbsp;&nbsp;&nbsp;&nbsp;&nbsp;&nbsp;&nbsp;&nbsp;&nbsp;&nbsp;&nbsp;&nbsp;&nbsp;&nbsp;&nbsp;&nbsp;&nbsp;&nbsp;&nbsp;&nbsp;&nbsp;&nbsp;&nbsp;&nbsp;&nbsp;&nbsp;&nbsp;&nbsp;&nbsp;&nbsp;&nbsp;&nbsp;&nbsp;&nbsp;&nbsp;&nbsp;&nbsp;&nbsp;&nbsp;&nbsp;&nbsp;&nbsp;&nbsp;&nbsp;&nbsp;&nbsp;&nbsp;&nbsp;&nbsp;&nbsp;&nbsp;&nbsp;&nbsp;&nbsp; sillivati, l\u00e4mmin savulohta, sienisalaatti, vihre\u00e4salaatti, kermaperunat&nbsp;&nbsp;&nbsp;&nbsp;&nbsp;&nbsp;&nbsp;&nbsp;&nbsp;&nbsp;&nbsp;&nbsp;&nbsp;&nbsp;&nbsp;&nbsp;&nbsp;&nbsp;&nbsp;&nbsp;&nbsp;&nbsp;<br>&nbsp;&nbsp;&nbsp;&nbsp;&nbsp;&nbsp;&nbsp;&nbsp;&nbsp;&nbsp;&nbsp;&nbsp;&nbsp;&nbsp;&nbsp;&nbsp;&nbsp;&nbsp;&nbsp;&nbsp;&nbsp;&nbsp;&nbsp;&nbsp;&nbsp;&nbsp;&nbsp;&nbsp;&nbsp;&nbsp;&nbsp;&nbsp;&nbsp;&nbsp;&nbsp;&nbsp;&nbsp;&nbsp;&nbsp;&nbsp;&nbsp;&nbsp;&nbsp;&nbsp;&nbsp;&nbsp;&nbsp;&nbsp;&nbsp;&nbsp;&nbsp;&nbsp;&nbsp;&nbsp;&nbsp;&nbsp;&nbsp;&nbsp;&nbsp;&nbsp;&nbsp;&nbsp;&nbsp;&nbsp;&nbsp;&nbsp; uunimuikkulajitelma, naudan yrttipaisti, rosepippurikastike,<br>&nbsp;&nbsp;&nbsp;&nbsp;&nbsp;&nbsp;&nbsp;&nbsp;&nbsp;&nbsp;&nbsp;&nbsp;&nbsp;&nbsp;&nbsp;&nbsp;&nbsp;&nbsp;&nbsp;&nbsp;&nbsp;&nbsp;&nbsp;&nbsp;&nbsp;&nbsp;&nbsp;&nbsp;&nbsp;&nbsp;&nbsp;&nbsp;&nbsp;&nbsp;&nbsp;&nbsp;&nbsp;&nbsp;&nbsp;&nbsp;&nbsp;&nbsp;&nbsp;&nbsp;&nbsp;&nbsp;&nbsp;&nbsp;&nbsp;&nbsp;&nbsp;&nbsp;&nbsp;&nbsp;&nbsp;&nbsp;&nbsp;&nbsp;&nbsp;&nbsp;&nbsp;&nbsp;&nbsp;&nbsp;&nbsp;&nbsp; parsakaalipaistos, kotijuomat, Mannilan ruisleip\u00e4\u00e4 ja sekaleip\u00e4\u00e4,<br>&nbsp;&nbsp;&nbsp;&nbsp;&nbsp;&nbsp;&nbsp;&nbsp;&nbsp;&nbsp;&nbsp;&nbsp;&nbsp;&nbsp;&nbsp;&nbsp;&nbsp;&nbsp;&nbsp;&nbsp;&nbsp;&nbsp;&nbsp;&nbsp;&nbsp;&nbsp;&nbsp;&nbsp;&nbsp;&nbsp;&nbsp;&nbsp;&nbsp;&nbsp;&nbsp;&nbsp;&nbsp;&nbsp;&nbsp;&nbsp;&nbsp;&nbsp;&nbsp;&nbsp;&nbsp;&nbsp;&nbsp;&nbsp;&nbsp;&nbsp;&nbsp;&nbsp;&nbsp;&nbsp;&nbsp;&nbsp;&nbsp;&nbsp;&nbsp;&nbsp;&nbsp;&nbsp;&nbsp;&nbsp;&nbsp;&nbsp; kahvi\/tee, mehu, t\u00e4ytekakku<br>&nbsp;&nbsp;&nbsp;&nbsp;&nbsp;&nbsp;&nbsp;&nbsp;&nbsp;&nbsp;&nbsp;&nbsp;&nbsp;&nbsp;&nbsp;&nbsp;&nbsp;&nbsp;&nbsp;&nbsp;&nbsp;&nbsp;&nbsp;&nbsp;&nbsp;&nbsp;&nbsp;&nbsp;&nbsp;&nbsp;&nbsp;&nbsp;&nbsp;&nbsp;&nbsp;&nbsp;&nbsp;&nbsp;&nbsp;&nbsp;&nbsp;&nbsp;&nbsp;&nbsp;&nbsp;&nbsp;&nbsp;&nbsp;&nbsp;&nbsp;&nbsp;&nbsp;&nbsp;&nbsp;&nbsp;&nbsp;&nbsp;&nbsp;&nbsp;&nbsp;&nbsp;&nbsp;&nbsp;&nbsp;&nbsp;&nbsp; Terhon l\u00e4mpim\u00e4sti suosittelema&nbsp; tutustuminen mets\u00e4museo Lustoon&nbsp;&nbsp;&nbsp;&nbsp;&nbsp;&nbsp;&nbsp;&nbsp;&nbsp;&nbsp;&nbsp;&nbsp;&nbsp;<br>&nbsp;&nbsp;&nbsp;&nbsp;&nbsp;&nbsp;&nbsp;&nbsp;&nbsp;&nbsp;&nbsp;&nbsp;&nbsp;&nbsp;&nbsp;&nbsp;&nbsp;&nbsp;&nbsp;&nbsp;&nbsp;&nbsp;&nbsp;&nbsp;&nbsp;&nbsp;&nbsp;&nbsp;&nbsp;&nbsp;&nbsp;&nbsp; 13-&nbsp;&nbsp;&nbsp;&nbsp;&nbsp;&nbsp;&nbsp;&nbsp;&nbsp;&nbsp;&nbsp;&nbsp;&nbsp;&nbsp;&nbsp;&nbsp;&nbsp;&nbsp;&nbsp;&nbsp;&nbsp;&nbsp;&nbsp;&nbsp;&nbsp;&nbsp;&nbsp; \u00e1 10 e&nbsp;<a href=\"http:\/\/www.lusto.fi\/\">www.lusto.fi\/<\/a>&nbsp;tai tutustuminen Johanna Oraksen taiden\u00e4yttelyyn.<\/p>\n\n\n\n<p>&nbsp;&nbsp;&nbsp;&nbsp;&nbsp;&nbsp;&nbsp;&nbsp;&nbsp;&nbsp;&nbsp;&nbsp;&nbsp;&nbsp;&nbsp;&nbsp;&nbsp;&nbsp;&nbsp;&nbsp;&nbsp;&nbsp;&nbsp;&nbsp;&nbsp;&nbsp;&nbsp;&nbsp;&nbsp;&nbsp;&nbsp;&nbsp;&nbsp;&nbsp;&nbsp;&nbsp;&nbsp;&nbsp;&nbsp;&nbsp;&nbsp;&nbsp;&nbsp;&nbsp;&nbsp;&nbsp;&nbsp;&nbsp;&nbsp;&nbsp;&nbsp;&nbsp;&nbsp;&nbsp;&nbsp;&nbsp;&nbsp;&nbsp;&nbsp;&nbsp;&nbsp;&nbsp;&nbsp;&nbsp;&nbsp;&nbsp; Hyv\u00e4\u00e4 kotimatkaa!<\/p>\n\n\n\n<p>Myyt\u00e4v\u00e4n\u00e4 on sukuseuran standaareja, sukuseuran T-paitoja ja Mikon herkullisia muikkus\u00e4ilykkeit\u00e4.<\/p>\n\n\n\n<p>Tuothan taas arpajaisvoittoja!<\/p>\n\n\n\n<p>Muistathan my\u00f6s l\u00e4hett\u00e4\u00e4 artikkeleita ym. Matikaissanomiin:&nbsp;&nbsp;<a href=\"mailto:mattimatikainen@hotmail.com\">mattimatikainen@hotmail.com<\/a><\/p>\n\n\n\n<p>Hallituksen pj. Anneli Minks GSM 050-5722584,&nbsp;<a href=\"mailto:viskaali318@gmail.com\">viskaali318@gmail.com<\/a><\/p>\n\n\n\n<p>&nbsp;&nbsp;&nbsp;&nbsp;&nbsp;&nbsp;&nbsp;&nbsp;&nbsp;&nbsp;&nbsp;&nbsp;&nbsp;&nbsp;&nbsp;&nbsp;&nbsp;&nbsp;&nbsp; vpj. Mirja Vesalainen GSM 0400-372079,&nbsp;<a href=\"mailto:mirja.dosentti@gmail.com\">mirja.dosentti@gmail.com<\/a><\/p>\n\n\n\n<p>Hallituksen puolesta<\/p>\n\n\n\n<p>&nbsp;&nbsp;&nbsp;&nbsp;&nbsp;&nbsp;&nbsp;&nbsp;&nbsp;&nbsp;&nbsp;&nbsp;&nbsp;&nbsp;&nbsp;&nbsp;&nbsp;&nbsp;&nbsp;&nbsp;&nbsp;&nbsp;&nbsp;&nbsp;&nbsp;&nbsp;&nbsp; Anneli&nbsp;&nbsp;&nbsp;&nbsp;&nbsp;&nbsp;&nbsp;&nbsp;&nbsp;&nbsp;&nbsp;<\/p>\n\n\n\n<p>&nbsp;&nbsp;&nbsp;&nbsp;&nbsp;&nbsp;&nbsp;&nbsp;&nbsp;&nbsp;&nbsp;&nbsp;&nbsp;&nbsp;&nbsp;&nbsp;&nbsp;&nbsp;&nbsp;&nbsp;&nbsp;&nbsp;&nbsp;&nbsp;&nbsp;&nbsp;&nbsp;&nbsp;&nbsp;&nbsp;&nbsp;&nbsp;&nbsp;&nbsp;&nbsp;&nbsp;&nbsp;&nbsp;&nbsp;&nbsp;&nbsp;&nbsp;&nbsp;&nbsp;&nbsp;&nbsp;&nbsp;&nbsp;&nbsp;<\/p>\n\n\n\n<p>&nbsp;&nbsp;&nbsp;&nbsp;&nbsp;<strong>&nbsp;&nbsp;&nbsp;&nbsp;&nbsp;&nbsp;&nbsp;&nbsp;&nbsp; HYV\u00c4 UUKUNIEMEN MATIKAINEN!<\/strong><\/p>\n\n\n\n<p><strong>Kokoonnuimme taas hallituksen voimin Pirkon luokse Helsinkiin suunnittelemaan tulevan vuoden ohjelmaa. Vuoden 2014 grand happeningh\u00e4n on tapaaminen Punkaharjulla Savonlinnan l\u00e4hell\u00e4 1.\u2013 3.8.<\/strong><\/p>\n\n\n\n<p><strong>Savonlinnan oma poika Terho Matikainen on varannut majoitustilat Maatilamatkailu Mannilalta. Voit jo nyt varata majoituksen numerosta 015-644400. Hinnat vaihtelevat 30-40 euron v\u00e4lill\u00e4\/hl\u00f6. Paikkoja on my\u00f6s asuntovaunuille ja \u2013autoille. Tarkan kuvauksen paikasta saat googlaamalla&nbsp;<a href=\"http:\/\/www.maatilamatkailumannila.com\/\">www.maatilamatkailumannila.com<\/a>. Jokainen hoitaa varauksen itse, mutta etenkin Terholta saa lis\u00e4tietoja GSM 050-4957345 tai&nbsp;<a href=\"mailto:terppo.olavi@gmail.com\">terppo.olavi@gmail.com<\/a>.<\/strong><\/p>\n\n\n\n<p><strong>Viel\u00e4 voit lis\u00e4t\u00e4 toivomuksia ja omista ohjelmanumeroistasi esim. sukujuhlaan voit informoida hallitusta kaikki kelpaa\/\u00e4l\u00e4 ole turhan kriittinen -periaatteella.<\/strong><\/p>\n\n\n\n<p><strong>Mutta muista: ennen kaikkea olet itse syd\u00e4mellisesti tervetullut ja innosta muitakin tulemaan!<\/strong><\/p>\n\n\n\n<p><strong>Kaikki maksaa ja voidaksemme sponsoroida sukujuhlasta koituvia kuluja myymme laadukkaita sukuseuran logolla varustettuja t-paitoja edulliseen 12 euron kappalehintaan:<\/strong><\/p>\n\n\n\n<p><strong>&nbsp;&nbsp;&nbsp; v\u00e4rit: musta tai valkoinen, koot S-XXXXXL<\/strong><\/p>\n\n\n\n<p><strong>Soita pikimmiten ja kerro, kuinka monta, mink\u00e4 kokoisia ja mink\u00e4 v\u00e4risi\u00e4 paitoja tilaat, joko Mirjalle GSM 0400-372079 tai l\u00e4het\u00e4 s\u00e4hk\u00f6postia&nbsp;<a href=\"mailto:mirja.dosentti@gmail.com\">mirja.dosentti@gmail.com<\/a>&nbsp;tai Anneli GSM 050-5722584 tai s\u00e4hk\u00f6posti&nbsp;<a href=\"mailto:viskaali318@gmail.com\">viskaali318@gmail.com<\/a>.<\/strong><\/p>\n\n\n\n<p><strong>Paidat saat ensi vuonna, jolloin ne my\u00f6s maksetaan.<\/strong><\/p>\n\n\n\n<p><strong>Erityistilauksena saatavana on my\u00f6s pitk\u00e4hihaisia paitoja (\u00e0 17.50), lasten paitoja + lippiksi\u00e4 ym.<\/strong><\/p>\n\n\n\n<p><strong>My\u00f6s joululahjatilauksia voimme ottaa vastaan, jos toimit ripe\u00e4sti.<\/strong><\/p>\n\n\n\n<p><strong>Muista, ett\u00e4 tilaukset ovat sitovia.<\/strong><\/p>\n\n\n\n<p><strong>Terholla on viel\u00e4 standaareja mukavasti j\u00e4ljell\u00e4 (\u00e0 50 euroa). Standaarit ovat esim. hieno syntym\u00e4- ym. merkkip\u00e4iv\u00e4lahja. Standaaritilaukset Terholta GSM 050-4957345 tai&nbsp;<a href=\"mailto:terppo.olavi@gmail.com\">terppo.olavi@gmail.com<\/a>.<\/strong><\/p>\n\n\n\n<p><strong>Muista my\u00f6s upea sukukirjamme, joita voit tilata Pirkolta GSM 0400-774103 tai&nbsp;<a href=\"mailto:pirkko.matikainen@welho.com\">pirkko.matikainen@welho.com<\/a>. 720 -sivuisen kirjan hinta on 75 e. Kirja on hieno tapa saada nuorisokin kiinnostumaan omasta suvustaan ja sopii mm. valmistujais- tai joululahjaksi.<\/strong><\/p>\n\n\n\n<p><strong>Huom. muistutukseksi niille, jotka ovat tilanneet Pirkolta kirjan, muistakaa my\u00f6s lunastaa tilauksenne!<\/strong><\/p>\n\n\n\n<p><strong>Matti kaipaa artikkeleja Matikaissanomiin: haastatteluehdotuksia, murrepakinoita, kirjaesittelyj\u00e4, matkakuvauksia ja erityisesti Uukuniemi-kuulumisia &#8211; tai ihan mit\u00e4 vaan keksit, kyll\u00e4 Matti niist\u00e4 taikoo hienoja juttuja, muttei h\u00e4nk\u00e4\u00e4n voi tyhj\u00e4st\u00e4 nyhj\u00e4st\u00e4. Matin GSM on 040-7231551 ja s\u00e4hk\u00f6posti&nbsp;<a href=\"mailto:matti.matikainen@hotmail.com\">matti.matikainen@hotmail.com<\/a><\/strong><\/p>\n\n\n\n<p><strong>Ks. my\u00f6s&nbsp;<a href=\"http:\/\/www.matikaiset.fi\/\">www.matikaiset.fi<\/a>&nbsp;\u2013 sukuseuramme kotisivut ja siell\u00e4 &#8221;Linkit&#8221; palkissa olevat facebook-sivut.<\/strong><\/p>\n\n\n\n<p><strong>Lopuksi positiivinen palaute: hallitus on ilolla pannut merkille, ett\u00e4 sukuseuramme j\u00e4senet ovat tunnollisesti maksaneet seuran j\u00e4senmaksun. Jos sinulta on kuitenkin j\u00e4senmaksu (15 e.) viel\u00e4 maksamatta, voit maksaa sen seuran tilille FI60 5319 8320 0219 40, tarvittaessa BIC OKOYFIHH.<\/strong><\/p>\n\n\n\n<p><strong>Hyv\u00e4\u00e4 syksyn jatkoa ja hyv\u00e4\u00e4 joulua ! ( ellei sit\u00e4 ennen olla yhteyksiss\u00e4)<\/strong><\/p>\n\n\n\n<p>&nbsp; <strong>Terveisin<\/strong><\/p>\n\n\n\n<p><strong>&nbsp;&nbsp;&nbsp;&nbsp; Anneli pj.<\/strong><\/p>\n\n\n\n<p><\/p>\n\n\n\n<p>&nbsp;&nbsp;&nbsp;&nbsp;&nbsp;&nbsp;&nbsp;&nbsp;&nbsp;&nbsp;&nbsp;&nbsp;&nbsp;&nbsp;&nbsp;&nbsp;&nbsp;&nbsp;&nbsp;&nbsp;&nbsp;&nbsp;&nbsp;&nbsp; UUKUNIEMEN SUKUSEURAN<\/p>\n\n\n\n<p>&nbsp;&nbsp;&nbsp;&nbsp;&nbsp;&nbsp;&nbsp;&nbsp;&nbsp;&nbsp;&nbsp;&nbsp;&nbsp;&nbsp;&nbsp;&nbsp; AHVENANMAANMATKA 9 &#8211; 11.8.2013<\/p>\n\n\n\n<p>&nbsp;MATKAN HINTAAN PER HENKIL\u00d6 140 EUR&nbsp; SIS\u00c4LTYY<br>&nbsp;EDESTAKAINEN MATKA VIKING LINELL\u00c4&nbsp; 28 eur.<br>BUFFET LOUNAS MENOMATKALLA&nbsp; 22eur.<br>MAJOITUS 2 HENGEN HUONEESSA KUN HUONEESSA MY\u00d6S TOINEN MAJOITTUJA&nbsp; 65eur&nbsp; 2vrk.<br>AHVENANMAAN KIERTOAJELU : Kastelholman linna 6 Eur&nbsp;Fiske ja Jahti museo&nbsp; 4eur.&nbsp; joku keskiaikainen kirkko ja ryhm\u00e4lounas Ecker\u00f6ss\u00e4 10 eur.&nbsp; YHTEENS\u00c4 RETKI TEKISI 140 EUR<br>YKSI HENKIL\u00d6 YKSIN HUONEESSA TEKEE 205 EUR SAMA PAKETTI.<br>&nbsp;<br>MUTTA EDELLYTYS, ETT\u00c4 MATKAAN OSALLISTUU 40 TAI YLI IHMIST\u00c4. JA ETT\u00c4 SEURA TUKEE MATKAA&nbsp; NOIN 300 EUR JA LOPPU N 300 TULEE HOTELLI JA VIKING LINEN PALJOUS ALENNUKSISTA.<br>MUTTA T\u00c4N\u00c4\u00c4N TILANNE VAIN 12 ILMOITTAUTUNUT. MIHIN ON ALKUPER\u00c4INEN INNOSTUS KADONNUT.<br>VARMAAN OLISI KIVA RETKI TULOSSA, JOS VAIN TARPEEKSI TULIJOITA, MUUSSA TAPAUKSESSA MATKA PERUUNTUU. RETKI LIIAN KALLIS YKSIEN MAKSETTAVAKSI .<br>JA TIETYSTI T\u00c4M\u00c4 HINTA VAIN J\u00c4SENILLE,&nbsp; MUILLE&nbsp; 20 EUR KALLIIMPI.<br>&nbsp;<br>NYT ON VIIMEIST\u00c4\u00c4N AIKA ILMOITTAUTUA. L\u00c4HDEN ROVANIEMEN M\u00d6KILLE LOMALLE JA VIIVYN 5 VIIKKOA&nbsp;&nbsp;&nbsp; .<br>VIIMEINEN ILMOITTAUTUMISP\u00c4IV\u00c4 ON 5.7 2013&nbsp; &nbsp;<br>&nbsp;<br>Tervetuloa mukaan kaikki Uukuniemen Matikaiset.Vaikka et ole aiemmin ollut mukana, meihin on helppo tutustua.<br>Terveisin Mirja Vesalainen&nbsp;&nbsp; puh 0400-372079 ja&nbsp;<a href=\"mailto:mirja.dosentti@gmail.com\">mirja.dosentti<\/a>@gmail.com<\/p>\n\n\n\n<p><\/p>\n\n\n\n<p>SUKUKIRJAN JULKISTAMISTILAISUUS pidettiin Karjala-talossa 15.12.2012.<br>Matti Matikainen kirjoitti tapahtumasta jutun Uukuniemen infosivulle:<\/p>\n\n\n\n<p>Uukuniemen Matikaiset -kirja julkaistu18.12.2012 &nbsp;<br>IHMISET<br>Pirkko Matikaisen kokoama ja kirjoittama sukukirja julkaistiin 15.12.2012 Karjalatalolla Helsingiss\u00e4. Tilaisuudessa oli noin 50 henkil\u00f6\u00e4. Kirjoja on painettu 300 kappaletta.<\/p>\n\n\n\n<figure class=\"wp-block-embed\"><div class=\"wp-block-embed__wrapper\">\nhttp:\/\/www.uukuniemi.info\/artikkelit\/Uukuniemen_Matikaiset_kirja_julkais&#8230;\n<\/div><\/figure>\n\n\n\n<p>K\u00e4yk\u00e4\u00e4p\u00e4 lukemassa ja katsomassa kuvat!<br>* * * * * * * * * * * *<\/p>\n\n\n\n<p>Hyv\u00e4t sukulaiset. Vihdoin voin ilmoittaa sukukirjan valmistuvan &#8211; ainakin<br>kirjapaino on luvannut.<br>Julkistamistilaisuus on Helsingin Karjalatalon Sortavala-salissa la 15.12.<br>klo 13 alkaen. Tarkempia tietoja ja muuta informaatiota liitteen\u00e4.<br>Vastatkaa tulostanne<br>Kiitos<br>Pirkko.<br>* * * *<br>&nbsp;<\/p>\n\n\n\n<p>Hyv\u00e4t Uukuniemen Matikaiset<\/p>\n\n\n\n<p>Nyt on tilattavissa Jaakko Matikaisen suunnittelema Matikaisen suvun omaa standaari. Standaarin jalustaosa on Terho Matikaisen puuty\u00f6t\u00e4.<\/p>\n\n\n\n<p>Standaari maksaa 50 e plus postituskulut. Postituskulut ovat 4,90 e yhdest\u00e4 ja 6,60 e kahdesta standaarista. Yhden standaarin paketti yleens\u00e4 mahtuu postiluukusta, mutta kahden standaarin tilauksen voi hakea postista.<\/p>\n\n\n\n<p>Standaarin yhteydess\u00e4 annetaan Matikaisen Jaakon ja Matin suunnittelema numeroitu luovutuskirja standaarin saajan nimell\u00e4 varustettuna.&nbsp; Kauniista luovutuskirjasta voi halutessaan tehd\u00e4 taulun. Standaarit on numeroitu, eli mit\u00e4 aiemmin tilaa standaarin sit\u00e4 pienemm\u00e4n numeron saa. Luovutuskirja l\u00e4hetet\u00e4\u00e4n standaarin tilaajan osoitteeseen. Luovutuskirja sis\u00e4ltyy standaarin hintaan.<\/p>\n\n\n\n<p>Hyv\u00e4\u00e4 alkavaa syksy\u00e4 t. Sirpa Linna, sihteeri 1.1.2013 <br>&nbsp;<\/p>\n\n\n\n<p>Viel\u00e4 muutama huomio Jyv\u00e4skyl\u00e4\u00e4n saapuville! R\u00e4nssinst\u00e4 ilmoitettiin, ett\u00e4 sinne voi tulla, vaikka ei olisikaan ilmoittautunut etuk\u00e4teen. Ruokaa siis saa! Siisp\u00e4, jos viel\u00e4 olet kahden vaiheilla saapuisitko tapaamiseemme&#8230; TERVETULOA! Ruokailu alkaa kello 12 ja sit\u00e4 ennen ilmoittautuminen. Voit toki tulla my\u00f6hemminkin, jos et ehdi alkuun. P\u00e4iv\u00e4n ohjelma on l\u00e4hetetty aiemmissa viesteiss\u00e4. Pirkko heitti idean, joka kannattaa toteuttaa. Sukuseurallamme ei ole paljoakaan rahaa. J\u00e4rjestet\u00e4\u00e4n tapaamisessamme arpajaiset. Ajatus olisi, ett\u00e4 jokainen voisi tuoda arpavoittoja &#8211; ihan mit\u00e4 vaan. Sitten arpoisimme ne. Se olisi ihan mukava ohjelmanumerokin, eik\u00f6 vaan? Sukuseuramme on hankkinut oman standaarin. Siit\u00e4 on kuva liitteen\u00e4. Olemme laatineet sen jakamiseen&nbsp; s\u00e4\u00e4nn\u00f6st\u00f6n. Ajatus on se, ett\u00e4 sen voisi antaa lahjaksi esim. syntym\u00e4p\u00e4iville. Standaarin hinta on 50 euroa. Ota rahaa, jos ja kun olet kiinnostunut hienosta ja arvokkaasta lahjasta! Standaareja on jo saatavilla tapaamisessamme! Sitten viel\u00e4 yksi T\u00c4RKE\u00c4 tiedoite. Ota mukaasi irtorahaa. R\u00e4nssiss\u00e4 ei liene pankkiautomaattia. n\u00e4hd\u00e4\u00e4n R\u00e4nssiss\u00e4! terveisin MattissePS. kerrothan viestist\u00e4, niille sukulaisille, joilla ei ole s\u00e4hk\u00f6postiosoitetta!&nbsp;&nbsp;&nbsp;&nbsp;&nbsp;&nbsp;&nbsp; &nbsp;<\/p>\n\n\n\n<p>Matti -sihteeri<\/p>\n\n\n\n<p><\/p>\n\n\n\n<p>Sukuseuran kokouksen esityslistasta<\/p>\n\n\n\n<p>Sent: ti 10.7.2012 23:14<\/p>\n\n\n\n<p>&#8221;7 \u00a7 Sukuseuran kokousten koollekutsuminen<br>Sukuseuran kokoukset kutsuu koolle hallitus. Kokouskutsu on toimitettava joko postitse tai s\u00e4hk\u00f6postitse jokaiselta j\u00e4senelle. Postittamisen on tapahduttava viimeist\u00e4\u00e4n kolmekymment\u00e4 (30) p\u00e4iv\u00e4\u00e4 ennen kokousta.&#8221; eli aiemmin l\u00e4hetetyss\u00e4 ohjelmassa on maininta sukukoukouksesta. Kokouksen esityslista jaetaan kokouksessa. Kokoontumisesta on my\u00f6s ilmoitus Karjalalehdess\u00e4.<\/p>\n\n\n\n<p>Matti -sihteeri<\/p>\n\n\n\n<p><\/p>\n\n\n\n<p>mirja.vesalainen<br>To, 06\/28\/2012 &#8211; 10:57<br>Kaksi aitan yl\u00e4kerroksen huonetta R\u00e4nssiss\u00e4 viel\u00e4 vapaana. Alkakaahan soitella mulle varauksia muuten ei saa siell\u00e4 R\u00e4nssiss\u00e4 ruokaa koska se on tilaus ravintola ja tilaukset on sitovia.PERUUTUKSET&nbsp; ILMAN P\u00c4TEV\u00c4\u00c4 SYYT\u00c4 L\u00c4HELL\u00c4 KOKOUSTA&nbsp; JOUDUT MAKSAMAAN.t\u00c4LL\u00c4 HETKELL\u00c4 VARAUKSIA 44 HENK.<br>&nbsp;<\/p>\n\n\n\n<p>Hei sukulainen !<\/p>\n\n\n\n<p>Olethan yst\u00e4v\u00e4llinen ja tarkistat osaltasi postituslistan. Olen saanut siihen Pirkolta joitakin uusia osoitteita. Mutta meneek\u00f6 posti kaikille? Onko siell\u00e4 v\u00e4\u00e4ri\u00e4 asoitteita? Tuleeko jollekin postia useita kertoja? \ud83d\ude42 L\u00e4het\u00e4 minulle korjauspyynt\u00f6si ja laitan jakelulistaa sen osalta uusiksi.<\/p>\n\n\n\n<p>Laita my\u00f6s viesti\u00e4, jos et saa liitetiedostoa avattua.<\/p>\n\n\n\n<p>J\u00e4senkirje tullee my\u00f6s melko pian kotisivuillemme luettavaksi eli piipahda katsomassa sukuseuramme kotisivujakin&nbsp;<a href=\"http:\/\/www.matikaiset.fi\/\">www.matikaiset.fi<\/a><\/p>\n\n\n\n<p>leppoisia juhannuss\u00e4it\u00e4 teille kaikille !<\/p>\n\n\n\n<p>&nbsp;&nbsp;&nbsp; * J\u00e4senkirje 2\/2012: 4.8.2012 [t\u00e4st\u00e4]<br>&nbsp;&nbsp;&nbsp; * Postituslista poistettu t\u00e4st\u00e4 kohtaa (Seppo Kiuru)&#8230;<\/p>\n\n\n\n<p>Matti -sihteeri<\/p>\n\n\n\n<p><\/p>\n\n\n\n<p>mirja vesalainen<br>Ti, 06\/19\/2012 &#8211; 22:14 | S\u00e4hk\u00f6posti<\/p>\n\n\n\n<p>Sukutapaamisen tarjoiluista .<br>Lauantaiaamuna ilmoittautuminen klo 10-12 ja sen yhteydess\u00e4 kahvi ja suolainen piirakka ja makea pulla 8 Eur\/ henk.<br>Juhlaillallinen noin klo 16-18 v\u00e4lill\u00e4, aika tarkentuu viel\u00e4. Hinta 28 eur +3 eur kahvi ja kakku.<br>sis. Savulohi, paahtopaisti+ pun.marjahyytel\u00f6,<br>sillit,salaatit, etikkaiset lisukkeet, keitetyt ja valkosipuliperunat, suikalepaisti, kermakana, kasvisgratiini, porsaanfilee pippurikastikkeessa, vihanneksia, leiv\u00e4t + voi, kotikalja\/vesi\/maito.<br>ILLANVIETTO RANTASAUNALLA NOIN KLO 19 L\u00c4HTIEN.<br>ILTAPALAN JA SAUNAN TARJOAA UUKUNIEMEN MATIKAISET RY J\u00c4SENILLEEN. TERHO TUO ITSE SAVUSTAMIAAN PURUVEDEN MUIKKUJA, IHANIA MUUTEN, KEHUN KOKEMUKSESTA.<br>TOIVOMME RUNSASTA JOUKKOA VAPAASEEN SEURUSTELUUN JA TOISIIMME TUTUSTUMISEEN, KAIKKIHAN EMME VIEL\u00c4 TUNNE TOISIAMME.<\/p>\n\n\n\n<p>SUNNUNTAI;<br>aamupala R\u00e4nssiss\u00e4 majoittuville sis\u00e4tyy hintaan. Vaunuissa y\u00f6pyjille se maksaa 6 eur ja lapset (4-12 v.)saavat puoleen hintaan, samoin illalliseen osallistuvat lapset puoleen hintaan.<br>SUNNUNTAIN lounaasta keskustelen viel\u00e4 jos tarvetta ilmaantuu.<br>Kysyk\u00e4\u00e4 rohkeasti, jos on ep\u00e4selvyytt\u00e4<br>RUOKAILUT PIT\u00c4\u00c4 TILATA ITSE. PUH. 014-3110086<br>TERV Mirja Vesalainen<\/p>\n\n\n\n<p><br>SUKUKOKOUKSEEN TULEVILLE<br>Jos ett saa majoitusta en\u00e4\u00e4n R\u00e4nssin kievarista<br>huomioi ett\u00e4 Peurunka on siin\u00e4 aika likell\u00e4 ja siell\u00e4 my\u00f6s edullisia<br>huoneita mutta toimi nopeesti. Koska samanaikaisesti my\u00f6s Jyv\u00e4skyl\u00e4n Suurajot. Yhteinen illanvietto rantasaunalla ja sen UUKUNIEMEN MATIKAISET tarjoaa j\u00e4senille tarjoiluineen. Muistathan maksaa j\u00e4senmaksusi kuntoon ennen sukukokousta. Levitt\u00e4k\u00e4\u00e4 viesti\u00e4 t\u00e4st\u00e4 sukutapaamisesta kaikille mahdollisille sukulaisille. Kummallakin edellisell\u00e4 kerralla oli noin 100 henke\u00e4 mukana ja tapaamisista j\u00e4i sellainen olo ett\u00e4 t\u00e4t\u00e4 t\u00e4ytyy saada lis\u00e4\u00e4. Tulkaa kaikki avoimin mielin tutustumaan sukuunne. Tapaamisiin<br>Mirja Vesalainen puh 0400-372079 ja s\u00e4hk\u00f6posti&nbsp;&nbsp;<a href=\"mailto:mirja.dosentti@gmail.com\">mirja.dosentti@gmail.com<\/a><br>[1] Minulle ilmoittautuminen ja mahd. varaamanne ruokailut R\u00e4nssist\u00e4. Jokainen maksaa varaukset sinne itse ei seuran kautta.<br>Mirja Vesalainen<\/p>\n\n\n\n<p><br>Eilen (21.4.2012)&nbsp; Helsingiss\u00e4 kokouksessa kirjaa ja kes\u00e4n tapaamista suunnittelemassa.jos aiot saada honeen \/ y\u00f6sijan nyt on kiire niin paljon on varattu .Asuntovaunupaikkoja on runsaasti<\/p>\n\n\n\n<p><\/p>\n\n\n\n<p>Mirja Vesalainen:<\/p>\n\n\n\n<p>Sukukokoukseen tulijat olisi hyv\u00e4 alkaa varata majoitusta. Olisi sitten meille j\u00e4rjest\u00e4jille ja my\u00f6skin R\u00e4nssin kievarille helpompaa. 5 huonetta varattu. 2x4henk ja 3&#215;2 henk. isoin huone 10 hengen siis tiedoksi jos on joku isompi suku tulossa. ja asuntovaunupaikkoja n 20<\/p>\n\n\n\n<p>J\u00e4senkirje 1\/2012: 27.2.2012 [t\u00e4st\u00e4]<\/p>\n\n\n\n<p><\/p>\n\n\n\n<p>hei<\/p>\n\n\n\n<p>Liitteen\u00e4 eilen sukuseuramme hallituksessa laadittu kirje teille kaikille! Lis\u00e4\u00e4 kirjeit\u00e4 tulevasta sukukokouksesta ja ikiomasta kirjastamme tulossa kev\u00e4\u00e4ll\u00e4&#8230;<\/p>\n\n\n\n<p>Jos haluat lis\u00e4tietoa kirjasta, voit olla yhteydess\u00e4 Pirkkoon. Sukukokouksesta tiet\u00e4\u00e4 parhaiten Mirja.<\/p>\n\n\n\n<p>Jos yll\u00e4olevassa s\u00e4hk\u00f6postijakelussa on virheit\u00e4, ilmoittele siit\u00e4 Matille ja korjaan\/lis\u00e4\u00e4n\/poista osoitteita tarpeen mukaan.<\/p>\n\n\n\n<p>aurinkoista kev\u00e4taikaa teille kaikille!!!<\/p>\n\n\n\n<p>t. Matti<\/p>\n\n\n\n<p>&#8212;<\/p>\n\n\n\n<p>matikaiset.fi domain ostettu 5 vuodeksi (27.12.2012 klo 21:34).<\/p>\n\n\n\n<p>&nbsp;&nbsp;&nbsp;&nbsp;&nbsp;&nbsp;&nbsp;&nbsp; nimipalvelimet: ns.kiurut.fi ja ns2.kiurut.fi<\/p>\n\n\n\n<p>t. Seppo<\/p>\n","protected":false},"excerpt":{"rendered":"<p>Kes\u00e4ll\u00e4 2027 viet\u00e4mme 20 vuotta meit\u00e4 yhteen koonneen sukuseuramme merkkivuotta. Kymmenes sukutapaaminen on Varsinais-Suomessa, siell\u00e4 miss\u00e4 oli ensimm\u00e4inen Naantalin sukukokouksemmekin [&hellip;]<\/p>\n","protected":false},"author":1,"featured_media":0,"parent":0,"menu_order":1,"comment_status":"closed","ping_status":"closed","template":"","meta":{"footnotes":""},"class_list":["post-133","page","type-page","status-publish","hentry"],"yoast_head":"<!-- This site is optimized with the Yoast SEO plugin v27.5 - https:\/\/yoast.com\/product\/yoast-seo-wordpress\/ -->\n<title>Ajankohtaista - www.matikaiset.fi<\/title>\n<meta name=\"robots\" content=\"index, follow, max-snippet:-1, max-image-preview:large, max-video-preview:-1\" \/>\n<link rel=\"canonical\" href=\"https:\/\/www.matikaiset.fi\/matikaiset\/?page_id=133\" \/>\n<meta property=\"og:locale\" content=\"fi_FI\" \/>\n<meta property=\"og:type\" content=\"article\" \/>\n<meta property=\"og:title\" content=\"Ajankohtaista - www.matikaiset.fi\" \/>\n<meta property=\"og:description\" content=\"Kes\u00e4ll\u00e4 2027 viet\u00e4mme 20 vuotta meit\u00e4 yhteen koonneen sukuseuramme merkkivuotta. Kymmenes sukutapaaminen on Varsinais-Suomessa, siell\u00e4 miss\u00e4 oli ensimm\u00e4inen Naantalin sukukokouksemmekin [&hellip;]\" \/>\n<meta property=\"og:url\" content=\"https:\/\/www.matikaiset.fi\/matikaiset\/?page_id=133\" \/>\n<meta property=\"og:site_name\" content=\"www.matikaiset.fi\" \/>\n<meta property=\"article:modified_time\" content=\"2026-04-19T12:24:07+00:00\" \/>\n<meta property=\"og:image\" content=\"https:\/\/www.matikaiset.fi\/matikaiset\/wp-content\/uploads\/2025\/08\/20250726_154334-scaled.jpg\" \/>\n\t<meta property=\"og:image:width\" content=\"2560\" \/>\n\t<meta property=\"og:image:height\" content=\"1920\" \/>\n\t<meta property=\"og:image:type\" content=\"image\/jpeg\" \/>\n<meta name=\"twitter:card\" content=\"summary_large_image\" \/>\n<meta name=\"twitter:label1\" content=\"Arvioitu lukuaika\" \/>\n\t<meta name=\"twitter:data1\" content=\"44 minuuttia\" \/>\n<script type=\"application\/ld+json\" class=\"yoast-schema-graph\">{\"@context\":\"https:\\\/\\\/schema.org\",\"@graph\":[{\"@type\":\"WebPage\",\"@id\":\"https:\\\/\\\/www.matikaiset.fi\\\/matikaiset\\\/?page_id=133\",\"url\":\"https:\\\/\\\/www.matikaiset.fi\\\/matikaiset\\\/?page_id=133\",\"name\":\"Ajankohtaista - www.matikaiset.fi\",\"isPartOf\":{\"@id\":\"https:\\\/\\\/www.matikaiset.fi\\\/matikaiset\\\/#website\"},\"primaryImageOfPage\":{\"@id\":\"https:\\\/\\\/www.matikaiset.fi\\\/matikaiset\\\/?page_id=133#primaryimage\"},\"image\":{\"@id\":\"https:\\\/\\\/www.matikaiset.fi\\\/matikaiset\\\/?page_id=133#primaryimage\"},\"thumbnailUrl\":\"https:\\\/\\\/www.matikaiset.fi\\\/matikaiset\\\/wp-content\\\/uploads\\\/2025\\\/08\\\/20250726_154334-1024x768.jpg\",\"datePublished\":\"2020-03-02T19:01:22+00:00\",\"dateModified\":\"2026-04-19T12:24:07+00:00\",\"breadcrumb\":{\"@id\":\"https:\\\/\\\/www.matikaiset.fi\\\/matikaiset\\\/?page_id=133#breadcrumb\"},\"inLanguage\":\"fi\",\"potentialAction\":[{\"@type\":\"ReadAction\",\"target\":[\"https:\\\/\\\/www.matikaiset.fi\\\/matikaiset\\\/?page_id=133\"]}]},{\"@type\":\"ImageObject\",\"inLanguage\":\"fi\",\"@id\":\"https:\\\/\\\/www.matikaiset.fi\\\/matikaiset\\\/?page_id=133#primaryimage\",\"url\":\"https:\\\/\\\/www.matikaiset.fi\\\/matikaiset\\\/wp-content\\\/uploads\\\/2025\\\/08\\\/20250726_154334-scaled.jpg\",\"contentUrl\":\"https:\\\/\\\/www.matikaiset.fi\\\/matikaiset\\\/wp-content\\\/uploads\\\/2025\\\/08\\\/20250726_154334-scaled.jpg\",\"width\":2560,\"height\":1920},{\"@type\":\"BreadcrumbList\",\"@id\":\"https:\\\/\\\/www.matikaiset.fi\\\/matikaiset\\\/?page_id=133#breadcrumb\",\"itemListElement\":[{\"@type\":\"ListItem\",\"position\":1,\"name\":\"Home\",\"item\":\"https:\\\/\\\/www.matikaiset.fi\\\/matikaiset\\\/\"},{\"@type\":\"ListItem\",\"position\":2,\"name\":\"Ajankohtaista\"}]},{\"@type\":\"WebSite\",\"@id\":\"https:\\\/\\\/www.matikaiset.fi\\\/matikaiset\\\/#website\",\"url\":\"https:\\\/\\\/www.matikaiset.fi\\\/matikaiset\\\/\",\"name\":\"www.matikaiset.fi\",\"description\":\"\",\"publisher\":{\"@id\":\"https:\\\/\\\/www.matikaiset.fi\\\/matikaiset\\\/#organization\"},\"potentialAction\":[{\"@type\":\"SearchAction\",\"target\":{\"@type\":\"EntryPoint\",\"urlTemplate\":\"https:\\\/\\\/www.matikaiset.fi\\\/matikaiset\\\/?s={search_term_string}\"},\"query-input\":{\"@type\":\"PropertyValueSpecification\",\"valueRequired\":true,\"valueName\":\"search_term_string\"}}],\"inLanguage\":\"fi\"},{\"@type\":\"Organization\",\"@id\":\"https:\\\/\\\/www.matikaiset.fi\\\/matikaiset\\\/#organization\",\"name\":\"www.matikaiset.fi\",\"url\":\"https:\\\/\\\/www.matikaiset.fi\\\/matikaiset\\\/\",\"logo\":{\"@type\":\"ImageObject\",\"inLanguage\":\"fi\",\"@id\":\"https:\\\/\\\/www.matikaiset.fi\\\/matikaiset\\\/#\\\/schema\\\/logo\\\/image\\\/\",\"url\":\"https:\\\/\\\/www.matikaiset.fi\\\/matikaiset\\\/wp-content\\\/uploads\\\/2023\\\/04\\\/image-5.png\",\"contentUrl\":\"https:\\\/\\\/www.matikaiset.fi\\\/matikaiset\\\/wp-content\\\/uploads\\\/2023\\\/04\\\/image-5.png\",\"width\":99,\"height\":133,\"caption\":\"www.matikaiset.fi\"},\"image\":{\"@id\":\"https:\\\/\\\/www.matikaiset.fi\\\/matikaiset\\\/#\\\/schema\\\/logo\\\/image\\\/\"}}]}<\/script>\n<!-- \/ Yoast SEO plugin. -->","yoast_head_json":{"title":"Ajankohtaista - www.matikaiset.fi","robots":{"index":"index","follow":"follow","max-snippet":"max-snippet:-1","max-image-preview":"max-image-preview:large","max-video-preview":"max-video-preview:-1"},"canonical":"https:\/\/www.matikaiset.fi\/matikaiset\/?page_id=133","og_locale":"fi_FI","og_type":"article","og_title":"Ajankohtaista - www.matikaiset.fi","og_description":"Kes\u00e4ll\u00e4 2027 viet\u00e4mme 20 vuotta meit\u00e4 yhteen koonneen sukuseuramme merkkivuotta. Kymmenes sukutapaaminen on Varsinais-Suomessa, siell\u00e4 miss\u00e4 oli ensimm\u00e4inen Naantalin sukukokouksemmekin [&hellip;]","og_url":"https:\/\/www.matikaiset.fi\/matikaiset\/?page_id=133","og_site_name":"www.matikaiset.fi","article_modified_time":"2026-04-19T12:24:07+00:00","og_image":[{"width":2560,"height":1920,"url":"https:\/\/www.matikaiset.fi\/matikaiset\/wp-content\/uploads\/2025\/08\/20250726_154334-scaled.jpg","type":"image\/jpeg"}],"twitter_card":"summary_large_image","twitter_misc":{"Arvioitu lukuaika":"44 minuuttia"},"schema":{"@context":"https:\/\/schema.org","@graph":[{"@type":"WebPage","@id":"https:\/\/www.matikaiset.fi\/matikaiset\/?page_id=133","url":"https:\/\/www.matikaiset.fi\/matikaiset\/?page_id=133","name":"Ajankohtaista - www.matikaiset.fi","isPartOf":{"@id":"https:\/\/www.matikaiset.fi\/matikaiset\/#website"},"primaryImageOfPage":{"@id":"https:\/\/www.matikaiset.fi\/matikaiset\/?page_id=133#primaryimage"},"image":{"@id":"https:\/\/www.matikaiset.fi\/matikaiset\/?page_id=133#primaryimage"},"thumbnailUrl":"https:\/\/www.matikaiset.fi\/matikaiset\/wp-content\/uploads\/2025\/08\/20250726_154334-1024x768.jpg","datePublished":"2020-03-02T19:01:22+00:00","dateModified":"2026-04-19T12:24:07+00:00","breadcrumb":{"@id":"https:\/\/www.matikaiset.fi\/matikaiset\/?page_id=133#breadcrumb"},"inLanguage":"fi","potentialAction":[{"@type":"ReadAction","target":["https:\/\/www.matikaiset.fi\/matikaiset\/?page_id=133"]}]},{"@type":"ImageObject","inLanguage":"fi","@id":"https:\/\/www.matikaiset.fi\/matikaiset\/?page_id=133#primaryimage","url":"https:\/\/www.matikaiset.fi\/matikaiset\/wp-content\/uploads\/2025\/08\/20250726_154334-scaled.jpg","contentUrl":"https:\/\/www.matikaiset.fi\/matikaiset\/wp-content\/uploads\/2025\/08\/20250726_154334-scaled.jpg","width":2560,"height":1920},{"@type":"BreadcrumbList","@id":"https:\/\/www.matikaiset.fi\/matikaiset\/?page_id=133#breadcrumb","itemListElement":[{"@type":"ListItem","position":1,"name":"Home","item":"https:\/\/www.matikaiset.fi\/matikaiset\/"},{"@type":"ListItem","position":2,"name":"Ajankohtaista"}]},{"@type":"WebSite","@id":"https:\/\/www.matikaiset.fi\/matikaiset\/#website","url":"https:\/\/www.matikaiset.fi\/matikaiset\/","name":"www.matikaiset.fi","description":"","publisher":{"@id":"https:\/\/www.matikaiset.fi\/matikaiset\/#organization"},"potentialAction":[{"@type":"SearchAction","target":{"@type":"EntryPoint","urlTemplate":"https:\/\/www.matikaiset.fi\/matikaiset\/?s={search_term_string}"},"query-input":{"@type":"PropertyValueSpecification","valueRequired":true,"valueName":"search_term_string"}}],"inLanguage":"fi"},{"@type":"Organization","@id":"https:\/\/www.matikaiset.fi\/matikaiset\/#organization","name":"www.matikaiset.fi","url":"https:\/\/www.matikaiset.fi\/matikaiset\/","logo":{"@type":"ImageObject","inLanguage":"fi","@id":"https:\/\/www.matikaiset.fi\/matikaiset\/#\/schema\/logo\/image\/","url":"https:\/\/www.matikaiset.fi\/matikaiset\/wp-content\/uploads\/2023\/04\/image-5.png","contentUrl":"https:\/\/www.matikaiset.fi\/matikaiset\/wp-content\/uploads\/2023\/04\/image-5.png","width":99,"height":133,"caption":"www.matikaiset.fi"},"image":{"@id":"https:\/\/www.matikaiset.fi\/matikaiset\/#\/schema\/logo\/image\/"}}]}},"_links":{"self":[{"href":"https:\/\/www.matikaiset.fi\/matikaiset\/index.php?rest_route=\/wp\/v2\/pages\/133","targetHints":{"allow":["GET"]}}],"collection":[{"href":"https:\/\/www.matikaiset.fi\/matikaiset\/index.php?rest_route=\/wp\/v2\/pages"}],"about":[{"href":"https:\/\/www.matikaiset.fi\/matikaiset\/index.php?rest_route=\/wp\/v2\/types\/page"}],"author":[{"embeddable":true,"href":"https:\/\/www.matikaiset.fi\/matikaiset\/index.php?rest_route=\/wp\/v2\/users\/1"}],"replies":[{"embeddable":true,"href":"https:\/\/www.matikaiset.fi\/matikaiset\/index.php?rest_route=%2Fwp%2Fv2%2Fcomments&post=133"}],"version-history":[{"count":157,"href":"https:\/\/www.matikaiset.fi\/matikaiset\/index.php?rest_route=\/wp\/v2\/pages\/133\/revisions"}],"predecessor-version":[{"id":1139,"href":"https:\/\/www.matikaiset.fi\/matikaiset\/index.php?rest_route=\/wp\/v2\/pages\/133\/revisions\/1139"}],"wp:attachment":[{"href":"https:\/\/www.matikaiset.fi\/matikaiset\/index.php?rest_route=%2Fwp%2Fv2%2Fmedia&parent=133"}],"curies":[{"name":"wp","href":"https:\/\/api.w.org\/{rel}","templated":true}]}}